{"id":103,"date":"2021-11-05T14:04:51","date_gmt":"2021-11-05T13:04:51","guid":{"rendered":"http:\/\/ferenprovence.com\/?page_id=103"},"modified":"2025-09-02T23:00:00","modified_gmt":"2025-09-02T21:00:00","slug":"portail-et-portillon-en-fer","status":"publish","type":"page","link":"https:\/\/ferenprovence.com\/index.php\/portail-et-portillon-en-fer\/","title":{"rendered":"Portails &#038; Portillons"},"content":{"rendered":"\n<div class=\"wp-block-columns alignfull\">\n<div class=\"wp-block-column\">\n<figure class=\"wp-block-image alignwide size-large\"><img loading=\"lazy\" width=\"873\" height=\"872\" src=\"https:\/\/ferenprovence.com\/wp-content\/uploads\/2024\/06\/fer_en_provence_portail_2-1-edited.png\" alt=\"\" class=\"wp-image-1834\" srcset=\"https:\/\/ferenprovence.com\/wp-content\/uploads\/2024\/06\/fer_en_provence_portail_2-1-edited.png 873w, https:\/\/ferenprovence.com\/wp-content\/uploads\/2024\/06\/fer_en_provence_portail_2-1-edited-300x300.png 300w, https:\/\/ferenprovence.com\/wp-content\/uploads\/2024\/06\/fer_en_provence_portail_2-1-edited-150x150.png 150w, https:\/\/ferenprovence.com\/wp-content\/uploads\/2024\/06\/fer_en_provence_portail_2-1-edited-768x767.png 768w\" sizes=\"(max-width: 873px) 100vw, 873px\" \/><\/figure>\n<\/div>\n\n\n\n<div class=\"wp-block-column\">\n<figure class=\"wp-block-image alignwide size-large\"><img loading=\"lazy\" width=\"1047\" height=\"1048\" src=\"https:\/\/ferenprovence.com\/wp-content\/uploads\/2024\/06\/125232013_3498168816904107_6855987481223131857_n-5-edited-1.jpeg\" alt=\"\" class=\"wp-image-1835\" srcset=\"https:\/\/ferenprovence.com\/wp-content\/uploads\/2024\/06\/125232013_3498168816904107_6855987481223131857_n-5-edited-1.jpeg 1047w, https:\/\/ferenprovence.com\/wp-content\/uploads\/2024\/06\/125232013_3498168816904107_6855987481223131857_n-5-edited-1-300x300.jpeg 300w, https:\/\/ferenprovence.com\/wp-content\/uploads\/2024\/06\/125232013_3498168816904107_6855987481223131857_n-5-edited-1-1024x1024.jpeg 1024w, https:\/\/ferenprovence.com\/wp-content\/uploads\/2024\/06\/125232013_3498168816904107_6855987481223131857_n-5-edited-1-150x150.jpeg 150w, https:\/\/ferenprovence.com\/wp-content\/uploads\/2024\/06\/125232013_3498168816904107_6855987481223131857_n-5-edited-1-768x769.jpeg 768w\" sizes=\"(max-width: 1047px) 100vw, 1047px\" \/><\/figure>\n<\/div>\n<\/div>\n\n\n\n<figure class=\"wp-block-pullquote alignwide\"><blockquote><p>coulissant ou \u00e0 battants, t\u00f4l\u00e9 ou ajour\u00e9, mais jamais sans compromettre la qualit\u00e9 du fer forg\u00e9<\/p><\/blockquote><\/figure>\n\n\n\n<div class=\"wp-block-columns alignfull\">\n<div class=\"wp-block-column\">\n<figure class=\"wp-block-image size-large\"><img loading=\"lazy\" width=\"824\" height=\"1024\" src=\"https:\/\/ferenprovence.com\/wp-content\/uploads\/2023\/08\/fer_en_provence_portail_patine_forge\u0301-824x1024.png\" alt=\"\" class=\"wp-image-1596\" srcset=\"https:\/\/ferenprovence.com\/wp-content\/uploads\/2023\/08\/fer_en_provence_portail_patine_forge\u0301-824x1024.png 824w, https:\/\/ferenprovence.com\/wp-content\/uploads\/2023\/08\/fer_en_provence_portail_patine_forge\u0301-241x300.png 241w, https:\/\/ferenprovence.com\/wp-content\/uploads\/2023\/08\/fer_en_provence_portail_patine_forge\u0301-768x954.png 768w, https:\/\/ferenprovence.com\/wp-content\/uploads\/2023\/08\/fer_en_provence_portail_patine_forge\u0301.png 948w\" sizes=\"(max-width: 824px) 100vw, 824px\" \/><\/figure>\n<\/div>\n\n\n\n<div class=\"wp-block-column\">\n<figure class=\"wp-block-image size-large\"><img loading=\"lazy\" width=\"824\" height=\"1024\" src=\"https:\/\/ferenprovence.com\/wp-content\/uploads\/2023\/02\/fer_en_provence_portail_3-1-824x1024.png\" alt=\"\" class=\"wp-image-975\" srcset=\"https:\/\/ferenprovence.com\/wp-content\/uploads\/2023\/02\/fer_en_provence_portail_3-1-824x1024.png 824w, https:\/\/ferenprovence.com\/wp-content\/uploads\/2023\/02\/fer_en_provence_portail_3-1-241x300.png 241w, https:\/\/ferenprovence.com\/wp-content\/uploads\/2023\/02\/fer_en_provence_portail_3-1-768x954.png 768w, https:\/\/ferenprovence.com\/wp-content\/uploads\/2023\/02\/fer_en_provence_portail_3-1.png 850w\" sizes=\"(max-width: 824px) 100vw, 824px\" \/><\/figure>\n<\/div>\n<\/div>\n\n\n\n<figure class=\"wp-block-pullquote alignwide\"><blockquote><p>\u00ab&nbsp;Nous avons fait appel \u00e0 Lucas et son savoir-faire et son sens du d\u00e9tail, pour le portail de notre maison familiale, tr\u00e8s beau travail sur mesure, rapide et tr\u00e8s professionnel, nous sommes plus que ravies ! Et nous referons appel \u00e0 lui sans h\u00e9siter !&nbsp;\u00bb<\/p><cite>CL<\/cite><\/blockquote><\/figure>\n\n\n\n<div class=\"wp-block-columns alignfull\">\n<div class=\"wp-block-column\"><\/div>\n\n\n\n<div class=\"wp-block-column\">\n<div class=\"wp-block-image\"><figure class=\"aligncenter size-large is-resized\"><img loading=\"lazy\" src=\"https:\/\/ferenprovence.com\/wp-content\/uploads\/2025\/09\/croquis-fer-en-provence-portail-1024x1024.png\" alt=\"\" class=\"wp-image-2129\" width=\"828\" height=\"828\" srcset=\"https:\/\/ferenprovence.com\/wp-content\/uploads\/2025\/09\/croquis-fer-en-provence-portail.png 1024w, https:\/\/ferenprovence.com\/wp-content\/uploads\/2025\/09\/croquis-fer-en-provence-portail-300x300.png 300w, https:\/\/ferenprovence.com\/wp-content\/uploads\/2025\/09\/croquis-fer-en-provence-portail-150x150.png 150w, https:\/\/ferenprovence.com\/wp-content\/uploads\/2025\/09\/croquis-fer-en-provence-portail-768x768.png 768w\" sizes=\"(max-width: 828px) 100vw, 828px\" \/><\/figure><\/div>\n<\/div>\n\n\n\n<div class=\"wp-block-column\"><\/div>\n<\/div>\n\n\n\n<div class=\"wp-block-columns alignwide\">\n<div class=\"wp-block-column\"><\/div>\n\n\n\n<div class=\"wp-block-column\"><\/div>\n\n\n\n<div class=\"wp-block-column\">\n<div class=\"wp-block-image\"><figure class=\"alignright size-large is-resized\"><a href=\"https:\/\/ferenprovence.com\/\"><img loading=\"lazy\" src=\"https:\/\/ferenprovence.com\/wp-content\/uploads\/2021\/11\/fer-en-provence-14-1024x1024.jpg\" alt=\"retour \u00e0 l'accueil\" class=\"wp-image-671\" width=\"164\" height=\"164\" srcset=\"https:\/\/ferenprovence.com\/wp-content\/uploads\/2021\/11\/fer-en-provence-14-1024x1024.jpg 1024w, https:\/\/ferenprovence.com\/wp-content\/uploads\/2021\/11\/fer-en-provence-14-300x300.jpg 300w, https:\/\/ferenprovence.com\/wp-content\/uploads\/2021\/11\/fer-en-provence-14-150x150.jpg 150w, https:\/\/ferenprovence.com\/wp-content\/uploads\/2021\/11\/fer-en-provence-14-768x768.jpg 768w, https:\/\/ferenprovence.com\/wp-content\/uploads\/2021\/11\/fer-en-provence-14.jpg 1080w\" sizes=\"(max-width: 164px) 100vw, 164px\" \/><\/a><\/figure><\/div>\n\n\n\n<p><\/p>\n<\/div>\n<\/div>\n\n\n\n<h2 class=\"alignfull\">Portail et Portillon en fer forg\u00e9 <\/h2>\n\n\n\n<h1 class=\"alignfull has-text-align-center has-large-font-size\"><p>Soignez la premi\u00e8re impression de chez vous avec nos portails et portillons en fer forg\u00e9<\/p><\/h1>\n\n\n\n<p>Vous souhaitez soigner la premi\u00e8re impression de chez vous ? Misez sur notre collections de portails et portillons en fer forg\u00e9 fabriqu\u00e9s \u00e0 la mains en France. Tr\u00e8s robuste et r\u00e9sistant, un portail et portillon en fer forg\u00e9 prot\u00e9gera vos ext\u00e9rieurs de visiteurs intrusifs, et emp\u00eachera vos animaux d&rsquo;aller se balader.<\/p>\n\n\n\n<p>Choisissez parmi les nombreux mod\u00e8les de portails et portillons en fer et demandez votre <a href=\"https:\/\/ferenprovence.com\/index.php\/contact\/\">devis gratuit ici.<\/a><\/p>\n\n\n\n<p>Vous aimeriez plut\u00f4t un portail coulissant ou a battant ? Un portail et portillon en <a href=\"https:\/\/www.instagram.com\/p\/CZEZffatNlp\/\">t\u00f4le au style moderne <\/a>? De style chapeau de gendarme ? A <a href=\"https:\/\/www.instagram.com\/p\/CfYPGS5N6du\/\">barreaux ajour\u00e9s<\/a> laissant entrevoir votre jardin ? <a href=\"https:\/\/www.instagram.com\/p\/Chtr2ZDNKzy\/\">Un mix tol\u00e9\/ajour\u00e9<\/a> ? Si vous n&rsquo;avez pas d&rsquo;id\u00e9e arr\u00eat\u00e9 concernant le style de votre portail en fer forg\u00e9, l&rsquo;\u00e9quipe de fer en Provence se fera un plaisir de vous consiller.<\/p>\n\n\n\n<p>Les portails et portillons en fer forg\u00e9 peuvent \u00eatre \u00e9quip\u00e9 d&rsquo;un moteur \u00e9lectrique, de mani\u00e8re \u00e0 vous apporter un confort non n\u00e9gligeable. Chez Fer en Provence, nous aimons travailler avec la marque de moteur \u00e9lectrique CAME. Nous recommandons les moteurs de portail \u00e9lectriques sans bras. En effet, un moteur encastr\u00e9 permet de rendre le moteur invisible, et de voir la beaut\u00e9 de votre portail aussi de l&rsquo;int\u00e9rieur de votre jardin.<\/p>\n\n\n\n<p>Chez Fer en Provence, nous recommandons la finition Patine ancienne pour vos portails et portillons. En effet, cette finition typique de Provence donne un aspect chic et intemporel \u00e0 vos ferronneries. Nous pouvons cependant tout aussi bien vous proposer une <a href=\"https:\/\/www.instagram.com\/p\/CljbCMgNnp0\/\">peinture r\u00e9sistante<\/a>.<\/p>\n","protected":false},"excerpt":{"rendered":"<p>coulissant ou \u00e0 battants, t\u00f4l\u00e9 ou ajour\u00e9, mais jamais sans compromettre la qualit\u00e9 du fer forg\u00e9 \u00ab&nbsp;Nous avons fait appel \u00e0 Lucas et son savoir-faire et son sens du d\u00e9tail, pour le portail de notre maison familiale, tr\u00e8s beau travail sur mesure, rapide et tr\u00e8s professionnel, nous sommes plus que ravies ! Et nous referons &hellip; <\/p>\n<p class=\"link-more\"><a href=\"https:\/\/ferenprovence.com\/index.php\/portail-et-portillon-en-fer\/\" class=\"more-link\">Continuer la lecture <span class=\"screen-reader-text\"> \u00ab\u00a0Portails &#038; Portillons\u00a0\u00bb<\/span><\/a><\/p>\n","protected":false},"author":1,"featured_media":0,"parent":0,"menu_order":0,"comment_status":"closed","ping_status":"closed","template":"","meta":[],"yoast_head":"<!-- This site is optimized with the Yoast SEO plugin v19.4 - https:\/\/yoast.com\/wordpress\/plugins\/seo\/ -->\n<title>Portails &amp; Portillons - Fer forg\u00e9 - Made in France<\/title>\n<meta name=\"description\" content=\"D\u00e9couvrez nos portails et portillons en fer forg\u00e9, coulissant ou \u00e0 battants, fabriqu\u00e9s \u00e0 la main par Fer en Provence, votre ferronnier d&#039;Art.\" \/>\n<meta name=\"robots\" content=\"index, follow, max-snippet:-1, max-image-preview:large, max-video-preview:-1\" \/>\n<link rel=\"canonical\" href=\"https:\/\/ferenprovence.com\/index.php\/portail-et-portillon-en-fer\/\" \/>\n<meta property=\"og:locale\" content=\"fr_FR\" \/>\n<meta property=\"og:type\" content=\"article\" \/>\n<meta property=\"og:title\" content=\"Portails &amp; Portillons - Fer forg\u00e9 - Made in France\" \/>\n<meta property=\"og:description\" content=\"D\u00e9couvrez nos portails et portillons en fer forg\u00e9, coulissant ou \u00e0 battants, fabriqu\u00e9s \u00e0 la main par Fer en Provence, votre ferronnier d&#039;Art.\" \/>\n<meta property=\"og:url\" content=\"https:\/\/ferenprovence.com\/index.php\/portail-et-portillon-en-fer\/\" \/>\n<meta property=\"og:site_name\" content=\"Fer en Provence\" \/>\n<meta property=\"article:publisher\" content=\"https:\/\/www.facebook.com\/ferenprovence\" \/>\n<meta property=\"article:modified_time\" content=\"2025-09-02T21:00:00+00:00\" \/>\n<meta property=\"og:image\" content=\"https:\/\/ferenprovence.com\/wp-content\/uploads\/2024\/06\/fer_en_provence_portail_2-1-edited.png\" \/>\n<meta name=\"twitter:card\" content=\"summary_large_image\" \/>\n<meta name=\"twitter:label1\" content=\"Dur\u00e9e de lecture estim\u00e9e\" \/>\n\t<meta name=\"twitter:data1\" content=\"2 minutes\" \/>\n<script type=\"application\/ld+json\" class=\"yoast-schema-graph\">{\"@context\":\"https:\/\/schema.org\",\"@graph\":[{\"@type\":\"Organization\",\"@id\":\"https:\/\/ferenprovence.com\/#organization\",\"name\":\"Fer en Provence\",\"url\":\"https:\/\/ferenprovence.com\/\",\"sameAs\":[\"https:\/\/www.instagram.com\/ferenprovence\",\"https:\/\/www.pinterest.fr\/ferenprovence\",\"https:\/\/www.facebook.com\/ferenprovence\"],\"logo\":{\"@type\":\"ImageObject\",\"inLanguage\":\"fr-FR\",\"@id\":\"https:\/\/ferenprovence.com\/#\/schema\/logo\/image\/\",\"url\":\"https:\/\/ferenprovence.com\/wp-content\/uploads\/2021\/11\/cropped-Sans-titre.jpg\",\"contentUrl\":\"https:\/\/ferenprovence.com\/wp-content\/uploads\/2021\/11\/cropped-Sans-titre.jpg\",\"width\":250,\"height\":250,\"caption\":\"Fer en Provence\"},\"image\":{\"@id\":\"https:\/\/ferenprovence.com\/#\/schema\/logo\/image\/\"}},{\"@type\":\"WebSite\",\"@id\":\"https:\/\/ferenprovence.com\/#website\",\"url\":\"https:\/\/ferenprovence.com\/\",\"name\":\"Fer en Provence\",\"description\":\"Ferronnerie d&#039;art au coeur du Luberon\",\"publisher\":{\"@id\":\"https:\/\/ferenprovence.com\/#organization\"},\"potentialAction\":[{\"@type\":\"SearchAction\",\"target\":{\"@type\":\"EntryPoint\",\"urlTemplate\":\"https:\/\/ferenprovence.com\/?s={search_term_string}\"},\"query-input\":\"required name=search_term_string\"}],\"inLanguage\":\"fr-FR\"},{\"@type\":\"WebPage\",\"@id\":\"https:\/\/ferenprovence.com\/index.php\/portail-et-portillon-en-fer\/\",\"url\":\"https:\/\/ferenprovence.com\/index.php\/portail-et-portillon-en-fer\/\",\"name\":\"Portails & Portillons - Fer forg\u00e9 - Made in France\",\"isPartOf\":{\"@id\":\"https:\/\/ferenprovence.com\/#website\"},\"datePublished\":\"2021-11-05T13:04:51+00:00\",\"dateModified\":\"2025-09-02T21:00:00+00:00\",\"description\":\"D\u00e9couvrez nos portails et portillons en fer forg\u00e9, coulissant ou \u00e0 battants, fabriqu\u00e9s \u00e0 la main par Fer en Provence, votre ferronnier d'Art.\",\"breadcrumb\":{\"@id\":\"https:\/\/ferenprovence.com\/index.php\/portail-et-portillon-en-fer\/#breadcrumb\"},\"inLanguage\":\"fr-FR\",\"potentialAction\":[{\"@type\":\"ReadAction\",\"target\":[\"https:\/\/ferenprovence.com\/index.php\/portail-et-portillon-en-fer\/\"]}]},{\"@type\":\"BreadcrumbList\",\"@id\":\"https:\/\/ferenprovence.com\/index.php\/portail-et-portillon-en-fer\/#breadcrumb\",\"itemListElement\":[{\"@type\":\"ListItem\",\"position\":1,\"name\":\"Accueil\",\"item\":\"https:\/\/ferenprovence.com\/\"},{\"@type\":\"ListItem\",\"position\":2,\"name\":\"Portails &#038; Portillons\"}]}]}<\/script>\n<!-- \/ Yoast SEO plugin. -->","yoast_head_json":{"title":"Portails & Portillons - Fer forg\u00e9 - Made in France","description":"D\u00e9couvrez nos portails et portillons en fer forg\u00e9, coulissant ou \u00e0 battants, fabriqu\u00e9s \u00e0 la main par Fer en Provence, votre ferronnier d'Art.","robots":{"index":"index","follow":"follow","max-snippet":"max-snippet:-1","max-image-preview":"max-image-preview:large","max-video-preview":"max-video-preview:-1"},"canonical":"https:\/\/ferenprovence.com\/index.php\/portail-et-portillon-en-fer\/","og_locale":"fr_FR","og_type":"article","og_title":"Portails & Portillons - Fer forg\u00e9 - Made in France","og_description":"D\u00e9couvrez nos portails et portillons en fer forg\u00e9, coulissant ou \u00e0 battants, fabriqu\u00e9s \u00e0 la main par Fer en Provence, votre ferronnier d'Art.","og_url":"https:\/\/ferenprovence.com\/index.php\/portail-et-portillon-en-fer\/","og_site_name":"Fer en Provence","article_publisher":"https:\/\/www.facebook.com\/ferenprovence","article_modified_time":"2025-09-02T21:00:00+00:00","og_image":[{"url":"https:\/\/ferenprovence.com\/wp-content\/uploads\/2024\/06\/fer_en_provence_portail_2-1-edited.png"}],"twitter_card":"summary_large_image","twitter_misc":{"Dur\u00e9e de lecture estim\u00e9e":"2 minutes"},"schema":{"@context":"https:\/\/schema.org","@graph":[{"@type":"Organization","@id":"https:\/\/ferenprovence.com\/#organization","name":"Fer en Provence","url":"https:\/\/ferenprovence.com\/","sameAs":["https:\/\/www.instagram.com\/ferenprovence","https:\/\/www.pinterest.fr\/ferenprovence","https:\/\/www.facebook.com\/ferenprovence"],"logo":{"@type":"ImageObject","inLanguage":"fr-FR","@id":"https:\/\/ferenprovence.com\/#\/schema\/logo\/image\/","url":"https:\/\/ferenprovence.com\/wp-content\/uploads\/2021\/11\/cropped-Sans-titre.jpg","contentUrl":"https:\/\/ferenprovence.com\/wp-content\/uploads\/2021\/11\/cropped-Sans-titre.jpg","width":250,"height":250,"caption":"Fer en Provence"},"image":{"@id":"https:\/\/ferenprovence.com\/#\/schema\/logo\/image\/"}},{"@type":"WebSite","@id":"https:\/\/ferenprovence.com\/#website","url":"https:\/\/ferenprovence.com\/","name":"Fer en Provence","description":"Ferronnerie d&#039;art au coeur du Luberon","publisher":{"@id":"https:\/\/ferenprovence.com\/#organization"},"potentialAction":[{"@type":"SearchAction","target":{"@type":"EntryPoint","urlTemplate":"https:\/\/ferenprovence.com\/?s={search_term_string}"},"query-input":"required name=search_term_string"}],"inLanguage":"fr-FR"},{"@type":"WebPage","@id":"https:\/\/ferenprovence.com\/index.php\/portail-et-portillon-en-fer\/","url":"https:\/\/ferenprovence.com\/index.php\/portail-et-portillon-en-fer\/","name":"Portails & Portillons - Fer forg\u00e9 - Made in France","isPartOf":{"@id":"https:\/\/ferenprovence.com\/#website"},"datePublished":"2021-11-05T13:04:51+00:00","dateModified":"2025-09-02T21:00:00+00:00","description":"D\u00e9couvrez nos portails et portillons en fer forg\u00e9, coulissant ou \u00e0 battants, fabriqu\u00e9s \u00e0 la main par Fer en Provence, votre ferronnier d'Art.","breadcrumb":{"@id":"https:\/\/ferenprovence.com\/index.php\/portail-et-portillon-en-fer\/#breadcrumb"},"inLanguage":"fr-FR","potentialAction":[{"@type":"ReadAction","target":["https:\/\/ferenprovence.com\/index.php\/portail-et-portillon-en-fer\/"]}]},{"@type":"BreadcrumbList","@id":"https:\/\/ferenprovence.com\/index.php\/portail-et-portillon-en-fer\/#breadcrumb","itemListElement":[{"@type":"ListItem","position":1,"name":"Accueil","item":"https:\/\/ferenprovence.com\/"},{"@type":"ListItem","position":2,"name":"Portails &#038; Portillons"}]}]}},"_links":{"self":[{"href":"https:\/\/ferenprovence.com\/index.php\/wp-json\/wp\/v2\/pages\/103"}],"collection":[{"href":"https:\/\/ferenprovence.com\/index.php\/wp-json\/wp\/v2\/pages"}],"about":[{"href":"https:\/\/ferenprovence.com\/index.php\/wp-json\/wp\/v2\/types\/page"}],"author":[{"embeddable":true,"href":"https:\/\/ferenprovence.com\/index.php\/wp-json\/wp\/v2\/users\/1"}],"replies":[{"embeddable":true,"href":"https:\/\/ferenprovence.com\/index.php\/wp-json\/wp\/v2\/comments?post=103"}],"version-history":[{"count":61,"href":"https:\/\/ferenprovence.com\/index.php\/wp-json\/wp\/v2\/pages\/103\/revisions"}],"predecessor-version":[{"id":2220,"href":"https:\/\/ferenprovence.com\/index.php\/wp-json\/wp\/v2\/pages\/103\/revisions\/2220"}],"wp:attachment":[{"href":"https:\/\/ferenprovence.com\/index.php\/wp-json\/wp\/v2\/media?parent=103"}],"curies":[{"name":"wp","href":"https:\/\/api.w.org\/{rel}","templated":true}]}}