{"id":106,"date":"2021-11-05T14:13:50","date_gmt":"2021-11-05T13:13:50","guid":{"rendered":"http:\/\/ferenprovence.com\/?page_id=106"},"modified":"2025-09-02T20:32:24","modified_gmt":"2025-09-02T18:32:24","slug":"tonnelles-pergolas-fer-forge","status":"publish","type":"page","link":"https:\/\/ferenprovence.com\/index.php\/tonnelles-pergolas-fer-forge\/","title":{"rendered":"Tonnelles &#038; Pergolas"},"content":{"rendered":"\n<figure class=\"wp-block-gallery alignfull columns-2 is-cropped\"><ul class=\"blocks-gallery-grid\"><li class=\"blocks-gallery-item\"><figure><img loading=\"lazy\" width=\"818\" height=\"1024\" src=\"https:\/\/ferenprovence.com\/wp-content\/uploads\/2023\/02\/Fer_en_provence_Tonnelle_mobilier_fer_forge\u0301-818x1024.png\" alt=\"\" data-id=\"991\" data-full-url=\"https:\/\/ferenprovence.com\/wp-content\/uploads\/2023\/02\/Fer_en_provence_Tonnelle_mobilier_fer_forge\u0301.png\" data-link=\"https:\/\/ferenprovence.com\/index.php\/tonnelles-pergolas-fer-forge\/fer_en_provence_tonnelle_mobilier_fer_forge\/\" class=\"wp-image-991\" srcset=\"https:\/\/ferenprovence.com\/wp-content\/uploads\/2023\/02\/Fer_en_provence_Tonnelle_mobilier_fer_forge\u0301-818x1024.png 818w, https:\/\/ferenprovence.com\/wp-content\/uploads\/2023\/02\/Fer_en_provence_Tonnelle_mobilier_fer_forge\u0301-240x300.png 240w, https:\/\/ferenprovence.com\/wp-content\/uploads\/2023\/02\/Fer_en_provence_Tonnelle_mobilier_fer_forge\u0301-768x962.png 768w, https:\/\/ferenprovence.com\/wp-content\/uploads\/2023\/02\/Fer_en_provence_Tonnelle_mobilier_fer_forge\u0301.png 880w\" sizes=\"(max-width: 818px) 100vw, 818px\" \/><\/figure><\/li><li class=\"blocks-gallery-item\"><figure><img loading=\"lazy\" width=\"1024\" height=\"1024\" src=\"https:\/\/ferenprovence.com\/wp-content\/uploads\/2024\/05\/fer_en_provence_tonnelle_provencale_frise_volute-edited-1-1024x1024.jpg\" alt=\"\" data-id=\"1693\" data-full-url=\"https:\/\/ferenprovence.com\/wp-content\/uploads\/2024\/05\/fer_en_provence_tonnelle_provencale_frise_volute-edited-1.jpg\" data-link=\"https:\/\/ferenprovence.com\/fer_en_provence_tonnelle_provencale_frise_volute-3\/\" class=\"wp-image-1693\" srcset=\"https:\/\/ferenprovence.com\/wp-content\/uploads\/2024\/05\/fer_en_provence_tonnelle_provencale_frise_volute-edited-1-1024x1024.jpg 1024w, https:\/\/ferenprovence.com\/wp-content\/uploads\/2024\/05\/fer_en_provence_tonnelle_provencale_frise_volute-edited-1-300x300.jpg 300w, https:\/\/ferenprovence.com\/wp-content\/uploads\/2024\/05\/fer_en_provence_tonnelle_provencale_frise_volute-edited-1-150x150.jpg 150w, https:\/\/ferenprovence.com\/wp-content\/uploads\/2024\/05\/fer_en_provence_tonnelle_provencale_frise_volute-edited-1-768x768.jpg 768w, https:\/\/ferenprovence.com\/wp-content\/uploads\/2024\/05\/fer_en_provence_tonnelle_provencale_frise_volute-edited-1-1536x1536.jpg 1536w, https:\/\/ferenprovence.com\/wp-content\/uploads\/2024\/05\/fer_en_provence_tonnelle_provencale_frise_volute-edited-1-2048x2048.jpg 2048w, https:\/\/ferenprovence.com\/wp-content\/uploads\/2024\/05\/fer_en_provence_tonnelle_provencale_frise_volute-edited-1-1568x1569.jpg 1568w\" sizes=\"(max-width: 1024px) 100vw, 1024px\" \/><\/figure><\/li><\/ul><\/figure>\n\n\n\n<figure class=\"wp-block-pullquote alignwide\"><blockquote><p>Installez une pergola &amp; offrez-vous des moments de d\u00e9tente ombrag\u00e9s<\/p><\/blockquote><\/figure>\n\n\n\n<figure class=\"wp-block-gallery alignfull columns-2 is-cropped\"><ul class=\"blocks-gallery-grid\"><li class=\"blocks-gallery-item\"><figure><img loading=\"lazy\" width=\"819\" height=\"1024\" src=\"https:\/\/ferenprovence.com\/wp-content\/uploads\/2023\/02\/Fer_en_provence_Tonnelle-Grille-fer_forge\u0301-819x1024.png\" alt=\"\" data-id=\"990\" data-full-url=\"https:\/\/ferenprovence.com\/wp-content\/uploads\/2023\/02\/Fer_en_provence_Tonnelle-Grille-fer_forge\u0301.png\" data-link=\"https:\/\/ferenprovence.com\/index.php\/tonnelles-pergolas-fer-forge\/fer_en_provence_tonnelle-grille-fer_forge\/\" class=\"wp-image-990\" srcset=\"https:\/\/ferenprovence.com\/wp-content\/uploads\/2023\/02\/Fer_en_provence_Tonnelle-Grille-fer_forge\u0301-819x1024.png 819w, https:\/\/ferenprovence.com\/wp-content\/uploads\/2023\/02\/Fer_en_provence_Tonnelle-Grille-fer_forge\u0301-240x300.png 240w, https:\/\/ferenprovence.com\/wp-content\/uploads\/2023\/02\/Fer_en_provence_Tonnelle-Grille-fer_forge\u0301-768x960.png 768w, https:\/\/ferenprovence.com\/wp-content\/uploads\/2023\/02\/Fer_en_provence_Tonnelle-Grille-fer_forge\u0301.png 880w\" sizes=\"(max-width: 819px) 100vw, 819px\" \/><\/figure><\/li><li class=\"blocks-gallery-item\"><figure><img loading=\"lazy\" width=\"824\" height=\"1024\" src=\"https:\/\/ferenprovence.com\/wp-content\/uploads\/2023\/08\/fer_en_provence_tonnelle_bache-824x1024.png\" alt=\"\" data-id=\"1614\" data-full-url=\"https:\/\/ferenprovence.com\/wp-content\/uploads\/2023\/08\/fer_en_provence_tonnelle_bache.png\" data-link=\"https:\/\/ferenprovence.com\/index.php\/tonnelles-pergolas-fer-forge\/fer_en_provence_tonnelle_bache\/\" class=\"wp-image-1614\" srcset=\"https:\/\/ferenprovence.com\/wp-content\/uploads\/2023\/08\/fer_en_provence_tonnelle_bache-824x1024.png 824w, https:\/\/ferenprovence.com\/wp-content\/uploads\/2023\/08\/fer_en_provence_tonnelle_bache-241x300.png 241w, https:\/\/ferenprovence.com\/wp-content\/uploads\/2023\/08\/fer_en_provence_tonnelle_bache-768x955.png 768w, https:\/\/ferenprovence.com\/wp-content\/uploads\/2023\/08\/fer_en_provence_tonnelle_bache.png 946w\" sizes=\"(max-width: 824px) 100vw, 824px\" \/><\/figure><\/li><\/ul><\/figure>\n\n\n\n<figure class=\"wp-block-pullquote alignwide\"><blockquote><p>\u00ab&nbsp;Lucas est un artisan passionn\u00e9, tr\u00e8s cr\u00e9atif et comp\u00e9tent. Il a r\u00e9alis\u00e9 pour nous une pergola ainsi qu\u2019un portail. Il est vraiment sympa et \u00e0 l\u2019\u00e9coute du client, je le recommande grandement !&nbsp;\u00bb<\/p><\/blockquote><\/figure>\n\n\n\n<div class=\"wp-block-columns alignfull\">\n<div class=\"wp-block-column\">\n<figure class=\"wp-block-image alignwide size-full\"><img loading=\"lazy\" width=\"509\" height=\"509\" src=\"https:\/\/ferenprovence.com\/wp-content\/uploads\/2024\/06\/casquette_pergola_fer_en_provence-edited.png\" alt=\"\" class=\"wp-image-1822\" srcset=\"https:\/\/ferenprovence.com\/wp-content\/uploads\/2024\/06\/casquette_pergola_fer_en_provence-edited.png 509w, https:\/\/ferenprovence.com\/wp-content\/uploads\/2024\/06\/casquette_pergola_fer_en_provence-edited-300x300.png 300w, https:\/\/ferenprovence.com\/wp-content\/uploads\/2024\/06\/casquette_pergola_fer_en_provence-edited-150x150.png 150w\" sizes=\"(max-width: 509px) 100vw, 509px\" \/><\/figure>\n<\/div>\n\n\n\n<div class=\"wp-block-column\">\n<figure class=\"wp-block-image alignwide size-large\"><img loading=\"lazy\" width=\"1022\" height=\"1024\" src=\"https:\/\/ferenprovence.com\/wp-content\/uploads\/2024\/06\/Capture-de\u0301cran-2024-06-22-a\u0300-16.31.22-1022x1024.png\" alt=\"\" class=\"wp-image-1821\" srcset=\"https:\/\/ferenprovence.com\/wp-content\/uploads\/2024\/06\/Capture-de\u0301cran-2024-06-22-a\u0300-16.31.22-1022x1024.png 1022w, https:\/\/ferenprovence.com\/wp-content\/uploads\/2024\/06\/Capture-de\u0301cran-2024-06-22-a\u0300-16.31.22-300x300.png 300w, https:\/\/ferenprovence.com\/wp-content\/uploads\/2024\/06\/Capture-de\u0301cran-2024-06-22-a\u0300-16.31.22-150x150.png 150w, https:\/\/ferenprovence.com\/wp-content\/uploads\/2024\/06\/Capture-de\u0301cran-2024-06-22-a\u0300-16.31.22-768x769.png 768w, https:\/\/ferenprovence.com\/wp-content\/uploads\/2024\/06\/Capture-de\u0301cran-2024-06-22-a\u0300-16.31.22.png 1274w\" sizes=\"(max-width: 1022px) 100vw, 1022px\" \/><\/figure>\n<\/div>\n<\/div>\n\n\n\n<figure class=\"wp-block-gallery alignfull columns-2 is-cropped\"><ul class=\"blocks-gallery-grid\"><li class=\"blocks-gallery-item\"><figure><img loading=\"lazy\" width=\"1024\" height=\"1024\" src=\"https:\/\/ferenprovence.com\/wp-content\/uploads\/2024\/05\/fer_en_provence_tonnelle_carpark_fer-edited-1-1024x1024.jpeg\" alt=\"\" data-id=\"1694\" data-full-url=\"https:\/\/ferenprovence.com\/wp-content\/uploads\/2024\/05\/fer_en_provence_tonnelle_carpark_fer-edited-1-scaled.jpeg\" data-link=\"https:\/\/ferenprovence.com\/fer_en_provence_tonnelle_carpark_fer-3\/\" class=\"wp-image-1694\" srcset=\"https:\/\/ferenprovence.com\/wp-content\/uploads\/2024\/05\/fer_en_provence_tonnelle_carpark_fer-edited-1-1024x1024.jpeg 1024w, https:\/\/ferenprovence.com\/wp-content\/uploads\/2024\/05\/fer_en_provence_tonnelle_carpark_fer-edited-1-300x300.jpeg 300w, https:\/\/ferenprovence.com\/wp-content\/uploads\/2024\/05\/fer_en_provence_tonnelle_carpark_fer-edited-1-150x150.jpeg 150w, https:\/\/ferenprovence.com\/wp-content\/uploads\/2024\/05\/fer_en_provence_tonnelle_carpark_fer-edited-1-768x769.jpeg 768w, https:\/\/ferenprovence.com\/wp-content\/uploads\/2024\/05\/fer_en_provence_tonnelle_carpark_fer-edited-1-1534x1536.jpeg 1534w, https:\/\/ferenprovence.com\/wp-content\/uploads\/2024\/05\/fer_en_provence_tonnelle_carpark_fer-edited-1-2046x2048.jpeg 2046w, https:\/\/ferenprovence.com\/wp-content\/uploads\/2024\/05\/fer_en_provence_tonnelle_carpark_fer-edited-1-1568x1570.jpeg 1568w\" sizes=\"(max-width: 1024px) 100vw, 1024px\" \/><\/figure><\/li><li class=\"blocks-gallery-item\"><figure><img loading=\"lazy\" width=\"922\" height=\"1024\" src=\"https:\/\/ferenprovence.com\/wp-content\/uploads\/2023\/02\/fer-en-rpovence-tonnelle-piscine-922x1024.png\" alt=\"\" data-id=\"994\" data-full-url=\"https:\/\/ferenprovence.com\/wp-content\/uploads\/2023\/02\/fer-en-rpovence-tonnelle-piscine.png\" data-link=\"https:\/\/ferenprovence.com\/index.php\/tonnelles-pergolas-fer-forge\/fer-en-rpovence-tonnelle-piscine\/\" class=\"wp-image-994\" srcset=\"https:\/\/ferenprovence.com\/wp-content\/uploads\/2023\/02\/fer-en-rpovence-tonnelle-piscine-922x1024.png 922w, https:\/\/ferenprovence.com\/wp-content\/uploads\/2023\/02\/fer-en-rpovence-tonnelle-piscine-270x300.png 270w, https:\/\/ferenprovence.com\/wp-content\/uploads\/2023\/02\/fer-en-rpovence-tonnelle-piscine-768x853.png 768w, https:\/\/ferenprovence.com\/wp-content\/uploads\/2023\/02\/fer-en-rpovence-tonnelle-piscine.png 994w\" sizes=\"(max-width: 922px) 100vw, 922px\" \/><\/figure><\/li><\/ul><\/figure>\n\n\n\n<div class=\"wp-block-columns alignwide\">\n<div class=\"wp-block-column\"><\/div>\n\n\n\n<div class=\"wp-block-column\"><\/div>\n\n\n\n<div class=\"wp-block-column\"><\/div>\n\n\n\n<div class=\"wp-block-column\">\n<div class=\"wp-block-image\"><figure class=\"alignright size-large is-resized\"><a href=\"https:\/\/ferenprovence.com\/\"><img loading=\"lazy\" src=\"https:\/\/ferenprovence.com\/wp-content\/uploads\/2021\/11\/fer-en-provence-14-1024x1024.jpg\" alt=\"retour \u00e0 l'accueil\" class=\"wp-image-671\" width=\"166\" height=\"166\" srcset=\"https:\/\/ferenprovence.com\/wp-content\/uploads\/2021\/11\/fer-en-provence-14-1024x1024.jpg 1024w, https:\/\/ferenprovence.com\/wp-content\/uploads\/2021\/11\/fer-en-provence-14-300x300.jpg 300w, https:\/\/ferenprovence.com\/wp-content\/uploads\/2021\/11\/fer-en-provence-14-150x150.jpg 150w, https:\/\/ferenprovence.com\/wp-content\/uploads\/2021\/11\/fer-en-provence-14-768x768.jpg 768w, https:\/\/ferenprovence.com\/wp-content\/uploads\/2021\/11\/fer-en-provence-14.jpg 1080w\" sizes=\"(max-width: 166px) 100vw, 166px\" \/><\/a><\/figure><\/div>\n<\/div>\n<\/div>\n\n\n\n<h2 class=\"alignfull\">Tonnelles &amp; Pergolas en fer forg\u00e9 <\/h2>\n\n\n\n<p>Fer en Provence r\u00e9alise pour vous vos tonnelles et pergolas sur mesure, dans son atelier en Provence. <\/p>\n\n\n\n<p>Installer une <a href=\"https:\/\/www.instagram.com\/p\/Clk8FtdN_R_\/\" target=\"_blank\" rel=\"noreferrer noopener\">tonnelle<\/a> ou une pergola en fer forge chez vous vous permettra de profiter de moments ombrag\u00e9s. L&rsquo;\u00e9t\u00e9, d\u00e9jeuner sur votre terrasse au soleil peut s&rsquo;av\u00e9rer d\u00e9sagr\u00e9able tant la chaleur peut \u00eatre intense. Installer une tonnelle vous permettra de profitez de ces moments tout au long de la journ\u00e9e. De plus, une jolie tonnelle habille votre fa\u00e7ade et fini votre maison. Le plus d&rsquo;une tonnelle : elle \u00e9vite au soleil de p\u00e9n\u00e9trer chez vous et vous fait donc gagner quelques degr\u00e9s de fraicheur.<\/p>\n\n\n\n<p>Nous aimons recommander de recouvrir votre tonnelle de <a href=\"https:\/\/www.instagram.com\/p\/CjZu9d0tmDc\/\" target=\"_blank\" rel=\"noreferrer noopener\">canisse<\/a>. La canisse \u00e0 toujours un joli rendu, et permet de vous prot\u00e9ger du soleil.<\/p>\n\n\n\n<p> Recouvrir votre tonnelle de coco est une option \u00e9cologique.<\/p>\n\n\n\n<p>Recouvrir votre pergola de vigne vierge ou de vigne vous offre de bons raisins en septembre en plus de vous abriter.<\/p>\n\n\n\n<p>Cela dit, notre option favorite pour recouvrir une tonnelle est un <a href=\"https:\/\/www.instagram.com\/p\/CrWKr3atH2k\/\" target=\"_blank\" rel=\"noreferrer noopener\">rosier banks<\/a>, aussi appel\u00e9 rose pompoms par les anciens. Celui ci vous offre de magnifiques fleurs roses, blanches ou jaunes au printemps. Son avantage : il perd ses feuilles l&rsquo;hiver laissant ainsi passer le soleil. Vous pouvez aussi bien entendu recouvrir votre tonnelle ou votre pergola d&rsquo;une <a href=\"https:\/\/www.instagram.com\/p\/CoUG67zNeeD\/\" target=\"_blank\" rel=\"noreferrer noopener\">b\u00e2che plastique<\/a>, \u00e9tanche en cas de pluie. <\/p>\n\n\n\n<p>Que vous souhaitiez installer une tonnelle auto-portante ou murale,<a href=\"https:\/\/ferenprovence.com\/index.php\/contact\/\"> demandez votre devis gratuit <\/a>d\u00e8s \u00e0 pr\u00e9sent. Nous nous efforceront de r\u00e9aliser votre tonnelle rapidement afin de vous permettre de profiter au maximum de moments ombrag\u00e9s, seul.e ou en famille.<\/p>\n\n\n\n<p>Pensez \u00e0 vous renseigner aupr\u00e8s de votre mairie si une demande de permis est requise pour l&rsquo;installation de votre tonnelle ou pergola.<\/p>\n\n\n\n<h2>Une casquette en fer forg\u00e9<\/h2>\n\n\n\n<p>installer une casquette en fer forg\u00e9 permet de faire pousser une vigne, du jasmin, un rosier au dessus d&rsquo;une ouverture. Une casquette n&rsquo;est g\u00e9n\u00e9ralement pas tr\u00e8s large, mais g\u00e9n\u00e8re tout de l&rsquo;ombre.<\/p>\n\n\n\n<h2>Installation d&rsquo;un Abri voiture sur-mesure<\/h2>\n\n\n\n<p>Installer un abri voiture ou un carport en fer forg\u00e9 d\u00e9limite l&rsquo;espace parking de votre jardin, abrite votre ou vos voiture.s des intemp\u00e9ries et vous permet d&rsquo;entr\u00e9e dans un habitacle plus frais l&rsquo;\u00e9t\u00e9. L\u00e0 aussi, pensez \u00e0 vous renseigner aupr\u00e8s de votre mairie si une demande de permis est requise.<\/p>\n","protected":false},"excerpt":{"rendered":"<p>Installez une pergola &amp; offrez-vous des moments de d\u00e9tente ombrag\u00e9s \u00ab&nbsp;Lucas est un artisan passionn\u00e9, tr\u00e8s cr\u00e9atif et comp\u00e9tent. Il a r\u00e9alis\u00e9 pour nous une pergola ainsi qu\u2019un portail. Il est vraiment sympa et \u00e0 l\u2019\u00e9coute du client, je le recommande grandement !&nbsp;\u00bb Tonnelles &amp; Pergolas en fer forg\u00e9 Fer en Provence r\u00e9alise pour vous &hellip; <\/p>\n<p class=\"link-more\"><a href=\"https:\/\/ferenprovence.com\/index.php\/tonnelles-pergolas-fer-forge\/\" class=\"more-link\">Continuer la lecture <span class=\"screen-reader-text\"> \u00ab\u00a0Tonnelles &#038; Pergolas\u00a0\u00bb<\/span><\/a><\/p>\n","protected":false},"author":1,"featured_media":0,"parent":0,"menu_order":0,"comment_status":"closed","ping_status":"closed","template":"","meta":[],"yoast_head":"<!-- This site is optimized with the Yoast SEO plugin v19.4 - https:\/\/yoast.com\/wordpress\/plugins\/seo\/ -->\n<title>Tonnelles &amp; Pergolas - Fer en Provence - Fer forg\u00e9<\/title>\n<meta name=\"description\" content=\"Tonnelles et Pergolas en fer forg\u00e9 : Offrez-vous de l&#039;ombre ou prot\u00e9gez vos voitures de la chaleur et des intemp\u00e9ries.\" \/>\n<meta name=\"robots\" content=\"index, follow, max-snippet:-1, max-image-preview:large, max-video-preview:-1\" \/>\n<link rel=\"canonical\" href=\"https:\/\/ferenprovence.com\/index.php\/tonnelles-pergolas-fer-forge\/\" \/>\n<meta property=\"og:locale\" content=\"fr_FR\" \/>\n<meta property=\"og:type\" content=\"article\" \/>\n<meta property=\"og:title\" content=\"Tonnelles &amp; Pergolas - Fer en Provence - Fer forg\u00e9\" \/>\n<meta property=\"og:description\" content=\"Tonnelles et Pergolas en fer forg\u00e9 : Offrez-vous de l&#039;ombre ou prot\u00e9gez vos voitures de la chaleur et des intemp\u00e9ries.\" \/>\n<meta property=\"og:url\" content=\"https:\/\/ferenprovence.com\/index.php\/tonnelles-pergolas-fer-forge\/\" \/>\n<meta property=\"og:site_name\" content=\"Fer en Provence\" \/>\n<meta property=\"article:publisher\" content=\"https:\/\/www.facebook.com\/ferenprovence\" \/>\n<meta property=\"article:modified_time\" content=\"2025-09-02T18:32:24+00:00\" \/>\n<meta property=\"og:image\" content=\"https:\/\/ferenprovence.com\/wp-content\/uploads\/2024\/05\/fer_en_provence_tonnelle_provencale_frise_volute-edited-1-1024x1024.jpg\" \/>\n<meta name=\"twitter:card\" content=\"summary_large_image\" \/>\n<meta name=\"twitter:label1\" content=\"Dur\u00e9e de lecture estim\u00e9e\" \/>\n\t<meta name=\"twitter:data1\" content=\"2 minutes\" \/>\n<script type=\"application\/ld+json\" class=\"yoast-schema-graph\">{\"@context\":\"https:\/\/schema.org\",\"@graph\":[{\"@type\":\"Organization\",\"@id\":\"https:\/\/ferenprovence.com\/#organization\",\"name\":\"Fer en Provence\",\"url\":\"https:\/\/ferenprovence.com\/\",\"sameAs\":[\"https:\/\/www.instagram.com\/ferenprovence\",\"https:\/\/www.pinterest.fr\/ferenprovence\",\"https:\/\/www.facebook.com\/ferenprovence\"],\"logo\":{\"@type\":\"ImageObject\",\"inLanguage\":\"fr-FR\",\"@id\":\"https:\/\/ferenprovence.com\/#\/schema\/logo\/image\/\",\"url\":\"https:\/\/ferenprovence.com\/wp-content\/uploads\/2021\/11\/cropped-Sans-titre.jpg\",\"contentUrl\":\"https:\/\/ferenprovence.com\/wp-content\/uploads\/2021\/11\/cropped-Sans-titre.jpg\",\"width\":250,\"height\":250,\"caption\":\"Fer en Provence\"},\"image\":{\"@id\":\"https:\/\/ferenprovence.com\/#\/schema\/logo\/image\/\"}},{\"@type\":\"WebSite\",\"@id\":\"https:\/\/ferenprovence.com\/#website\",\"url\":\"https:\/\/ferenprovence.com\/\",\"name\":\"Fer en Provence\",\"description\":\"Ferronnerie d&#039;art au coeur du Luberon\",\"publisher\":{\"@id\":\"https:\/\/ferenprovence.com\/#organization\"},\"potentialAction\":[{\"@type\":\"SearchAction\",\"target\":{\"@type\":\"EntryPoint\",\"urlTemplate\":\"https:\/\/ferenprovence.com\/?s={search_term_string}\"},\"query-input\":\"required name=search_term_string\"}],\"inLanguage\":\"fr-FR\"},{\"@type\":\"WebPage\",\"@id\":\"https:\/\/ferenprovence.com\/index.php\/tonnelles-pergolas-fer-forge\/\",\"url\":\"https:\/\/ferenprovence.com\/index.php\/tonnelles-pergolas-fer-forge\/\",\"name\":\"Tonnelles & Pergolas - Fer en Provence - Fer forg\u00e9\",\"isPartOf\":{\"@id\":\"https:\/\/ferenprovence.com\/#website\"},\"datePublished\":\"2021-11-05T13:13:50+00:00\",\"dateModified\":\"2025-09-02T18:32:24+00:00\",\"description\":\"Tonnelles et Pergolas en fer forg\u00e9 : Offrez-vous de l'ombre ou prot\u00e9gez vos voitures de la chaleur et des intemp\u00e9ries.\",\"breadcrumb\":{\"@id\":\"https:\/\/ferenprovence.com\/index.php\/tonnelles-pergolas-fer-forge\/#breadcrumb\"},\"inLanguage\":\"fr-FR\",\"potentialAction\":[{\"@type\":\"ReadAction\",\"target\":[\"https:\/\/ferenprovence.com\/index.php\/tonnelles-pergolas-fer-forge\/\"]}]},{\"@type\":\"BreadcrumbList\",\"@id\":\"https:\/\/ferenprovence.com\/index.php\/tonnelles-pergolas-fer-forge\/#breadcrumb\",\"itemListElement\":[{\"@type\":\"ListItem\",\"position\":1,\"name\":\"Accueil\",\"item\":\"https:\/\/ferenprovence.com\/\"},{\"@type\":\"ListItem\",\"position\":2,\"name\":\"Tonnelles &#038; Pergolas\"}]}]}<\/script>\n<!-- \/ Yoast SEO plugin. -->","yoast_head_json":{"title":"Tonnelles & Pergolas - Fer en Provence - Fer forg\u00e9","description":"Tonnelles et Pergolas en fer forg\u00e9 : Offrez-vous de l'ombre ou prot\u00e9gez vos voitures de la chaleur et des intemp\u00e9ries.","robots":{"index":"index","follow":"follow","max-snippet":"max-snippet:-1","max-image-preview":"max-image-preview:large","max-video-preview":"max-video-preview:-1"},"canonical":"https:\/\/ferenprovence.com\/index.php\/tonnelles-pergolas-fer-forge\/","og_locale":"fr_FR","og_type":"article","og_title":"Tonnelles & Pergolas - Fer en Provence - Fer forg\u00e9","og_description":"Tonnelles et Pergolas en fer forg\u00e9 : Offrez-vous de l'ombre ou prot\u00e9gez vos voitures de la chaleur et des intemp\u00e9ries.","og_url":"https:\/\/ferenprovence.com\/index.php\/tonnelles-pergolas-fer-forge\/","og_site_name":"Fer en Provence","article_publisher":"https:\/\/www.facebook.com\/ferenprovence","article_modified_time":"2025-09-02T18:32:24+00:00","og_image":[{"url":"https:\/\/ferenprovence.com\/wp-content\/uploads\/2024\/05\/fer_en_provence_tonnelle_provencale_frise_volute-edited-1-1024x1024.jpg"}],"twitter_card":"summary_large_image","twitter_misc":{"Dur\u00e9e de lecture estim\u00e9e":"2 minutes"},"schema":{"@context":"https:\/\/schema.org","@graph":[{"@type":"Organization","@id":"https:\/\/ferenprovence.com\/#organization","name":"Fer en Provence","url":"https:\/\/ferenprovence.com\/","sameAs":["https:\/\/www.instagram.com\/ferenprovence","https:\/\/www.pinterest.fr\/ferenprovence","https:\/\/www.facebook.com\/ferenprovence"],"logo":{"@type":"ImageObject","inLanguage":"fr-FR","@id":"https:\/\/ferenprovence.com\/#\/schema\/logo\/image\/","url":"https:\/\/ferenprovence.com\/wp-content\/uploads\/2021\/11\/cropped-Sans-titre.jpg","contentUrl":"https:\/\/ferenprovence.com\/wp-content\/uploads\/2021\/11\/cropped-Sans-titre.jpg","width":250,"height":250,"caption":"Fer en Provence"},"image":{"@id":"https:\/\/ferenprovence.com\/#\/schema\/logo\/image\/"}},{"@type":"WebSite","@id":"https:\/\/ferenprovence.com\/#website","url":"https:\/\/ferenprovence.com\/","name":"Fer en Provence","description":"Ferronnerie d&#039;art au coeur du Luberon","publisher":{"@id":"https:\/\/ferenprovence.com\/#organization"},"potentialAction":[{"@type":"SearchAction","target":{"@type":"EntryPoint","urlTemplate":"https:\/\/ferenprovence.com\/?s={search_term_string}"},"query-input":"required name=search_term_string"}],"inLanguage":"fr-FR"},{"@type":"WebPage","@id":"https:\/\/ferenprovence.com\/index.php\/tonnelles-pergolas-fer-forge\/","url":"https:\/\/ferenprovence.com\/index.php\/tonnelles-pergolas-fer-forge\/","name":"Tonnelles & Pergolas - Fer en Provence - Fer forg\u00e9","isPartOf":{"@id":"https:\/\/ferenprovence.com\/#website"},"datePublished":"2021-11-05T13:13:50+00:00","dateModified":"2025-09-02T18:32:24+00:00","description":"Tonnelles et Pergolas en fer forg\u00e9 : Offrez-vous de l'ombre ou prot\u00e9gez vos voitures de la chaleur et des intemp\u00e9ries.","breadcrumb":{"@id":"https:\/\/ferenprovence.com\/index.php\/tonnelles-pergolas-fer-forge\/#breadcrumb"},"inLanguage":"fr-FR","potentialAction":[{"@type":"ReadAction","target":["https:\/\/ferenprovence.com\/index.php\/tonnelles-pergolas-fer-forge\/"]}]},{"@type":"BreadcrumbList","@id":"https:\/\/ferenprovence.com\/index.php\/tonnelles-pergolas-fer-forge\/#breadcrumb","itemListElement":[{"@type":"ListItem","position":1,"name":"Accueil","item":"https:\/\/ferenprovence.com\/"},{"@type":"ListItem","position":2,"name":"Tonnelles &#038; Pergolas"}]}]}},"_links":{"self":[{"href":"https:\/\/ferenprovence.com\/index.php\/wp-json\/wp\/v2\/pages\/106"}],"collection":[{"href":"https:\/\/ferenprovence.com\/index.php\/wp-json\/wp\/v2\/pages"}],"about":[{"href":"https:\/\/ferenprovence.com\/index.php\/wp-json\/wp\/v2\/types\/page"}],"author":[{"embeddable":true,"href":"https:\/\/ferenprovence.com\/index.php\/wp-json\/wp\/v2\/users\/1"}],"replies":[{"embeddable":true,"href":"https:\/\/ferenprovence.com\/index.php\/wp-json\/wp\/v2\/comments?post=106"}],"version-history":[{"count":68,"href":"https:\/\/ferenprovence.com\/index.php\/wp-json\/wp\/v2\/pages\/106\/revisions"}],"predecessor-version":[{"id":2180,"href":"https:\/\/ferenprovence.com\/index.php\/wp-json\/wp\/v2\/pages\/106\/revisions\/2180"}],"wp:attachment":[{"href":"https:\/\/ferenprovence.com\/index.php\/wp-json\/wp\/v2\/media?parent=106"}],"curies":[{"name":"wp","href":"https:\/\/api.w.org\/{rel}","templated":true}]}}