{"id":1070,"date":"2023-03-31T16:15:30","date_gmt":"2023-03-31T14:15:30","guid":{"rendered":"https:\/\/ferenprovence.com\/?page_id=1070"},"modified":"2024-06-27T23:28:19","modified_gmt":"2024-06-27T21:28:19","slug":"salle-de-bain","status":"publish","type":"page","link":"https:\/\/ferenprovence.com\/index.php\/salle-de-bain\/","title":{"rendered":"Salle de Bain"},"content":{"rendered":"\n<h2 class=\"alignfull has-text-align-center\">Le Fer dans la salle de bain, une mati\u00e8re \u00e9l\u00e9gante.<\/h2>\n\n\n\n<figure class=\"wp-block-image alignfull size-full\"><a href=\"https:\/\/www.etsy.com\/fr\/listing\/1398200542\/support-distributeur-gel-douche-et?click_key=24911e5f6cbccd36ba9791c35666054b9c7c5371%3A1398200542&amp;click_sum=fde23628&amp;ref=shop_home_active_1&amp;cns=1\"><img loading=\"lazy\" width=\"960\" height=\"960\" src=\"https:\/\/ferenprovence.com\/wp-content\/uploads\/2023\/03\/Capture-de\u0301cran-2023-03-31-a\u0300-16.13.05.png\" alt=\"\" class=\"wp-image-1074\" srcset=\"https:\/\/ferenprovence.com\/wp-content\/uploads\/2023\/03\/Capture-de\u0301cran-2023-03-31-a\u0300-16.13.05.png 960w, https:\/\/ferenprovence.com\/wp-content\/uploads\/2023\/03\/Capture-de\u0301cran-2023-03-31-a\u0300-16.13.05-300x300.png 300w, https:\/\/ferenprovence.com\/wp-content\/uploads\/2023\/03\/Capture-de\u0301cran-2023-03-31-a\u0300-16.13.05-150x150.png 150w, https:\/\/ferenprovence.com\/wp-content\/uploads\/2023\/03\/Capture-de\u0301cran-2023-03-31-a\u0300-16.13.05-768x768.png 768w\" sizes=\"(max-width: 960px) 100vw, 960px\" \/><\/a><\/figure>\n\n\n\n<figure class=\"wp-block-image alignfull size-full\"><img loading=\"lazy\" width=\"938\" height=\"936\" src=\"https:\/\/ferenprovence.com\/wp-content\/uploads\/2023\/03\/Capture-de\u0301cran-2023-03-31-a\u0300-16.08.59-1.png\" alt=\"\" class=\"wp-image-1079\" srcset=\"https:\/\/ferenprovence.com\/wp-content\/uploads\/2023\/03\/Capture-de\u0301cran-2023-03-31-a\u0300-16.08.59-1.png 938w, https:\/\/ferenprovence.com\/wp-content\/uploads\/2023\/03\/Capture-de\u0301cran-2023-03-31-a\u0300-16.08.59-1-300x300.png 300w, https:\/\/ferenprovence.com\/wp-content\/uploads\/2023\/03\/Capture-de\u0301cran-2023-03-31-a\u0300-16.08.59-1-150x150.png 150w, https:\/\/ferenprovence.com\/wp-content\/uploads\/2023\/03\/Capture-de\u0301cran-2023-03-31-a\u0300-16.08.59-1-768x766.png 768w\" sizes=\"(max-width: 938px) 100vw, 938px\" \/><\/figure>\n\n\n\n<div class=\"wp-block-columns alignwide\">\n<div class=\"wp-block-column\" style=\"flex-basis:100%\">\n<div class=\"wp-block-columns\">\n<div class=\"wp-block-column\" style=\"flex-basis:100%\">\n<figure class=\"wp-block-pullquote\"><blockquote><p>nous r\u00e9alisons toutes vos envies forg\u00e9es<\/p><\/blockquote><\/figure>\n<\/div>\n<\/div>\n<\/div>\n<\/div>\n\n\n\n<figure class=\"wp-block-image alignfull size-large\"><img loading=\"lazy\" width=\"1024\" height=\"1024\" src=\"https:\/\/ferenprovence.com\/wp-content\/uploads\/2023\/03\/PAROI_DE_DOUCHE_FER_EN_PROVENCE_FERRONNERIE_VAUCLUSE-1024x1024.jpg\" alt=\"\" class=\"wp-image-1071\" srcset=\"https:\/\/ferenprovence.com\/wp-content\/uploads\/2023\/03\/PAROI_DE_DOUCHE_FER_EN_PROVENCE_FERRONNERIE_VAUCLUSE-1024x1024.jpg 1024w, https:\/\/ferenprovence.com\/wp-content\/uploads\/2023\/03\/PAROI_DE_DOUCHE_FER_EN_PROVENCE_FERRONNERIE_VAUCLUSE-300x300.jpg 300w, https:\/\/ferenprovence.com\/wp-content\/uploads\/2023\/03\/PAROI_DE_DOUCHE_FER_EN_PROVENCE_FERRONNERIE_VAUCLUSE-150x150.jpg 150w, https:\/\/ferenprovence.com\/wp-content\/uploads\/2023\/03\/PAROI_DE_DOUCHE_FER_EN_PROVENCE_FERRONNERIE_VAUCLUSE-768x768.jpg 768w, https:\/\/ferenprovence.com\/wp-content\/uploads\/2023\/03\/PAROI_DE_DOUCHE_FER_EN_PROVENCE_FERRONNERIE_VAUCLUSE.jpg 1080w\" sizes=\"(max-width: 1024px) 100vw, 1024px\" \/><\/figure>\n\n\n\n<figure class=\"wp-block-image alignfull size-large\"><img loading=\"lazy\" width=\"768\" height=\"1024\" src=\"https:\/\/ferenprovence.com\/wp-content\/uploads\/2024\/06\/paroi-de-douche-en-fer-par-fer-en-provence--768x1024.jpg\" alt=\"\" class=\"wp-image-1699\" srcset=\"https:\/\/ferenprovence.com\/wp-content\/uploads\/2024\/06\/paroi-de-douche-en-fer-par-fer-en-provence--768x1024.jpg 768w, https:\/\/ferenprovence.com\/wp-content\/uploads\/2024\/06\/paroi-de-douche-en-fer-par-fer-en-provence--225x300.jpg 225w, https:\/\/ferenprovence.com\/wp-content\/uploads\/2024\/06\/paroi-de-douche-en-fer-par-fer-en-provence--1152x1536.jpg 1152w, https:\/\/ferenprovence.com\/wp-content\/uploads\/2024\/06\/paroi-de-douche-en-fer-par-fer-en-provence--1536x2048.jpg 1536w, https:\/\/ferenprovence.com\/wp-content\/uploads\/2024\/06\/paroi-de-douche-en-fer-par-fer-en-provence--1568x2091.jpg 1568w, https:\/\/ferenprovence.com\/wp-content\/uploads\/2024\/06\/paroi-de-douche-en-fer-par-fer-en-provence--scaled.jpg 1920w\" sizes=\"(max-width: 768px) 100vw, 768px\" \/><\/figure>\n\n\n\n<div class=\"wp-block-columns alignfull\">\n<div class=\"wp-block-column\" style=\"flex-basis:25%\"><\/div>\n\n\n\n<div class=\"wp-block-column\" style=\"flex-basis:50%\"><\/div>\n\n\n\n<div class=\"wp-block-column\" style=\"flex-basis:25%\">\n<div class=\"wp-block-image\"><figure class=\"alignright size-large is-resized\"><a href=\"https:\/\/ferenprovence.com\/\"><img loading=\"lazy\" src=\"https:\/\/ferenprovence.com\/wp-content\/uploads\/2021\/11\/fer-en-provence-13-1024x1024.jpg\" alt=\"retour a l'accueil\" class=\"wp-image-666\" width=\"165\" height=\"165\" srcset=\"https:\/\/ferenprovence.com\/wp-content\/uploads\/2021\/11\/fer-en-provence-13-1024x1024.jpg 1024w, https:\/\/ferenprovence.com\/wp-content\/uploads\/2021\/11\/fer-en-provence-13-300x300.jpg 300w, https:\/\/ferenprovence.com\/wp-content\/uploads\/2021\/11\/fer-en-provence-13-150x150.jpg 150w, https:\/\/ferenprovence.com\/wp-content\/uploads\/2021\/11\/fer-en-provence-13-768x768.jpg 768w, https:\/\/ferenprovence.com\/wp-content\/uploads\/2021\/11\/fer-en-provence-13.jpg 1080w\" sizes=\"(max-width: 165px) 100vw, 165px\" \/><\/a><\/figure><\/div>\n<\/div>\n<\/div>\n\n\n\n<h2>Paroi de douche en fer sur-mesure <\/h2>\n\n\n\n<p>Vous souhaitez embellir votre salle de bain ? Optez pour une paroi de douche en fer sur-mesure ! De nombreux mod\u00e8les de parois de douche en fer sur-mesure vous sont propos\u00e9s. Fer en Provence thermolaque toutes vos parois de douche et accessoires afin de rendre le fer hydrofuge. La finition peinture durable \u00e9vitera ainsi \u00e0 l&rsquo;acier de rouiller au contact de l&rsquo;eau.<\/p>\n\n\n\n<p>Vous souhaitez une paroi de douche au verre lisse, de style verri\u00e8re ? Demandez votre devis d\u00e8s \u00e0 pr\u00e9sent et \u00e9lever votre salle de bain.<\/p>\n\n\n\n<h2>Un porte distributeur \u00e0 savon artisanal<\/h2>\n\n\n\n<p>En plus d&rsquo;\u00eatre beaucoup plus esth\u00e9tique, Fer en Provence pense \u00e0 l&rsquo;\u00e9cologie en vous proposant des portes distributeurs \u00e0 savon, vous permettant d&rsquo;acheter les formats recharges, plus \u00e9cologiques et \u00e9conomiques. Mod\u00e8le simple, double, avec ou sans porte serviette d&rsquo;invit\u00e9, rendez-vous sur notre boutique Etsy pour commander le votre.<\/p>\n\n\n\n<h2>Porte serviette en Fer<\/h2>\n\n\n\n<p>De nombreux mod\u00e8les de porte serviette vous sont propos\u00e9s par Fer en Provence. Vous \u00eates plut\u00f4t style \u00e9chelle ? style classique ? Ou vous souhaitez r\u00e9aliser le votre sur-mesure ? Contactez-nous et demandez votre devis gratuit sans plus attendre.<\/p>\n\n\n\n<h2>Miroir de Salle de bain <\/h2>\n\n\n\n<p>Nous fabriquons pour vous vos miroir sur-mesure. Communiquez nous la forme souhait\u00e9, miroir rond, miroir carr\u00e9 ou miroir rectangulaire, si vous l&rsquo;aimeriez r\u00e9tro\u00e9clair\u00e9 par un ruban LED ou non. Nous nous faisons un plaisir de donner vie \u00e0 toutes vos envies.<\/p>\n","protected":false},"excerpt":{"rendered":"<p>Le Fer dans la salle de bain, une mati\u00e8re \u00e9l\u00e9gante. nous r\u00e9alisons toutes vos envies forg\u00e9es Paroi de douche en fer sur-mesure Vous souhaitez embellir votre salle de bain ? Optez pour une paroi de douche en fer sur-mesure ! De nombreux mod\u00e8les de parois de douche en fer sur-mesure vous sont propos\u00e9s. Fer en &hellip; <\/p>\n<p class=\"link-more\"><a href=\"https:\/\/ferenprovence.com\/index.php\/salle-de-bain\/\" class=\"more-link\">Continuer la lecture <span class=\"screen-reader-text\"> \u00ab\u00a0Salle de Bain\u00a0\u00bb<\/span><\/a><\/p>\n","protected":false},"author":1,"featured_media":0,"parent":0,"menu_order":0,"comment_status":"closed","ping_status":"closed","template":"","meta":[],"yoast_head":"<!-- This site is optimized with the Yoast SEO plugin v19.4 - https:\/\/yoast.com\/wordpress\/plugins\/seo\/ -->\n<title>Salle de Bain - Fer en Provence paroi de douche en fer sur-mesure<\/title>\n<meta name=\"description\" content=\"Embellissez votre salle de bain avec une paroi de douche en fer sur-mesure et des cr\u00e9ations intemporelles thermolaqu\u00e9es en fer forg\u00e9.\" \/>\n<meta name=\"robots\" content=\"index, follow, max-snippet:-1, max-image-preview:large, max-video-preview:-1\" \/>\n<link rel=\"canonical\" href=\"https:\/\/ferenprovence.com\/index.php\/salle-de-bain\/\" \/>\n<meta property=\"og:locale\" content=\"fr_FR\" \/>\n<meta property=\"og:type\" content=\"article\" \/>\n<meta property=\"og:title\" content=\"Salle de Bain - Fer en Provence paroi de douche en fer sur-mesure\" \/>\n<meta property=\"og:description\" content=\"Embellissez votre salle de bain avec une paroi de douche en fer sur-mesure et des cr\u00e9ations intemporelles thermolaqu\u00e9es en fer forg\u00e9.\" \/>\n<meta property=\"og:url\" content=\"https:\/\/ferenprovence.com\/index.php\/salle-de-bain\/\" \/>\n<meta property=\"og:site_name\" content=\"Fer en Provence\" \/>\n<meta property=\"article:publisher\" content=\"https:\/\/www.facebook.com\/ferenprovence\" \/>\n<meta property=\"article:modified_time\" content=\"2024-06-27T21:28:19+00:00\" \/>\n<meta property=\"og:image\" content=\"https:\/\/ferenprovence.com\/wp-content\/uploads\/2023\/03\/PAROI_DE_DOUCHE_FER_EN_PROVENCE_FERRONNERIE_VAUCLUSE-1024x1024.jpg\" \/>\n<meta name=\"twitter:card\" content=\"summary_large_image\" \/>\n<meta name=\"twitter:label1\" content=\"Dur\u00e9e de lecture estim\u00e9e\" \/>\n\t<meta name=\"twitter:data1\" content=\"1 minute\" \/>\n<script type=\"application\/ld+json\" class=\"yoast-schema-graph\">{\"@context\":\"https:\/\/schema.org\",\"@graph\":[{\"@type\":\"Organization\",\"@id\":\"https:\/\/ferenprovence.com\/#organization\",\"name\":\"Fer en Provence\",\"url\":\"https:\/\/ferenprovence.com\/\",\"sameAs\":[\"https:\/\/www.instagram.com\/ferenprovence\",\"https:\/\/www.pinterest.fr\/ferenprovence\",\"https:\/\/www.facebook.com\/ferenprovence\"],\"logo\":{\"@type\":\"ImageObject\",\"inLanguage\":\"fr-FR\",\"@id\":\"https:\/\/ferenprovence.com\/#\/schema\/logo\/image\/\",\"url\":\"https:\/\/ferenprovence.com\/wp-content\/uploads\/2021\/11\/cropped-Sans-titre.jpg\",\"contentUrl\":\"https:\/\/ferenprovence.com\/wp-content\/uploads\/2021\/11\/cropped-Sans-titre.jpg\",\"width\":250,\"height\":250,\"caption\":\"Fer en Provence\"},\"image\":{\"@id\":\"https:\/\/ferenprovence.com\/#\/schema\/logo\/image\/\"}},{\"@type\":\"WebSite\",\"@id\":\"https:\/\/ferenprovence.com\/#website\",\"url\":\"https:\/\/ferenprovence.com\/\",\"name\":\"Fer en Provence\",\"description\":\"Ferronnerie d&#039;art au coeur du Luberon\",\"publisher\":{\"@id\":\"https:\/\/ferenprovence.com\/#organization\"},\"potentialAction\":[{\"@type\":\"SearchAction\",\"target\":{\"@type\":\"EntryPoint\",\"urlTemplate\":\"https:\/\/ferenprovence.com\/?s={search_term_string}\"},\"query-input\":\"required name=search_term_string\"}],\"inLanguage\":\"fr-FR\"},{\"@type\":\"WebPage\",\"@id\":\"https:\/\/ferenprovence.com\/index.php\/salle-de-bain\/\",\"url\":\"https:\/\/ferenprovence.com\/index.php\/salle-de-bain\/\",\"name\":\"Salle de Bain - Fer en Provence paroi de douche en fer sur-mesure\",\"isPartOf\":{\"@id\":\"https:\/\/ferenprovence.com\/#website\"},\"datePublished\":\"2023-03-31T14:15:30+00:00\",\"dateModified\":\"2024-06-27T21:28:19+00:00\",\"description\":\"Embellissez votre salle de bain avec une paroi de douche en fer sur-mesure et des cr\u00e9ations intemporelles thermolaqu\u00e9es en fer forg\u00e9.\",\"breadcrumb\":{\"@id\":\"https:\/\/ferenprovence.com\/index.php\/salle-de-bain\/#breadcrumb\"},\"inLanguage\":\"fr-FR\",\"potentialAction\":[{\"@type\":\"ReadAction\",\"target\":[\"https:\/\/ferenprovence.com\/index.php\/salle-de-bain\/\"]}]},{\"@type\":\"BreadcrumbList\",\"@id\":\"https:\/\/ferenprovence.com\/index.php\/salle-de-bain\/#breadcrumb\",\"itemListElement\":[{\"@type\":\"ListItem\",\"position\":1,\"name\":\"Accueil\",\"item\":\"https:\/\/ferenprovence.com\/\"},{\"@type\":\"ListItem\",\"position\":2,\"name\":\"Salle de Bain\"}]}]}<\/script>\n<!-- \/ Yoast SEO plugin. -->","yoast_head_json":{"title":"Salle de Bain - Fer en Provence paroi de douche en fer sur-mesure","description":"Embellissez votre salle de bain avec une paroi de douche en fer sur-mesure et des cr\u00e9ations intemporelles thermolaqu\u00e9es en fer forg\u00e9.","robots":{"index":"index","follow":"follow","max-snippet":"max-snippet:-1","max-image-preview":"max-image-preview:large","max-video-preview":"max-video-preview:-1"},"canonical":"https:\/\/ferenprovence.com\/index.php\/salle-de-bain\/","og_locale":"fr_FR","og_type":"article","og_title":"Salle de Bain - Fer en Provence paroi de douche en fer sur-mesure","og_description":"Embellissez votre salle de bain avec une paroi de douche en fer sur-mesure et des cr\u00e9ations intemporelles thermolaqu\u00e9es en fer forg\u00e9.","og_url":"https:\/\/ferenprovence.com\/index.php\/salle-de-bain\/","og_site_name":"Fer en Provence","article_publisher":"https:\/\/www.facebook.com\/ferenprovence","article_modified_time":"2024-06-27T21:28:19+00:00","og_image":[{"url":"https:\/\/ferenprovence.com\/wp-content\/uploads\/2023\/03\/PAROI_DE_DOUCHE_FER_EN_PROVENCE_FERRONNERIE_VAUCLUSE-1024x1024.jpg"}],"twitter_card":"summary_large_image","twitter_misc":{"Dur\u00e9e de lecture estim\u00e9e":"1 minute"},"schema":{"@context":"https:\/\/schema.org","@graph":[{"@type":"Organization","@id":"https:\/\/ferenprovence.com\/#organization","name":"Fer en Provence","url":"https:\/\/ferenprovence.com\/","sameAs":["https:\/\/www.instagram.com\/ferenprovence","https:\/\/www.pinterest.fr\/ferenprovence","https:\/\/www.facebook.com\/ferenprovence"],"logo":{"@type":"ImageObject","inLanguage":"fr-FR","@id":"https:\/\/ferenprovence.com\/#\/schema\/logo\/image\/","url":"https:\/\/ferenprovence.com\/wp-content\/uploads\/2021\/11\/cropped-Sans-titre.jpg","contentUrl":"https:\/\/ferenprovence.com\/wp-content\/uploads\/2021\/11\/cropped-Sans-titre.jpg","width":250,"height":250,"caption":"Fer en Provence"},"image":{"@id":"https:\/\/ferenprovence.com\/#\/schema\/logo\/image\/"}},{"@type":"WebSite","@id":"https:\/\/ferenprovence.com\/#website","url":"https:\/\/ferenprovence.com\/","name":"Fer en Provence","description":"Ferronnerie d&#039;art au coeur du Luberon","publisher":{"@id":"https:\/\/ferenprovence.com\/#organization"},"potentialAction":[{"@type":"SearchAction","target":{"@type":"EntryPoint","urlTemplate":"https:\/\/ferenprovence.com\/?s={search_term_string}"},"query-input":"required name=search_term_string"}],"inLanguage":"fr-FR"},{"@type":"WebPage","@id":"https:\/\/ferenprovence.com\/index.php\/salle-de-bain\/","url":"https:\/\/ferenprovence.com\/index.php\/salle-de-bain\/","name":"Salle de Bain - Fer en Provence paroi de douche en fer sur-mesure","isPartOf":{"@id":"https:\/\/ferenprovence.com\/#website"},"datePublished":"2023-03-31T14:15:30+00:00","dateModified":"2024-06-27T21:28:19+00:00","description":"Embellissez votre salle de bain avec une paroi de douche en fer sur-mesure et des cr\u00e9ations intemporelles thermolaqu\u00e9es en fer forg\u00e9.","breadcrumb":{"@id":"https:\/\/ferenprovence.com\/index.php\/salle-de-bain\/#breadcrumb"},"inLanguage":"fr-FR","potentialAction":[{"@type":"ReadAction","target":["https:\/\/ferenprovence.com\/index.php\/salle-de-bain\/"]}]},{"@type":"BreadcrumbList","@id":"https:\/\/ferenprovence.com\/index.php\/salle-de-bain\/#breadcrumb","itemListElement":[{"@type":"ListItem","position":1,"name":"Accueil","item":"https:\/\/ferenprovence.com\/"},{"@type":"ListItem","position":2,"name":"Salle de Bain"}]}]}},"_links":{"self":[{"href":"https:\/\/ferenprovence.com\/index.php\/wp-json\/wp\/v2\/pages\/1070"}],"collection":[{"href":"https:\/\/ferenprovence.com\/index.php\/wp-json\/wp\/v2\/pages"}],"about":[{"href":"https:\/\/ferenprovence.com\/index.php\/wp-json\/wp\/v2\/types\/page"}],"author":[{"embeddable":true,"href":"https:\/\/ferenprovence.com\/index.php\/wp-json\/wp\/v2\/users\/1"}],"replies":[{"embeddable":true,"href":"https:\/\/ferenprovence.com\/index.php\/wp-json\/wp\/v2\/comments?post=1070"}],"version-history":[{"count":20,"href":"https:\/\/ferenprovence.com\/index.php\/wp-json\/wp\/v2\/pages\/1070\/revisions"}],"predecessor-version":[{"id":2005,"href":"https:\/\/ferenprovence.com\/index.php\/wp-json\/wp\/v2\/pages\/1070\/revisions\/2005"}],"wp:attachment":[{"href":"https:\/\/ferenprovence.com\/index.php\/wp-json\/wp\/v2\/media?parent=1070"}],"curies":[{"name":"wp","href":"https:\/\/api.w.org\/{rel}","templated":true}]}}