{"id":113,"date":"2021-11-05T14:24:49","date_gmt":"2021-11-05T13:24:49","guid":{"rendered":"http:\/\/ferenprovence.com\/?page_id=113"},"modified":"2025-09-02T23:04:07","modified_gmt":"2025-09-02T21:04:07","slug":"portes-fenetres-fer-forge","status":"publish","type":"page","link":"https:\/\/ferenprovence.com\/index.php\/portes-fenetres-fer-forge\/","title":{"rendered":"Portes &#038; Fen\u00eatres"},"content":{"rendered":"\n<div class=\"wp-block-columns alignfull\">\n<div class=\"wp-block-column\">\n<figure class=\"wp-block-image size-large\"><img loading=\"lazy\" width=\"1024\" height=\"1024\" src=\"https:\/\/ferenprovence.com\/wp-content\/uploads\/2023\/10\/baie-vitre\u0301e-fer-par-fer-en-provence-1024x1024.jpg\" alt=\"\" class=\"wp-image-1644\" srcset=\"https:\/\/ferenprovence.com\/wp-content\/uploads\/2023\/10\/baie-vitre\u0301e-fer-par-fer-en-provence-1024x1024.jpg 1024w, https:\/\/ferenprovence.com\/wp-content\/uploads\/2023\/10\/baie-vitre\u0301e-fer-par-fer-en-provence-300x300.jpg 300w, https:\/\/ferenprovence.com\/wp-content\/uploads\/2023\/10\/baie-vitre\u0301e-fer-par-fer-en-provence-150x150.jpg 150w, https:\/\/ferenprovence.com\/wp-content\/uploads\/2023\/10\/baie-vitre\u0301e-fer-par-fer-en-provence-768x768.jpg 768w, https:\/\/ferenprovence.com\/wp-content\/uploads\/2023\/10\/baie-vitre\u0301e-fer-par-fer-en-provence.jpg 1080w\" sizes=\"(max-width: 1024px) 100vw, 1024px\" \/><\/figure>\n<\/div>\n\n\n\n<div class=\"wp-block-column\">\n<figure class=\"wp-block-image size-large\"><img loading=\"lazy\" width=\"1024\" height=\"1024\" src=\"https:\/\/ferenprovence.com\/wp-content\/uploads\/2023\/03\/PORTE_ENTRE\u0301E_FER_EN_PROVENCE_FERRONNERIE_VAUCLUSE-1024x1024.jpg\" alt=\"\" class=\"wp-image-1011\" srcset=\"https:\/\/ferenprovence.com\/wp-content\/uploads\/2023\/03\/PORTE_ENTRE\u0301E_FER_EN_PROVENCE_FERRONNERIE_VAUCLUSE-1024x1024.jpg 1024w, https:\/\/ferenprovence.com\/wp-content\/uploads\/2023\/03\/PORTE_ENTRE\u0301E_FER_EN_PROVENCE_FERRONNERIE_VAUCLUSE-300x300.jpg 300w, https:\/\/ferenprovence.com\/wp-content\/uploads\/2023\/03\/PORTE_ENTRE\u0301E_FER_EN_PROVENCE_FERRONNERIE_VAUCLUSE-150x150.jpg 150w, https:\/\/ferenprovence.com\/wp-content\/uploads\/2023\/03\/PORTE_ENTRE\u0301E_FER_EN_PROVENCE_FERRONNERIE_VAUCLUSE-768x768.jpg 768w, https:\/\/ferenprovence.com\/wp-content\/uploads\/2023\/03\/PORTE_ENTRE\u0301E_FER_EN_PROVENCE_FERRONNERIE_VAUCLUSE.jpg 1080w\" sizes=\"(max-width: 1024px) 100vw, 1024px\" \/><\/figure>\n<\/div>\n<\/div>\n\n\n\n<figure class=\"wp-block-pullquote alignwide\"><blockquote><p>Porte d&rsquo;entr\u00e9e, baie vitr\u00e9e, verri\u00e8re int\u00e9rieure&#8230;<\/p><\/blockquote><\/figure>\n\n\n\n<div class=\"wp-block-columns alignfull\">\n<div class=\"wp-block-column\">\n<figure class=\"wp-block-image size-large\"><img loading=\"lazy\" width=\"1024\" height=\"1021\" src=\"https:\/\/ferenprovence.com\/wp-content\/uploads\/2024\/06\/Capture-de\u0301cran-2024-06-25-a\u0300-16.44.32-1024x1021.png\" alt=\"\" class=\"wp-image-1941\" srcset=\"https:\/\/ferenprovence.com\/wp-content\/uploads\/2024\/06\/Capture-de\u0301cran-2024-06-25-a\u0300-16.44.32-1024x1021.png 1024w, https:\/\/ferenprovence.com\/wp-content\/uploads\/2024\/06\/Capture-de\u0301cran-2024-06-25-a\u0300-16.44.32-300x300.png 300w, https:\/\/ferenprovence.com\/wp-content\/uploads\/2024\/06\/Capture-de\u0301cran-2024-06-25-a\u0300-16.44.32-150x150.png 150w, https:\/\/ferenprovence.com\/wp-content\/uploads\/2024\/06\/Capture-de\u0301cran-2024-06-25-a\u0300-16.44.32-768x766.png 768w, https:\/\/ferenprovence.com\/wp-content\/uploads\/2024\/06\/Capture-de\u0301cran-2024-06-25-a\u0300-16.44.32.png 1276w\" sizes=\"(max-width: 1024px) 100vw, 1024px\" \/><\/figure>\n<\/div>\n\n\n\n<div class=\"wp-block-column\">\n<figure class=\"wp-block-image size-large\"><img loading=\"lazy\" width=\"1024\" height=\"1024\" src=\"https:\/\/ferenprovence.com\/wp-content\/uploads\/2023\/03\/VERRIERE_ATELIER_FER_EN_PROVENCE_FERRONNERIE_VAUCLUSE-1024x1024.jpg\" alt=\"verriere int\u00e9rieure\" class=\"wp-image-1013\" srcset=\"https:\/\/ferenprovence.com\/wp-content\/uploads\/2023\/03\/VERRIERE_ATELIER_FER_EN_PROVENCE_FERRONNERIE_VAUCLUSE-1024x1024.jpg 1024w, https:\/\/ferenprovence.com\/wp-content\/uploads\/2023\/03\/VERRIERE_ATELIER_FER_EN_PROVENCE_FERRONNERIE_VAUCLUSE-300x300.jpg 300w, https:\/\/ferenprovence.com\/wp-content\/uploads\/2023\/03\/VERRIERE_ATELIER_FER_EN_PROVENCE_FERRONNERIE_VAUCLUSE-150x150.jpg 150w, https:\/\/ferenprovence.com\/wp-content\/uploads\/2023\/03\/VERRIERE_ATELIER_FER_EN_PROVENCE_FERRONNERIE_VAUCLUSE-768x768.jpg 768w, https:\/\/ferenprovence.com\/wp-content\/uploads\/2023\/03\/VERRIERE_ATELIER_FER_EN_PROVENCE_FERRONNERIE_VAUCLUSE.jpg 1080w\" sizes=\"(max-width: 1024px) 100vw, 1024px\" \/><\/figure>\n<\/div>\n<\/div>\n\n\n\n<div class=\"wp-block-columns alignfull\">\n<div class=\"wp-block-column\">\n<figure class=\"wp-block-image size-full is-resized\"><img loading=\"lazy\" src=\"https:\/\/ferenprovence.com\/wp-content\/uploads\/2024\/06\/porte_fer_forge_thermolaque_fer_en_provence.png\" alt=\"\" class=\"wp-image-1792\" width=\"871\" height=\"1023\" srcset=\"https:\/\/ferenprovence.com\/wp-content\/uploads\/2024\/06\/porte_fer_forge_thermolaque_fer_en_provence.png 508w, https:\/\/ferenprovence.com\/wp-content\/uploads\/2024\/06\/porte_fer_forge_thermolaque_fer_en_provence-255x300.png 255w\" sizes=\"(max-width: 871px) 100vw, 871px\" \/><\/figure>\n<\/div>\n\n\n\n<div class=\"wp-block-column\">\n<figure class=\"wp-block-image size-full is-resized\"><img loading=\"lazy\" src=\"https:\/\/ferenprovence.com\/wp-content\/uploads\/2024\/06\/porte_cintree_fer_ferronnerie_fer_en_provence.png\" alt=\"\" class=\"wp-image-1793\" width=\"849\" height=\"1021\" srcset=\"https:\/\/ferenprovence.com\/wp-content\/uploads\/2024\/06\/porte_cintree_fer_ferronnerie_fer_en_provence.png 475w, https:\/\/ferenprovence.com\/wp-content\/uploads\/2024\/06\/porte_cintree_fer_ferronnerie_fer_en_provence-250x300.png 250w\" sizes=\"(max-width: 849px) 100vw, 849px\" \/><\/figure>\n<\/div>\n<\/div>\n\n\n\n<figure class=\"wp-block-pullquote alignwide\"><blockquote><p>&amp; fen\u00eatre en fer sur-mesure<\/p><\/blockquote><\/figure>\n\n\n\n<div class=\"wp-block-columns alignfull\">\n<div class=\"wp-block-column\">\n<figure class=\"wp-block-image size-full is-resized\"><img loading=\"lazy\" src=\"https:\/\/ferenprovence.com\/wp-content\/uploads\/2024\/06\/porte_fer_ferronnerie_fer_en_provence-edited.png\" alt=\"\" class=\"wp-image-1802\" width=\"881\" height=\"881\" srcset=\"https:\/\/ferenprovence.com\/wp-content\/uploads\/2024\/06\/porte_fer_ferronnerie_fer_en_provence-edited.png 510w, https:\/\/ferenprovence.com\/wp-content\/uploads\/2024\/06\/porte_fer_ferronnerie_fer_en_provence-edited-300x300.png 300w, https:\/\/ferenprovence.com\/wp-content\/uploads\/2024\/06\/porte_fer_ferronnerie_fer_en_provence-edited-150x150.png 150w\" sizes=\"(max-width: 881px) 100vw, 881px\" \/><\/figure>\n<\/div>\n\n\n\n<div class=\"wp-block-column\">\n<figure class=\"wp-block-image size-full is-resized\"><img loading=\"lazy\" src=\"https:\/\/ferenprovence.com\/wp-content\/uploads\/2024\/06\/porte_cintre_fer_en_provence-1.png\" alt=\"\" class=\"wp-image-1807\" width=\"875\" height=\"879\" srcset=\"https:\/\/ferenprovence.com\/wp-content\/uploads\/2024\/06\/porte_cintre_fer_en_provence-1.png 635w, https:\/\/ferenprovence.com\/wp-content\/uploads\/2024\/06\/porte_cintre_fer_en_provence-1-300x300.png 300w, https:\/\/ferenprovence.com\/wp-content\/uploads\/2024\/06\/porte_cintre_fer_en_provence-1-150x150.png 150w\" sizes=\"(max-width: 875px) 100vw, 875px\" \/><\/figure>\n<\/div>\n<\/div>\n\n\n\n<div class=\"wp-block-columns alignfull\">\n<div class=\"wp-block-column\"><\/div>\n<\/div>\n\n\n\n<div class=\"wp-block-columns alignfull\">\n<div class=\"wp-block-column\">\n<figure class=\"wp-block-image size-large\"><img loading=\"lazy\" width=\"1024\" height=\"1024\" src=\"https:\/\/ferenprovence.com\/wp-content\/uploads\/2021\/11\/porte-en-fer-serrures-1-a-5-points-1024x1024.jpg\" alt=\"\" class=\"wp-image-593\" srcset=\"https:\/\/ferenprovence.com\/wp-content\/uploads\/2021\/11\/porte-en-fer-serrures-1-a-5-points-1024x1024.jpg 1024w, https:\/\/ferenprovence.com\/wp-content\/uploads\/2021\/11\/porte-en-fer-serrures-1-a-5-points-300x300.jpg 300w, https:\/\/ferenprovence.com\/wp-content\/uploads\/2021\/11\/porte-en-fer-serrures-1-a-5-points-150x150.jpg 150w, https:\/\/ferenprovence.com\/wp-content\/uploads\/2021\/11\/porte-en-fer-serrures-1-a-5-points-768x768.jpg 768w, https:\/\/ferenprovence.com\/wp-content\/uploads\/2021\/11\/porte-en-fer-serrures-1-a-5-points.jpg 1080w\" sizes=\"(max-width: 1024px) 100vw, 1024px\" \/><\/figure>\n<\/div>\n\n\n\n<div class=\"wp-block-column\">\n<figure class=\"wp-block-image size-large\"><a href=\"https:\/\/ferenprovence.com\/index.php\/portes-fenetres-fer-forge\/poignees-en-fer\/\"><img loading=\"lazy\" width=\"1024\" height=\"1024\" src=\"https:\/\/ferenprovence.com\/wp-content\/uploads\/2021\/11\/poignee-fer-en-provence-en-fer-forge-1024x1024.jpg\" alt=\"\" class=\"wp-image-592\" srcset=\"https:\/\/ferenprovence.com\/wp-content\/uploads\/2021\/11\/poignee-fer-en-provence-en-fer-forge-1024x1024.jpg 1024w, https:\/\/ferenprovence.com\/wp-content\/uploads\/2021\/11\/poignee-fer-en-provence-en-fer-forge-300x300.jpg 300w, https:\/\/ferenprovence.com\/wp-content\/uploads\/2021\/11\/poignee-fer-en-provence-en-fer-forge-150x150.jpg 150w, https:\/\/ferenprovence.com\/wp-content\/uploads\/2021\/11\/poignee-fer-en-provence-en-fer-forge-768x768.jpg 768w, https:\/\/ferenprovence.com\/wp-content\/uploads\/2021\/11\/poignee-fer-en-provence-en-fer-forge.jpg 1080w\" sizes=\"(max-width: 1024px) 100vw, 1024px\" \/><\/a><\/figure>\n<\/div>\n<\/div>\n\n\n\n<h2>Nos portes et fen\u00eatres en fer forg\u00e9 <\/h2>\n\n\n\n<p>Ouverture cintr\u00e9e ou carr\u00e9e ? Ouvrante ou fixe ? Choisissez le mod\u00e8le de fen\u00eatre et de porte en fer qui sublimera votre maison. Nous r\u00e9alisons sur-mesures vos prochaines portes et fen\u00eatres en fer.<\/p>\n\n\n\n<h2>Nos Portes sur-mesure en fer forg\u00e9<\/h2>\n\n\n\n<p>Fer en Provence r\u00e9alise pour vous vos portes en fer forg\u00e9. Vous aimeriez une porte d&rsquo;entr\u00e9e en fer ? Ou peut-\u00eatre une <a href=\"https:\/\/www.instagram.com\/p\/CsWG7TwN85O\/\">verri\u00e8re<\/a> ? Nous vous proposons de nombreux mod\u00e8les de portes. En effet, nous r\u00e9alisons tout autant des portes ouvrantes <a href=\"https:\/\/www.instagram.com\/p\/Cq4nCPHNw2M\/\">cintr\u00e9e<\/a>, ou droite, \u00e0 battant simple ou double, \u00e0 <a href=\"https:\/\/www.instagram.com\/p\/CgPSEyqNDjA\/\">axe d\u00e9porte<\/a> ou classique. Nous aimons utiliser un profil fin afin d&rsquo;obtenir un effet cadre de peinture donnant sur vos ext\u00e9rieurs sans obstruer la vue. Toutes nos portes en fer sont munies de serrures 3 ou 5 points, afin de r\u00e9pondre aux demandes des assurances.<\/p>\n\n\n\n<p>Les verri\u00e8res sont propos\u00e9s sans verre, afin de vous laisser libre choix quant au verre voulu. Nous travaillons avec la soci\u00e9t\u00e9 <a href=\"https:\/\/www.pagesjaunes.fr\/pros\/06374327\">AVM<\/a> bas\u00e9 \u00e0 Isle sur la Sorgue, experte dans le domaine.<\/p>\n\n\n\n<p>Nous recommandons cependant un double vitrage, en verre 4 saisons, l\u00e9g\u00e8rement miroir et anti-effraction, pour plus de s\u00e9curit\u00e9.<\/p>\n\n\n\n<h2>Nos Fen\u00eatres sur mesure en fer forg\u00e9<\/h2>\n\n\n\n<p>Nous vous proposons \u00e9galement des fen\u00eatres sur-mesure. Tout comme les portes que nous r\u00e9alisons, nous aimons r\u00e9aliser les fen\u00eatres avec un profil de fer fin. L\u00e0 aussi, un profil de fer fin permet de ne pas obstruer la vue sur l&rsquo;ext\u00e9rieur. <\/p>\n","protected":false},"excerpt":{"rendered":"<p>Porte d&rsquo;entr\u00e9e, baie vitr\u00e9e, verri\u00e8re int\u00e9rieure&#8230; &amp; fen\u00eatre en fer sur-mesure Nos portes et fen\u00eatres en fer forg\u00e9 Ouverture cintr\u00e9e ou carr\u00e9e ? Ouvrante ou fixe ? Choisissez le mod\u00e8le de fen\u00eatre et de porte en fer qui sublimera votre maison. Nous r\u00e9alisons sur-mesures vos prochaines portes et fen\u00eatres en fer. Nos Portes sur-mesure en &hellip; <\/p>\n<p class=\"link-more\"><a href=\"https:\/\/ferenprovence.com\/index.php\/portes-fenetres-fer-forge\/\" class=\"more-link\">Continuer la lecture <span class=\"screen-reader-text\"> \u00ab\u00a0Portes &#038; Fen\u00eatres\u00a0\u00bb<\/span><\/a><\/p>\n","protected":false},"author":1,"featured_media":0,"parent":0,"menu_order":0,"comment_status":"closed","ping_status":"closed","template":"","meta":[],"yoast_head":"<!-- This site is optimized with the Yoast SEO plugin v19.4 - https:\/\/yoast.com\/wordpress\/plugins\/seo\/ -->\n<title>Portes &amp; Fen\u00eatres - Fer en Provence Portes &amp; Fen\u00eatres en Fer<\/title>\n<meta name=\"description\" content=\"Portes &amp; Fenetres en Fer de Fer en Provence apportent du charme et embellissent \u00e0 votre maison. Verri\u00e8res, Portes, Fen\u00eatre et plus.\" \/>\n<meta name=\"robots\" content=\"index, follow, max-snippet:-1, max-image-preview:large, max-video-preview:-1\" \/>\n<link rel=\"canonical\" href=\"https:\/\/ferenprovence.com\/index.php\/portes-fenetres-fer-forge\/\" \/>\n<meta property=\"og:locale\" content=\"fr_FR\" \/>\n<meta property=\"og:type\" content=\"article\" \/>\n<meta property=\"og:title\" content=\"Portes &amp; Fen\u00eatres - Fer en Provence Portes &amp; Fen\u00eatres en Fer\" \/>\n<meta property=\"og:description\" content=\"Portes &amp; Fenetres en Fer de Fer en Provence apportent du charme et embellissent \u00e0 votre maison. Verri\u00e8res, Portes, Fen\u00eatre et plus.\" \/>\n<meta property=\"og:url\" content=\"https:\/\/ferenprovence.com\/index.php\/portes-fenetres-fer-forge\/\" \/>\n<meta property=\"og:site_name\" content=\"Fer en Provence\" \/>\n<meta property=\"article:publisher\" content=\"https:\/\/www.facebook.com\/ferenprovence\" \/>\n<meta property=\"article:modified_time\" content=\"2025-09-02T21:04:07+00:00\" \/>\n<meta property=\"og:image\" content=\"https:\/\/ferenprovence.com\/wp-content\/uploads\/2023\/03\/VERRIERE_ATELIER_FER_EN_PROVENCE_FERRONNERIE_VAUCLUSE-1024x1024.jpg\" \/>\n<meta name=\"twitter:card\" content=\"summary_large_image\" \/>\n<meta name=\"twitter:label1\" content=\"Dur\u00e9e de lecture estim\u00e9e\" \/>\n\t<meta name=\"twitter:data1\" content=\"2 minutes\" \/>\n<script type=\"application\/ld+json\" class=\"yoast-schema-graph\">{\"@context\":\"https:\/\/schema.org\",\"@graph\":[{\"@type\":\"Organization\",\"@id\":\"https:\/\/ferenprovence.com\/#organization\",\"name\":\"Fer en Provence\",\"url\":\"https:\/\/ferenprovence.com\/\",\"sameAs\":[\"https:\/\/www.instagram.com\/ferenprovence\",\"https:\/\/www.pinterest.fr\/ferenprovence\",\"https:\/\/www.facebook.com\/ferenprovence\"],\"logo\":{\"@type\":\"ImageObject\",\"inLanguage\":\"fr-FR\",\"@id\":\"https:\/\/ferenprovence.com\/#\/schema\/logo\/image\/\",\"url\":\"https:\/\/ferenprovence.com\/wp-content\/uploads\/2021\/11\/cropped-Sans-titre.jpg\",\"contentUrl\":\"https:\/\/ferenprovence.com\/wp-content\/uploads\/2021\/11\/cropped-Sans-titre.jpg\",\"width\":250,\"height\":250,\"caption\":\"Fer en Provence\"},\"image\":{\"@id\":\"https:\/\/ferenprovence.com\/#\/schema\/logo\/image\/\"}},{\"@type\":\"WebSite\",\"@id\":\"https:\/\/ferenprovence.com\/#website\",\"url\":\"https:\/\/ferenprovence.com\/\",\"name\":\"Fer en Provence\",\"description\":\"Ferronnerie d&#039;art au coeur du Luberon\",\"publisher\":{\"@id\":\"https:\/\/ferenprovence.com\/#organization\"},\"potentialAction\":[{\"@type\":\"SearchAction\",\"target\":{\"@type\":\"EntryPoint\",\"urlTemplate\":\"https:\/\/ferenprovence.com\/?s={search_term_string}\"},\"query-input\":\"required name=search_term_string\"}],\"inLanguage\":\"fr-FR\"},{\"@type\":\"WebPage\",\"@id\":\"https:\/\/ferenprovence.com\/index.php\/portes-fenetres-fer-forge\/\",\"url\":\"https:\/\/ferenprovence.com\/index.php\/portes-fenetres-fer-forge\/\",\"name\":\"Portes & Fen\u00eatres - Fer en Provence Portes & Fen\u00eatres en Fer\",\"isPartOf\":{\"@id\":\"https:\/\/ferenprovence.com\/#website\"},\"datePublished\":\"2021-11-05T13:24:49+00:00\",\"dateModified\":\"2025-09-02T21:04:07+00:00\",\"description\":\"Portes & Fenetres en Fer de Fer en Provence apportent du charme et embellissent \u00e0 votre maison. Verri\u00e8res, Portes, Fen\u00eatre et plus.\",\"breadcrumb\":{\"@id\":\"https:\/\/ferenprovence.com\/index.php\/portes-fenetres-fer-forge\/#breadcrumb\"},\"inLanguage\":\"fr-FR\",\"potentialAction\":[{\"@type\":\"ReadAction\",\"target\":[\"https:\/\/ferenprovence.com\/index.php\/portes-fenetres-fer-forge\/\"]}]},{\"@type\":\"BreadcrumbList\",\"@id\":\"https:\/\/ferenprovence.com\/index.php\/portes-fenetres-fer-forge\/#breadcrumb\",\"itemListElement\":[{\"@type\":\"ListItem\",\"position\":1,\"name\":\"Accueil\",\"item\":\"https:\/\/ferenprovence.com\/\"},{\"@type\":\"ListItem\",\"position\":2,\"name\":\"Portes &#038; Fen\u00eatres\"}]}]}<\/script>\n<!-- \/ Yoast SEO plugin. -->","yoast_head_json":{"title":"Portes & Fen\u00eatres - Fer en Provence Portes & Fen\u00eatres en Fer","description":"Portes & Fenetres en Fer de Fer en Provence apportent du charme et embellissent \u00e0 votre maison. Verri\u00e8res, Portes, Fen\u00eatre et plus.","robots":{"index":"index","follow":"follow","max-snippet":"max-snippet:-1","max-image-preview":"max-image-preview:large","max-video-preview":"max-video-preview:-1"},"canonical":"https:\/\/ferenprovence.com\/index.php\/portes-fenetres-fer-forge\/","og_locale":"fr_FR","og_type":"article","og_title":"Portes & Fen\u00eatres - Fer en Provence Portes & Fen\u00eatres en Fer","og_description":"Portes & Fenetres en Fer de Fer en Provence apportent du charme et embellissent \u00e0 votre maison. Verri\u00e8res, Portes, Fen\u00eatre et plus.","og_url":"https:\/\/ferenprovence.com\/index.php\/portes-fenetres-fer-forge\/","og_site_name":"Fer en Provence","article_publisher":"https:\/\/www.facebook.com\/ferenprovence","article_modified_time":"2025-09-02T21:04:07+00:00","og_image":[{"url":"https:\/\/ferenprovence.com\/wp-content\/uploads\/2023\/03\/VERRIERE_ATELIER_FER_EN_PROVENCE_FERRONNERIE_VAUCLUSE-1024x1024.jpg"}],"twitter_card":"summary_large_image","twitter_misc":{"Dur\u00e9e de lecture estim\u00e9e":"2 minutes"},"schema":{"@context":"https:\/\/schema.org","@graph":[{"@type":"Organization","@id":"https:\/\/ferenprovence.com\/#organization","name":"Fer en Provence","url":"https:\/\/ferenprovence.com\/","sameAs":["https:\/\/www.instagram.com\/ferenprovence","https:\/\/www.pinterest.fr\/ferenprovence","https:\/\/www.facebook.com\/ferenprovence"],"logo":{"@type":"ImageObject","inLanguage":"fr-FR","@id":"https:\/\/ferenprovence.com\/#\/schema\/logo\/image\/","url":"https:\/\/ferenprovence.com\/wp-content\/uploads\/2021\/11\/cropped-Sans-titre.jpg","contentUrl":"https:\/\/ferenprovence.com\/wp-content\/uploads\/2021\/11\/cropped-Sans-titre.jpg","width":250,"height":250,"caption":"Fer en Provence"},"image":{"@id":"https:\/\/ferenprovence.com\/#\/schema\/logo\/image\/"}},{"@type":"WebSite","@id":"https:\/\/ferenprovence.com\/#website","url":"https:\/\/ferenprovence.com\/","name":"Fer en Provence","description":"Ferronnerie d&#039;art au coeur du Luberon","publisher":{"@id":"https:\/\/ferenprovence.com\/#organization"},"potentialAction":[{"@type":"SearchAction","target":{"@type":"EntryPoint","urlTemplate":"https:\/\/ferenprovence.com\/?s={search_term_string}"},"query-input":"required name=search_term_string"}],"inLanguage":"fr-FR"},{"@type":"WebPage","@id":"https:\/\/ferenprovence.com\/index.php\/portes-fenetres-fer-forge\/","url":"https:\/\/ferenprovence.com\/index.php\/portes-fenetres-fer-forge\/","name":"Portes & Fen\u00eatres - Fer en Provence Portes & Fen\u00eatres en Fer","isPartOf":{"@id":"https:\/\/ferenprovence.com\/#website"},"datePublished":"2021-11-05T13:24:49+00:00","dateModified":"2025-09-02T21:04:07+00:00","description":"Portes & Fenetres en Fer de Fer en Provence apportent du charme et embellissent \u00e0 votre maison. Verri\u00e8res, Portes, Fen\u00eatre et plus.","breadcrumb":{"@id":"https:\/\/ferenprovence.com\/index.php\/portes-fenetres-fer-forge\/#breadcrumb"},"inLanguage":"fr-FR","potentialAction":[{"@type":"ReadAction","target":["https:\/\/ferenprovence.com\/index.php\/portes-fenetres-fer-forge\/"]}]},{"@type":"BreadcrumbList","@id":"https:\/\/ferenprovence.com\/index.php\/portes-fenetres-fer-forge\/#breadcrumb","itemListElement":[{"@type":"ListItem","position":1,"name":"Accueil","item":"https:\/\/ferenprovence.com\/"},{"@type":"ListItem","position":2,"name":"Portes &#038; Fen\u00eatres"}]}]}},"_links":{"self":[{"href":"https:\/\/ferenprovence.com\/index.php\/wp-json\/wp\/v2\/pages\/113"}],"collection":[{"href":"https:\/\/ferenprovence.com\/index.php\/wp-json\/wp\/v2\/pages"}],"about":[{"href":"https:\/\/ferenprovence.com\/index.php\/wp-json\/wp\/v2\/types\/page"}],"author":[{"embeddable":true,"href":"https:\/\/ferenprovence.com\/index.php\/wp-json\/wp\/v2\/users\/1"}],"replies":[{"embeddable":true,"href":"https:\/\/ferenprovence.com\/index.php\/wp-json\/wp\/v2\/comments?post=113"}],"version-history":[{"count":83,"href":"https:\/\/ferenprovence.com\/index.php\/wp-json\/wp\/v2\/pages\/113\/revisions"}],"predecessor-version":[{"id":2222,"href":"https:\/\/ferenprovence.com\/index.php\/wp-json\/wp\/v2\/pages\/113\/revisions\/2222"}],"wp:attachment":[{"href":"https:\/\/ferenprovence.com\/index.php\/wp-json\/wp\/v2\/media?parent=113"}],"curies":[{"name":"wp","href":"https:\/\/api.w.org\/{rel}","templated":true}]}}