{"id":116,"date":"2021-11-05T14:27:17","date_gmt":"2021-11-05T13:27:17","guid":{"rendered":"http:\/\/ferenprovence.com\/?page_id=116"},"modified":"2025-09-02T23:05:59","modified_gmt":"2025-09-02T21:05:59","slug":"mobilier-intemporel-en-fer-forge","status":"publish","type":"page","link":"https:\/\/ferenprovence.com\/index.php\/mobilier-intemporel-en-fer-forge\/","title":{"rendered":"Mobilier sur-mesure"},"content":{"rendered":"\n<div class=\"wp-block-columns alignfull\">\n<div class=\"wp-block-column\">\n<figure class=\"wp-block-image size-large\"><img loading=\"lazy\" width=\"939\" height=\"941\" src=\"https:\/\/ferenprovence.com\/wp-content\/uploads\/2024\/06\/fer_en_provence_bibliotheque_fer_bois-edited.png\" alt=\"\" class=\"wp-image-1862\" srcset=\"https:\/\/ferenprovence.com\/wp-content\/uploads\/2024\/06\/fer_en_provence_bibliotheque_fer_bois-edited.png 939w, https:\/\/ferenprovence.com\/wp-content\/uploads\/2024\/06\/fer_en_provence_bibliotheque_fer_bois-edited-300x300.png 300w, https:\/\/ferenprovence.com\/wp-content\/uploads\/2024\/06\/fer_en_provence_bibliotheque_fer_bois-edited-150x150.png 150w, https:\/\/ferenprovence.com\/wp-content\/uploads\/2024\/06\/fer_en_provence_bibliotheque_fer_bois-edited-768x770.png 768w\" sizes=\"(max-width: 939px) 100vw, 939px\" \/><\/figure>\n<\/div>\n\n\n\n<div class=\"wp-block-column\">\n<figure class=\"wp-block-image size-full is-resized\"><img loading=\"lazy\" src=\"https:\/\/ferenprovence.com\/wp-content\/uploads\/2024\/06\/fer_en_provence_mobilier-fer-forge\u0301-edited.png\" alt=\"\" class=\"wp-image-1860\" width=\"1034\" height=\"699\"\/><\/figure>\n<\/div>\n<\/div>\n\n\n\n<figure class=\"wp-block-pullquote alignwide\"><blockquote><p>Le fer s&rsquo;accorde \u00e0 tous vos espaces &amp; donne du style \u00e0 vos int\u00e9rieurs et ext\u00e9rieurs.<\/p><\/blockquote><\/figure>\n\n\n\n<div class=\"wp-block-columns alignfull\">\n<div class=\"wp-block-column\">\n<figure class=\"wp-block-image size-full is-resized\"><img src=\"https:\/\/ferenprovence.com\/wp-content\/uploads\/2025\/09\/fer_en_provence_table-fer-et-verre-edited.png\" alt=\"\" class=\"wp-image-2223\" width=\"879\" srcset=\"https:\/\/ferenprovence.com\/wp-content\/uploads\/2025\/09\/fer_en_provence_table-fer-et-verre-edited.png 846w, https:\/\/ferenprovence.com\/wp-content\/uploads\/2025\/09\/fer_en_provence_table-fer-et-verre-edited-300x300.png 300w, https:\/\/ferenprovence.com\/wp-content\/uploads\/2025\/09\/fer_en_provence_table-fer-et-verre-edited-150x150.png 150w, https:\/\/ferenprovence.com\/wp-content\/uploads\/2025\/09\/fer_en_provence_table-fer-et-verre-edited-768x768.png 768w\" sizes=\"(max-width: 846px) 100vw, 846px\" \/><\/figure>\n<\/div>\n\n\n\n<div class=\"wp-block-column\">\n<figure class=\"wp-block-image size-large is-resized\"><img loading=\"lazy\" src=\"https:\/\/ferenprovence.com\/wp-content\/uploads\/2024\/06\/mobilier_de_jardin_fer_et_verre_fer_en_provence-edited.png\" alt=\"\" class=\"wp-image-1865\" width=\"1053\" height=\"878\"\/><\/figure>\n<\/div>\n<\/div>\n\n\n\n<figure class=\"wp-block-pullquote alignwide\"><blockquote><p>Avec du verre ou du bois, designons des pi\u00e8ces uniques &amp; intemporelles qui vous ressemblent.<\/p><\/blockquote><\/figure>\n\n\n\n<div class=\"wp-block-columns alignwide\">\n<div class=\"wp-block-column\"><\/div>\n\n\n\n<div class=\"wp-block-column\"><\/div>\n\n\n\n<div class=\"wp-block-column\">\n<div class=\"wp-block-image\"><figure class=\"alignright size-large is-resized\"><a href=\"https:\/\/ferenprovence.com\/\"><img loading=\"lazy\" src=\"https:\/\/ferenprovence.com\/wp-content\/uploads\/2021\/11\/fer-en-provence-14-1024x1024.jpg\" alt=\"retour \u00e0 l'accueil\" class=\"wp-image-671\" width=\"161\" height=\"161\" srcset=\"https:\/\/ferenprovence.com\/wp-content\/uploads\/2021\/11\/fer-en-provence-14-1024x1024.jpg 1024w, https:\/\/ferenprovence.com\/wp-content\/uploads\/2021\/11\/fer-en-provence-14-300x300.jpg 300w, https:\/\/ferenprovence.com\/wp-content\/uploads\/2021\/11\/fer-en-provence-14-150x150.jpg 150w, https:\/\/ferenprovence.com\/wp-content\/uploads\/2021\/11\/fer-en-provence-14-768x768.jpg 768w, https:\/\/ferenprovence.com\/wp-content\/uploads\/2021\/11\/fer-en-provence-14.jpg 1080w\" sizes=\"(max-width: 161px) 100vw, 161px\" \/><\/a><\/figure><\/div>\n<\/div>\n<\/div>\n\n\n\n<h2>Mobilier intemporel en fer<\/h2>\n\n\n\n<p>Faites le choix de pi\u00e8ces design sur-mesure en choisissant un mobilier intemporel en fer forg\u00e9. Le fer s&rsquo;int\u00e8gre parfaitement \u00e0 tous vos int\u00e9rieurs et ext\u00e9rieurs et apporte \u00e9l\u00e9gance et modernit\u00e9. Plusieurs styles de mobilier en fer sont possibles : style moderne et \u00e9pur\u00e9, style proven\u00e7al, et style ancien. Nous vous proposons \u00e9galement de r\u00e9aliser pour vous le mobilier que vous vous \u00eates imagin\u00e9.<\/p>\n\n\n\n<h3>Mobilier en fer forg\u00e9 de style Moderne<\/h3>\n\n\n\n<p>Nous aimons travailler le fer en finesse, que le rendu soit l\u00e9ger et s&rsquo;int\u00e8gre dans tous vos espaces. <a href=\"https:\/\/www.instagram.com\/p\/CZMCfHDNlaP\/\" target=\"_blank\" rel=\"noreferrer noopener\">Biblioth\u00e8que<\/a>, \u00e9chelle, fauteuil, <a href=\"https:\/\/www.instagram.com\/p\/CfCZ2s6N_p6\/\">table<\/a>, chaise, banc, <a href=\"https:\/\/www.instagram.com\/p\/CoZorIbNEE1\/\" target=\"_blank\" rel=\"noreferrer noopener\">lampe<\/a>, <a href=\"https:\/\/www.instagram.com\/p\/CZHFKh_tXoI\/\" target=\"_blank\" rel=\"noreferrer noopener\">porte b\u00fbches en fer<\/a>&#8230; les possibilit\u00e9s sont infinis !<\/p>\n\n\n\n<h3>Ferronnerie Proven\u00e7ale<\/h3>\n\n\n\n<p>La ferronnerie proven\u00e7ale, comme son nom l&rsquo;indique est typique de la Provence. Que ce soit une <a href=\"https:\/\/ferenprovence.com\/index.php\/tringle-a-rideaux-en-fer-forge-sur-mesure\/\">Tringle \u00e0 rideaux proven\u00e7ale<\/a> coud\u00e9e permettant de ne pas laisser passer de jour entre la tringle et les rideaux, une <a href=\"https:\/\/ferenprovence.com\/index.php\/tonnelles-pergolas-fer-forge\/\">tonnelle<\/a> pour se prot\u00e9ger du soleil l&rsquo;\u00e9t\u00e9, du mobilier de jardin pour profiter du beau temps, un abris voiture pour garder sa voiture \u00e0 l&rsquo;ombre&#8230; Les r\u00e9alisations en Provence sont g\u00e9n\u00e9ralement fini avec une patine ancienne : rouill\u00e9 et vernis, pour un rendu intemporel et un entretient facile !  <\/p>\n\n\n\n<h3> R\u00e9fection &amp; R\u00e9\u00e9dition mobilier en fer de style ancien<\/h3>\n\n\n\n<p>Si vous pr\u00e9f\u00e9rez le <a href=\"https:\/\/www.instagram.com\/p\/Cd6UHQxpWo0\/\" target=\"_blank\" rel=\"noreferrer noopener\">style ancien<\/a>, nous vous proposons de r\u00e9\u00e9diter ou de r\u00e9parer votre mobilier en fer forg\u00e9 ancien. Bien que le fer soit hautement r\u00e9sistant, il peut arriver que les ann\u00e9es qui passent laissent des traces. <\/p>\n\n\n\n<h3>Laissez libre cour \u00e0 votre imagination<\/h3>\n\n\n\n<p>Une id\u00e9e originale de mobilier en fer ? Nous r\u00e9alisons pour vous le mobilier en fer forg\u00e9 que vous vous \u00eates imagin\u00e9. <\/p>\n\n\n\n<p><\/p>\n","protected":false},"excerpt":{"rendered":"<p>Le fer s&rsquo;accorde \u00e0 tous vos espaces &amp; donne du style \u00e0 vos int\u00e9rieurs et ext\u00e9rieurs. Avec du verre ou du bois, designons des pi\u00e8ces uniques &amp; intemporelles qui vous ressemblent. Mobilier intemporel en fer Faites le choix de pi\u00e8ces design sur-mesure en choisissant un mobilier intemporel en fer forg\u00e9. Le fer s&rsquo;int\u00e8gre parfaitement \u00e0 &hellip; <\/p>\n<p class=\"link-more\"><a href=\"https:\/\/ferenprovence.com\/index.php\/mobilier-intemporel-en-fer-forge\/\" class=\"more-link\">Continuer la lecture <span class=\"screen-reader-text\"> \u00ab\u00a0Mobilier sur-mesure\u00a0\u00bb<\/span><\/a><\/p>\n","protected":false},"author":1,"featured_media":0,"parent":0,"menu_order":0,"comment_status":"closed","ping_status":"closed","template":"","meta":[],"yoast_head":"<!-- This site is optimized with the Yoast SEO plugin v19.4 - https:\/\/yoast.com\/wordpress\/plugins\/seo\/ -->\n<title>Mobilier sur-mesure - Fer en Provence<\/title>\n<meta name=\"description\" content=\"D\u00e9couvrez la collection de mobilier intemporel en fer pour vos int\u00e9rieurs et ext\u00e9rieurs r\u00e9alis\u00e9 pour vous par Fer en Provence.\" \/>\n<meta name=\"robots\" content=\"index, follow, max-snippet:-1, max-image-preview:large, max-video-preview:-1\" \/>\n<link rel=\"canonical\" href=\"https:\/\/ferenprovence.com\/index.php\/mobilier-intemporel-en-fer-forge\/\" \/>\n<meta property=\"og:locale\" content=\"fr_FR\" \/>\n<meta property=\"og:type\" content=\"article\" \/>\n<meta property=\"og:title\" content=\"Mobilier sur-mesure - Fer en Provence\" \/>\n<meta property=\"og:description\" content=\"D\u00e9couvrez la collection de mobilier intemporel en fer pour vos int\u00e9rieurs et ext\u00e9rieurs r\u00e9alis\u00e9 pour vous par Fer en Provence.\" \/>\n<meta property=\"og:url\" content=\"https:\/\/ferenprovence.com\/index.php\/mobilier-intemporel-en-fer-forge\/\" \/>\n<meta property=\"og:site_name\" content=\"Fer en Provence\" \/>\n<meta property=\"article:publisher\" content=\"https:\/\/www.facebook.com\/ferenprovence\" \/>\n<meta property=\"article:modified_time\" content=\"2025-09-02T21:05:59+00:00\" \/>\n<meta property=\"og:image\" content=\"https:\/\/ferenprovence.com\/wp-content\/uploads\/2024\/06\/fer_en_provence_bibliotheque_fer_bois-edited.png\" \/>\n<meta name=\"twitter:card\" content=\"summary_large_image\" \/>\n<meta name=\"twitter:label1\" content=\"Dur\u00e9e de lecture estim\u00e9e\" \/>\n\t<meta name=\"twitter:data1\" content=\"2 minutes\" \/>\n<script type=\"application\/ld+json\" class=\"yoast-schema-graph\">{\"@context\":\"https:\/\/schema.org\",\"@graph\":[{\"@type\":\"Organization\",\"@id\":\"https:\/\/ferenprovence.com\/#organization\",\"name\":\"Fer en Provence\",\"url\":\"https:\/\/ferenprovence.com\/\",\"sameAs\":[\"https:\/\/www.instagram.com\/ferenprovence\",\"https:\/\/www.pinterest.fr\/ferenprovence\",\"https:\/\/www.facebook.com\/ferenprovence\"],\"logo\":{\"@type\":\"ImageObject\",\"inLanguage\":\"fr-FR\",\"@id\":\"https:\/\/ferenprovence.com\/#\/schema\/logo\/image\/\",\"url\":\"https:\/\/ferenprovence.com\/wp-content\/uploads\/2021\/11\/cropped-Sans-titre.jpg\",\"contentUrl\":\"https:\/\/ferenprovence.com\/wp-content\/uploads\/2021\/11\/cropped-Sans-titre.jpg\",\"width\":250,\"height\":250,\"caption\":\"Fer en Provence\"},\"image\":{\"@id\":\"https:\/\/ferenprovence.com\/#\/schema\/logo\/image\/\"}},{\"@type\":\"WebSite\",\"@id\":\"https:\/\/ferenprovence.com\/#website\",\"url\":\"https:\/\/ferenprovence.com\/\",\"name\":\"Fer en Provence\",\"description\":\"Ferronnerie d&#039;art au coeur du Luberon\",\"publisher\":{\"@id\":\"https:\/\/ferenprovence.com\/#organization\"},\"potentialAction\":[{\"@type\":\"SearchAction\",\"target\":{\"@type\":\"EntryPoint\",\"urlTemplate\":\"https:\/\/ferenprovence.com\/?s={search_term_string}\"},\"query-input\":\"required name=search_term_string\"}],\"inLanguage\":\"fr-FR\"},{\"@type\":\"WebPage\",\"@id\":\"https:\/\/ferenprovence.com\/index.php\/mobilier-intemporel-en-fer-forge\/\",\"url\":\"https:\/\/ferenprovence.com\/index.php\/mobilier-intemporel-en-fer-forge\/\",\"name\":\"Mobilier sur-mesure - Fer en Provence\",\"isPartOf\":{\"@id\":\"https:\/\/ferenprovence.com\/#website\"},\"datePublished\":\"2021-11-05T13:27:17+00:00\",\"dateModified\":\"2025-09-02T21:05:59+00:00\",\"description\":\"D\u00e9couvrez la collection de mobilier intemporel en fer pour vos int\u00e9rieurs et ext\u00e9rieurs r\u00e9alis\u00e9 pour vous par Fer en Provence.\",\"breadcrumb\":{\"@id\":\"https:\/\/ferenprovence.com\/index.php\/mobilier-intemporel-en-fer-forge\/#breadcrumb\"},\"inLanguage\":\"fr-FR\",\"potentialAction\":[{\"@type\":\"ReadAction\",\"target\":[\"https:\/\/ferenprovence.com\/index.php\/mobilier-intemporel-en-fer-forge\/\"]}]},{\"@type\":\"BreadcrumbList\",\"@id\":\"https:\/\/ferenprovence.com\/index.php\/mobilier-intemporel-en-fer-forge\/#breadcrumb\",\"itemListElement\":[{\"@type\":\"ListItem\",\"position\":1,\"name\":\"Accueil\",\"item\":\"https:\/\/ferenprovence.com\/\"},{\"@type\":\"ListItem\",\"position\":2,\"name\":\"Mobilier sur-mesure\"}]}]}<\/script>\n<!-- \/ Yoast SEO plugin. -->","yoast_head_json":{"title":"Mobilier sur-mesure - Fer en Provence","description":"D\u00e9couvrez la collection de mobilier intemporel en fer pour vos int\u00e9rieurs et ext\u00e9rieurs r\u00e9alis\u00e9 pour vous par Fer en Provence.","robots":{"index":"index","follow":"follow","max-snippet":"max-snippet:-1","max-image-preview":"max-image-preview:large","max-video-preview":"max-video-preview:-1"},"canonical":"https:\/\/ferenprovence.com\/index.php\/mobilier-intemporel-en-fer-forge\/","og_locale":"fr_FR","og_type":"article","og_title":"Mobilier sur-mesure - Fer en Provence","og_description":"D\u00e9couvrez la collection de mobilier intemporel en fer pour vos int\u00e9rieurs et ext\u00e9rieurs r\u00e9alis\u00e9 pour vous par Fer en Provence.","og_url":"https:\/\/ferenprovence.com\/index.php\/mobilier-intemporel-en-fer-forge\/","og_site_name":"Fer en Provence","article_publisher":"https:\/\/www.facebook.com\/ferenprovence","article_modified_time":"2025-09-02T21:05:59+00:00","og_image":[{"url":"https:\/\/ferenprovence.com\/wp-content\/uploads\/2024\/06\/fer_en_provence_bibliotheque_fer_bois-edited.png"}],"twitter_card":"summary_large_image","twitter_misc":{"Dur\u00e9e de lecture estim\u00e9e":"2 minutes"},"schema":{"@context":"https:\/\/schema.org","@graph":[{"@type":"Organization","@id":"https:\/\/ferenprovence.com\/#organization","name":"Fer en Provence","url":"https:\/\/ferenprovence.com\/","sameAs":["https:\/\/www.instagram.com\/ferenprovence","https:\/\/www.pinterest.fr\/ferenprovence","https:\/\/www.facebook.com\/ferenprovence"],"logo":{"@type":"ImageObject","inLanguage":"fr-FR","@id":"https:\/\/ferenprovence.com\/#\/schema\/logo\/image\/","url":"https:\/\/ferenprovence.com\/wp-content\/uploads\/2021\/11\/cropped-Sans-titre.jpg","contentUrl":"https:\/\/ferenprovence.com\/wp-content\/uploads\/2021\/11\/cropped-Sans-titre.jpg","width":250,"height":250,"caption":"Fer en Provence"},"image":{"@id":"https:\/\/ferenprovence.com\/#\/schema\/logo\/image\/"}},{"@type":"WebSite","@id":"https:\/\/ferenprovence.com\/#website","url":"https:\/\/ferenprovence.com\/","name":"Fer en Provence","description":"Ferronnerie d&#039;art au coeur du Luberon","publisher":{"@id":"https:\/\/ferenprovence.com\/#organization"},"potentialAction":[{"@type":"SearchAction","target":{"@type":"EntryPoint","urlTemplate":"https:\/\/ferenprovence.com\/?s={search_term_string}"},"query-input":"required name=search_term_string"}],"inLanguage":"fr-FR"},{"@type":"WebPage","@id":"https:\/\/ferenprovence.com\/index.php\/mobilier-intemporel-en-fer-forge\/","url":"https:\/\/ferenprovence.com\/index.php\/mobilier-intemporel-en-fer-forge\/","name":"Mobilier sur-mesure - Fer en Provence","isPartOf":{"@id":"https:\/\/ferenprovence.com\/#website"},"datePublished":"2021-11-05T13:27:17+00:00","dateModified":"2025-09-02T21:05:59+00:00","description":"D\u00e9couvrez la collection de mobilier intemporel en fer pour vos int\u00e9rieurs et ext\u00e9rieurs r\u00e9alis\u00e9 pour vous par Fer en Provence.","breadcrumb":{"@id":"https:\/\/ferenprovence.com\/index.php\/mobilier-intemporel-en-fer-forge\/#breadcrumb"},"inLanguage":"fr-FR","potentialAction":[{"@type":"ReadAction","target":["https:\/\/ferenprovence.com\/index.php\/mobilier-intemporel-en-fer-forge\/"]}]},{"@type":"BreadcrumbList","@id":"https:\/\/ferenprovence.com\/index.php\/mobilier-intemporel-en-fer-forge\/#breadcrumb","itemListElement":[{"@type":"ListItem","position":1,"name":"Accueil","item":"https:\/\/ferenprovence.com\/"},{"@type":"ListItem","position":2,"name":"Mobilier sur-mesure"}]}]}},"_links":{"self":[{"href":"https:\/\/ferenprovence.com\/index.php\/wp-json\/wp\/v2\/pages\/116"}],"collection":[{"href":"https:\/\/ferenprovence.com\/index.php\/wp-json\/wp\/v2\/pages"}],"about":[{"href":"https:\/\/ferenprovence.com\/index.php\/wp-json\/wp\/v2\/types\/page"}],"author":[{"embeddable":true,"href":"https:\/\/ferenprovence.com\/index.php\/wp-json\/wp\/v2\/users\/1"}],"replies":[{"embeddable":true,"href":"https:\/\/ferenprovence.com\/index.php\/wp-json\/wp\/v2\/comments?post=116"}],"version-history":[{"count":65,"href":"https:\/\/ferenprovence.com\/index.php\/wp-json\/wp\/v2\/pages\/116\/revisions"}],"predecessor-version":[{"id":2224,"href":"https:\/\/ferenprovence.com\/index.php\/wp-json\/wp\/v2\/pages\/116\/revisions\/2224"}],"wp:attachment":[{"href":"https:\/\/ferenprovence.com\/index.php\/wp-json\/wp\/v2\/media?parent=116"}],"curies":[{"name":"wp","href":"https:\/\/api.w.org\/{rel}","templated":true}]}}