{"id":118,"date":"2021-11-05T14:29:06","date_gmt":"2021-11-05T13:29:06","guid":{"rendered":"http:\/\/ferenprovence.com\/?page_id=118"},"modified":"2025-09-02T20:30:22","modified_gmt":"2025-09-02T18:30:22","slug":"garde-corps-grilles-clotures-fer-forge","status":"publish","type":"page","link":"https:\/\/ferenprovence.com\/index.php\/garde-corps-grilles-clotures-fer-forge\/","title":{"rendered":"Garde-corps &#038; Cl\u00f4tures"},"content":{"rendered":"\n<div class=\"wp-block-columns alignfull\">\n<div class=\"wp-block-column\">\n<figure class=\"wp-block-image size-large\"><img loading=\"lazy\" width=\"1024\" height=\"1024\" src=\"https:\/\/ferenprovence.com\/wp-content\/uploads\/2024\/06\/fer_en_provence_grille_de_jardin-edited-1024x1024.jpg\" alt=\"\" class=\"wp-image-1751\" srcset=\"https:\/\/ferenprovence.com\/wp-content\/uploads\/2024\/06\/fer_en_provence_grille_de_jardin-edited-1024x1024.jpg 1024w, https:\/\/ferenprovence.com\/wp-content\/uploads\/2024\/06\/fer_en_provence_grille_de_jardin-edited-300x300.jpg 300w, https:\/\/ferenprovence.com\/wp-content\/uploads\/2024\/06\/fer_en_provence_grille_de_jardin-edited-150x150.jpg 150w, https:\/\/ferenprovence.com\/wp-content\/uploads\/2024\/06\/fer_en_provence_grille_de_jardin-edited-768x768.jpg 768w, https:\/\/ferenprovence.com\/wp-content\/uploads\/2024\/06\/fer_en_provence_grille_de_jardin-edited-1536x1536.jpg 1536w, https:\/\/ferenprovence.com\/wp-content\/uploads\/2024\/06\/fer_en_provence_grille_de_jardin-edited-2048x2048.jpg 2048w, https:\/\/ferenprovence.com\/wp-content\/uploads\/2024\/06\/fer_en_provence_grille_de_jardin-edited-1568x1568.jpg 1568w\" sizes=\"(max-width: 1024px) 100vw, 1024px\" \/><\/figure>\n<\/div>\n\n\n\n<div class=\"wp-block-column\">\n<figure class=\"wp-block-image size-large is-resized\"><img loading=\"lazy\" src=\"https:\/\/ferenprovence.com\/wp-content\/uploads\/2024\/06\/fer_en_provence_garde-corps-piscine-fer-2-edited.png\" alt=\"\" class=\"wp-image-1753\" width=\"883\" height=\"882\" srcset=\"https:\/\/ferenprovence.com\/wp-content\/uploads\/2024\/06\/fer_en_provence_garde-corps-piscine-fer-2-edited.png 844w, https:\/\/ferenprovence.com\/wp-content\/uploads\/2024\/06\/fer_en_provence_garde-corps-piscine-fer-2-edited-300x300.png 300w, https:\/\/ferenprovence.com\/wp-content\/uploads\/2024\/06\/fer_en_provence_garde-corps-piscine-fer-2-edited-150x150.png 150w, https:\/\/ferenprovence.com\/wp-content\/uploads\/2024\/06\/fer_en_provence_garde-corps-piscine-fer-2-edited-768x767.png 768w\" sizes=\"(max-width: 883px) 100vw, 883px\" \/><\/figure>\n<\/div>\n<\/div>\n\n\n\n<h3 class=\"alignfull has-text-align-center\">S\u00e9curisez votre piscine, fen\u00eatres &amp; terrasses. <\/h3>\n\n\n\n<h3 class=\"alignfull has-text-align-center\">D\u00e9limitez votre jardin ou prot\u00e9gez vos ouvertures<\/h3>\n\n\n\n<p><\/p>\n\n\n\n<div class=\"wp-block-columns alignfull\">\n<div class=\"wp-block-column\">\n<figure class=\"wp-block-image size-full is-resized\"><img loading=\"lazy\" src=\"https:\/\/ferenprovence.com\/wp-content\/uploads\/2025\/03\/garde_corps_arrondi_fer_forge_ferronnerie_fer_en_provence.png\" alt=\"\" class=\"wp-image-2107\" width=\"882\" height=\"882\" srcset=\"https:\/\/ferenprovence.com\/wp-content\/uploads\/2025\/03\/garde_corps_arrondi_fer_forge_ferronnerie_fer_en_provence.png 497w, https:\/\/ferenprovence.com\/wp-content\/uploads\/2025\/03\/garde_corps_arrondi_fer_forge_ferronnerie_fer_en_provence-300x300.png 300w, https:\/\/ferenprovence.com\/wp-content\/uploads\/2025\/03\/garde_corps_arrondi_fer_forge_ferronnerie_fer_en_provence-150x150.png 150w\" sizes=\"(max-width: 882px) 100vw, 882px\" \/><\/figure>\n<\/div>\n\n\n\n<div class=\"wp-block-column\">\n<figure class=\"wp-block-image size-large\"><img loading=\"lazy\" width=\"1024\" height=\"1022\" src=\"https:\/\/ferenprovence.com\/wp-content\/uploads\/2023\/08\/garde-corps-muret-pierre_fer_en_provence-1024x1022.png\" alt=\"\" class=\"wp-image-1599\" srcset=\"https:\/\/ferenprovence.com\/wp-content\/uploads\/2023\/08\/garde-corps-muret-pierre_fer_en_provence-1024x1022.png 1024w, https:\/\/ferenprovence.com\/wp-content\/uploads\/2023\/08\/garde-corps-muret-pierre_fer_en_provence-300x300.png 300w, https:\/\/ferenprovence.com\/wp-content\/uploads\/2023\/08\/garde-corps-muret-pierre_fer_en_provence-150x150.png 150w, https:\/\/ferenprovence.com\/wp-content\/uploads\/2023\/08\/garde-corps-muret-pierre_fer_en_provence-768x767.png 768w, https:\/\/ferenprovence.com\/wp-content\/uploads\/2023\/08\/garde-corps-muret-pierre_fer_en_provence.png 1182w\" sizes=\"(max-width: 1024px) 100vw, 1024px\" \/><\/figure>\n<\/div>\n<\/div>\n\n\n\n<div class=\"wp-block-columns alignfull\">\n<div class=\"wp-block-column\">\n<figure class=\"wp-block-pullquote alignwide\"><blockquote><p>\u00ab\u00a0Une tr\u00e8s belle rencontre humaine et professionnelle. Un travail remarquable, des d\u00e9lais plus que raisonnables, nous sommes ravis du travail r\u00e9alis\u00e9. Un grand merci pour cette belle r\u00e9alisation (rampe et garde-corps de piscine).\u00a0\u00bb<\/p><cite>MP RV<\/cite><\/blockquote><\/figure>\n<\/div>\n<\/div>\n\n\n\n<div class=\"wp-block-columns alignfull\">\n<div class=\"wp-block-column\">\n<figure class=\"wp-block-image size-large\"><img loading=\"lazy\" width=\"1024\" height=\"1024\" src=\"https:\/\/ferenprovence.com\/wp-content\/uploads\/2023\/08\/grille_fer_tole_forge\u0301_fer_en_provence-1024x1024.png\" alt=\"\" class=\"wp-image-1598\" srcset=\"https:\/\/ferenprovence.com\/wp-content\/uploads\/2023\/08\/grille_fer_tole_forge\u0301_fer_en_provence-1024x1024.png 1024w, https:\/\/ferenprovence.com\/wp-content\/uploads\/2023\/08\/grille_fer_tole_forge\u0301_fer_en_provence-300x300.png 300w, https:\/\/ferenprovence.com\/wp-content\/uploads\/2023\/08\/grille_fer_tole_forge\u0301_fer_en_provence-150x150.png 150w, https:\/\/ferenprovence.com\/wp-content\/uploads\/2023\/08\/grille_fer_tole_forge\u0301_fer_en_provence-768x768.png 768w, https:\/\/ferenprovence.com\/wp-content\/uploads\/2023\/08\/grille_fer_tole_forge\u0301_fer_en_provence.png 1172w\" sizes=\"(max-width: 1024px) 100vw, 1024px\" \/><\/figure>\n<\/div>\n\n\n\n<div class=\"wp-block-column\">\n<figure class=\"wp-block-image size-large\"><img loading=\"lazy\" width=\"1024\" height=\"1024\" src=\"https:\/\/ferenprovence.com\/wp-content\/uploads\/2021\/11\/38fer-en-provence-fer-forge\u0301-1024x1024.jpg\" alt=\"\" class=\"wp-image-448\" srcset=\"https:\/\/ferenprovence.com\/wp-content\/uploads\/2021\/11\/38fer-en-provence-fer-forge\u0301-1024x1024.jpg 1024w, https:\/\/ferenprovence.com\/wp-content\/uploads\/2021\/11\/38fer-en-provence-fer-forge\u0301-300x300.jpg 300w, https:\/\/ferenprovence.com\/wp-content\/uploads\/2021\/11\/38fer-en-provence-fer-forge\u0301-150x150.jpg 150w, https:\/\/ferenprovence.com\/wp-content\/uploads\/2021\/11\/38fer-en-provence-fer-forge\u0301-768x768.jpg 768w, https:\/\/ferenprovence.com\/wp-content\/uploads\/2021\/11\/38fer-en-provence-fer-forge\u0301.jpg 1080w\" sizes=\"(max-width: 1024px) 100vw, 1024px\" \/><\/figure>\n<\/div>\n<\/div>\n\n\n\n<div class=\"wp-block-columns alignfull\">\n<div class=\"wp-block-column\">\n<div class=\"wp-block-image\"><figure class=\"aligncenter size-full is-resized\"><img loading=\"lazy\" src=\"https:\/\/ferenprovence.com\/wp-content\/uploads\/2025\/09\/grille_fenetre_fer_en_provence-edited.png\" alt=\"\" class=\"wp-image-2174\" width=\"887\" height=\"675\"\/><\/figure><\/div>\n<\/div>\n\n\n\n<div class=\"wp-block-column\">\n<figure class=\"wp-block-image alignwide size-full\"><img loading=\"lazy\" width=\"861\" height=\"861\" src=\"https:\/\/ferenprovence.com\/wp-content\/uploads\/2025\/09\/fer_en_provence_garde-corps-terrasse-2-edited.png\" alt=\"\" class=\"wp-image-2175\" srcset=\"https:\/\/ferenprovence.com\/wp-content\/uploads\/2025\/09\/fer_en_provence_garde-corps-terrasse-2-edited.png 861w, https:\/\/ferenprovence.com\/wp-content\/uploads\/2025\/09\/fer_en_provence_garde-corps-terrasse-2-edited-300x300.png 300w, https:\/\/ferenprovence.com\/wp-content\/uploads\/2025\/09\/fer_en_provence_garde-corps-terrasse-2-edited-150x150.png 150w, https:\/\/ferenprovence.com\/wp-content\/uploads\/2025\/09\/fer_en_provence_garde-corps-terrasse-2-edited-768x768.png 768w\" sizes=\"(max-width: 861px) 100vw, 861px\" \/><\/figure>\n\n\n\n<p><\/p>\n<\/div>\n<\/div>\n\n\n\n<figure class=\"wp-block-pullquote alignwide\"><blockquote><p>\u00ab\u00a0La conception et r\u00e9alisation d\u2019une grille de cl\u00f4ture s\u2019est tr\u00e8s bien pass\u00e9. Travail soign\u00e9 et rapide, merci \u00e0 Lucas pour son professionnalisme et sa bonne humeur!\u00a0\u00bb<\/p><cite>MB &#8211; Juillet 2025<\/cite><\/blockquote><\/figure>\n\n\n\n<div class=\"wp-block-columns alignfull\">\n<div class=\"wp-block-column\">\n<div class=\"wp-block-image\"><figure class=\"aligncenter size-full is-resized\"><img loading=\"lazy\" src=\"https:\/\/ferenprovence.com\/wp-content\/uploads\/2024\/06\/garde_corps_forge\u0301_volute_fenetre_fer_en_provence-edited-1.png\" alt=\"\" class=\"wp-image-1756\" width=\"628\" height=\"628\" srcset=\"https:\/\/ferenprovence.com\/wp-content\/uploads\/2024\/06\/garde_corps_forge\u0301_volute_fenetre_fer_en_provence-edited-1.png 452w, https:\/\/ferenprovence.com\/wp-content\/uploads\/2024\/06\/garde_corps_forge\u0301_volute_fenetre_fer_en_provence-edited-1-300x300.png 300w, https:\/\/ferenprovence.com\/wp-content\/uploads\/2024\/06\/garde_corps_forge\u0301_volute_fenetre_fer_en_provence-edited-1-150x150.png 150w\" sizes=\"(max-width: 628px) 100vw, 628px\" \/><\/figure><\/div>\n<\/div>\n\n\n\n<div class=\"wp-block-column\">\n<div class=\"wp-block-image\"><figure class=\"aligncenter size-large is-resized\"><img loading=\"lazy\" src=\"https:\/\/ferenprovence.com\/wp-content\/uploads\/2023\/10\/garde-corps-fer-gordes-par-fer-en-provence-2-1024x1024.jpg\" alt=\"\" class=\"wp-image-1641\" width=\"635\" height=\"635\" srcset=\"https:\/\/ferenprovence.com\/wp-content\/uploads\/2023\/10\/garde-corps-fer-gordes-par-fer-en-provence-2-1024x1024.jpg 1024w, https:\/\/ferenprovence.com\/wp-content\/uploads\/2023\/10\/garde-corps-fer-gordes-par-fer-en-provence-2-300x300.jpg 300w, https:\/\/ferenprovence.com\/wp-content\/uploads\/2023\/10\/garde-corps-fer-gordes-par-fer-en-provence-2-150x150.jpg 150w, https:\/\/ferenprovence.com\/wp-content\/uploads\/2023\/10\/garde-corps-fer-gordes-par-fer-en-provence-2-768x768.jpg 768w, https:\/\/ferenprovence.com\/wp-content\/uploads\/2023\/10\/garde-corps-fer-gordes-par-fer-en-provence-2.jpg 1080w\" sizes=\"(max-width: 635px) 100vw, 635px\" \/><\/figure><\/div>\n<\/div>\n<\/div>\n\n\n\n<div class=\"wp-block-image\"><figure class=\"alignright size-large is-resized\"><a href=\"https:\/\/www.ferenprovence.com\"><img loading=\"lazy\" src=\"https:\/\/ferenprovence.com\/wp-content\/uploads\/2021\/11\/fer-en-provence-13-1024x1024.jpg\" alt=\"retour a l'accueil\" class=\"wp-image-666\" width=\"147\" height=\"147\" srcset=\"https:\/\/ferenprovence.com\/wp-content\/uploads\/2021\/11\/fer-en-provence-13-1024x1024.jpg 1024w, https:\/\/ferenprovence.com\/wp-content\/uploads\/2021\/11\/fer-en-provence-13-300x300.jpg 300w, https:\/\/ferenprovence.com\/wp-content\/uploads\/2021\/11\/fer-en-provence-13-150x150.jpg 150w, https:\/\/ferenprovence.com\/wp-content\/uploads\/2021\/11\/fer-en-provence-13-768x768.jpg 768w, https:\/\/ferenprovence.com\/wp-content\/uploads\/2021\/11\/fer-en-provence-13.jpg 1080w\" sizes=\"(max-width: 147px) 100vw, 147px\" \/><\/a><\/figure><\/div>\n\n\n\n<p><\/p>\n\n\n\n<p><\/p>\n\n\n\n<div class=\"wp-block-group alignwide\"><div class=\"wp-block-group__inner-container\">\n<h2 class=\"alignwide\">Garde-corps en fer forg\u00e9<\/h2>\n\n\n\n<div class=\"wp-block-group\"><div class=\"wp-block-group__inner-container\">\n<div class=\"wp-block-columns\">\n<div class=\"wp-block-column\" style=\"flex-basis:100%\"><\/div>\n<\/div>\n<\/div><\/div>\n<\/div><\/div>\n\n\n\n<p>Fer en Provence vous propose de prot\u00e9ger vos terrasses et balcons gr\u00e2ce \u00e0 un garde-corps en fer forg\u00e9 r\u00e9pondant aux normes de s\u00e9curit\u00e9.<\/p>\n\n\n\n<h2>Cl\u00f4ture en fer forg\u00e9<\/h2>\n\n\n\n<p>S\u00e9curisez votre jardin en installant une cl\u00f4ture en fer forg\u00e9. Nous forgeons pour vous des grilles, \u00e0 bout pointu ou non, en barreaux ajour\u00e9s ou ferm\u00e9s par une t\u00f4le, pour plus d&rsquo;intimit\u00e9 vous permettant de d\u00e9limiter votre ext\u00e9rieur. <\/p>\n\n\n\n<h2>Grille de d\u00e9fense en fer forg\u00e9<\/h2>\n\n\n\n<p>Vous avez chez-vous une fen\u00eatre donnant sur la rue ? Vous ne souhaitez pas installer de volet, mais vous aimeriez s\u00e9curiser votre maison tout en laissant passer la lumi\u00e8re ? Nous vous proposons une grille de d\u00e9fense sur-mesure en fer forg\u00e9. <\/p>\n\n\n\n<h2>Grille de piscine avec serrure s\u00e9curis\u00e9<\/h2>\n\n\n\n<p>Il est important pour ne pas dire obligatoire de s\u00e9curiser votre piscine. Installer une cl\u00f4ture de piscine vous permet de profitez des beaux jours l&rsquo;esprit tranquille. Chez Fer en Provence, nous pensons qu&rsquo;une barri\u00e8re de piscine en fer forg\u00e9 est l&rsquo;option la plus esth\u00e9tique et s\u00e9curitaire, qui s&rsquo;accorde parfaitement \u00e0 votre jardin. En effet, une barri\u00e8re de piscine d\u00e9limite les espaces, met en avant votre piscine et embelli votre jardin.<\/p>\n\n\n\n<p>Nous vous recommandons de planter quelques lavandin tout au long de la cl\u00f4ture pour un effet bien-\u00eatre garanti.<\/p>\n","protected":false},"excerpt":{"rendered":"<p>S\u00e9curisez votre piscine, fen\u00eatres &amp; terrasses. D\u00e9limitez votre jardin ou prot\u00e9gez vos ouvertures \u00ab\u00a0Une tr\u00e8s belle rencontre humaine et professionnelle. Un travail remarquable, des d\u00e9lais plus que raisonnables, nous sommes ravis du travail r\u00e9alis\u00e9. Un grand merci pour cette belle r\u00e9alisation (rampe et garde-corps de piscine).\u00a0\u00bb MP RV \u00ab\u00a0La conception et r\u00e9alisation d\u2019une grille de &hellip; <\/p>\n<p class=\"link-more\"><a href=\"https:\/\/ferenprovence.com\/index.php\/garde-corps-grilles-clotures-fer-forge\/\" class=\"more-link\">Continuer la lecture <span class=\"screen-reader-text\"> \u00ab\u00a0Garde-corps &#038; Cl\u00f4tures\u00a0\u00bb<\/span><\/a><\/p>\n","protected":false},"author":1,"featured_media":0,"parent":0,"menu_order":0,"comment_status":"closed","ping_status":"closed","template":"","meta":[],"yoast_head":"<!-- This site is optimized with the Yoast SEO plugin v19.4 - https:\/\/yoast.com\/wordpress\/plugins\/seo\/ -->\n<title>Garde-corps &amp; Cl\u00f4tures - Fer en Provence - Fer forg\u00e9<\/title>\n<meta name=\"description\" content=\"Fer en Provence vous propose de s\u00e9curisez votre jardin, terrasse, ouvertures ou votre piscine avec une grille ou un garde-corps en fer forg\u00e9.\" \/>\n<meta name=\"robots\" content=\"index, follow, max-snippet:-1, max-image-preview:large, max-video-preview:-1\" \/>\n<link rel=\"canonical\" href=\"https:\/\/ferenprovence.com\/index.php\/garde-corps-grilles-clotures-fer-forge\/\" \/>\n<meta property=\"og:locale\" content=\"fr_FR\" \/>\n<meta property=\"og:type\" content=\"article\" \/>\n<meta property=\"og:title\" content=\"Garde-corps &amp; Cl\u00f4tures - Fer en Provence - Fer forg\u00e9\" \/>\n<meta property=\"og:description\" content=\"Fer en Provence vous propose de s\u00e9curisez votre jardin, terrasse, ouvertures ou votre piscine avec une grille ou un garde-corps en fer forg\u00e9.\" \/>\n<meta property=\"og:url\" content=\"https:\/\/ferenprovence.com\/index.php\/garde-corps-grilles-clotures-fer-forge\/\" \/>\n<meta property=\"og:site_name\" content=\"Fer en Provence\" \/>\n<meta property=\"article:publisher\" content=\"https:\/\/www.facebook.com\/ferenprovence\" \/>\n<meta property=\"article:modified_time\" content=\"2025-09-02T18:30:22+00:00\" \/>\n<meta property=\"og:image\" content=\"https:\/\/ferenprovence.com\/wp-content\/uploads\/2024\/06\/fer_en_provence_grille_de_jardin-edited-1024x1024.jpg\" \/>\n<meta name=\"twitter:card\" content=\"summary_large_image\" \/>\n<meta name=\"twitter:label1\" content=\"Dur\u00e9e de lecture estim\u00e9e\" \/>\n\t<meta name=\"twitter:data1\" content=\"2 minutes\" \/>\n<script type=\"application\/ld+json\" class=\"yoast-schema-graph\">{\"@context\":\"https:\/\/schema.org\",\"@graph\":[{\"@type\":\"Organization\",\"@id\":\"https:\/\/ferenprovence.com\/#organization\",\"name\":\"Fer en Provence\",\"url\":\"https:\/\/ferenprovence.com\/\",\"sameAs\":[\"https:\/\/www.instagram.com\/ferenprovence\",\"https:\/\/www.pinterest.fr\/ferenprovence\",\"https:\/\/www.facebook.com\/ferenprovence\"],\"logo\":{\"@type\":\"ImageObject\",\"inLanguage\":\"fr-FR\",\"@id\":\"https:\/\/ferenprovence.com\/#\/schema\/logo\/image\/\",\"url\":\"https:\/\/ferenprovence.com\/wp-content\/uploads\/2021\/11\/cropped-Sans-titre.jpg\",\"contentUrl\":\"https:\/\/ferenprovence.com\/wp-content\/uploads\/2021\/11\/cropped-Sans-titre.jpg\",\"width\":250,\"height\":250,\"caption\":\"Fer en Provence\"},\"image\":{\"@id\":\"https:\/\/ferenprovence.com\/#\/schema\/logo\/image\/\"}},{\"@type\":\"WebSite\",\"@id\":\"https:\/\/ferenprovence.com\/#website\",\"url\":\"https:\/\/ferenprovence.com\/\",\"name\":\"Fer en Provence\",\"description\":\"Ferronnerie d&#039;art au coeur du Luberon\",\"publisher\":{\"@id\":\"https:\/\/ferenprovence.com\/#organization\"},\"potentialAction\":[{\"@type\":\"SearchAction\",\"target\":{\"@type\":\"EntryPoint\",\"urlTemplate\":\"https:\/\/ferenprovence.com\/?s={search_term_string}\"},\"query-input\":\"required name=search_term_string\"}],\"inLanguage\":\"fr-FR\"},{\"@type\":\"WebPage\",\"@id\":\"https:\/\/ferenprovence.com\/index.php\/garde-corps-grilles-clotures-fer-forge\/\",\"url\":\"https:\/\/ferenprovence.com\/index.php\/garde-corps-grilles-clotures-fer-forge\/\",\"name\":\"Garde-corps & Cl\u00f4tures - Fer en Provence - Fer forg\u00e9\",\"isPartOf\":{\"@id\":\"https:\/\/ferenprovence.com\/#website\"},\"datePublished\":\"2021-11-05T13:29:06+00:00\",\"dateModified\":\"2025-09-02T18:30:22+00:00\",\"description\":\"Fer en Provence vous propose de s\u00e9curisez votre jardin, terrasse, ouvertures ou votre piscine avec une grille ou un garde-corps en fer forg\u00e9.\",\"breadcrumb\":{\"@id\":\"https:\/\/ferenprovence.com\/index.php\/garde-corps-grilles-clotures-fer-forge\/#breadcrumb\"},\"inLanguage\":\"fr-FR\",\"potentialAction\":[{\"@type\":\"ReadAction\",\"target\":[\"https:\/\/ferenprovence.com\/index.php\/garde-corps-grilles-clotures-fer-forge\/\"]}]},{\"@type\":\"BreadcrumbList\",\"@id\":\"https:\/\/ferenprovence.com\/index.php\/garde-corps-grilles-clotures-fer-forge\/#breadcrumb\",\"itemListElement\":[{\"@type\":\"ListItem\",\"position\":1,\"name\":\"Accueil\",\"item\":\"https:\/\/ferenprovence.com\/\"},{\"@type\":\"ListItem\",\"position\":2,\"name\":\"Garde-corps &#038; Cl\u00f4tures\"}]}]}<\/script>\n<!-- \/ Yoast SEO plugin. -->","yoast_head_json":{"title":"Garde-corps & Cl\u00f4tures - Fer en Provence - Fer forg\u00e9","description":"Fer en Provence vous propose de s\u00e9curisez votre jardin, terrasse, ouvertures ou votre piscine avec une grille ou un garde-corps en fer forg\u00e9.","robots":{"index":"index","follow":"follow","max-snippet":"max-snippet:-1","max-image-preview":"max-image-preview:large","max-video-preview":"max-video-preview:-1"},"canonical":"https:\/\/ferenprovence.com\/index.php\/garde-corps-grilles-clotures-fer-forge\/","og_locale":"fr_FR","og_type":"article","og_title":"Garde-corps & Cl\u00f4tures - Fer en Provence - Fer forg\u00e9","og_description":"Fer en Provence vous propose de s\u00e9curisez votre jardin, terrasse, ouvertures ou votre piscine avec une grille ou un garde-corps en fer forg\u00e9.","og_url":"https:\/\/ferenprovence.com\/index.php\/garde-corps-grilles-clotures-fer-forge\/","og_site_name":"Fer en Provence","article_publisher":"https:\/\/www.facebook.com\/ferenprovence","article_modified_time":"2025-09-02T18:30:22+00:00","og_image":[{"url":"https:\/\/ferenprovence.com\/wp-content\/uploads\/2024\/06\/fer_en_provence_grille_de_jardin-edited-1024x1024.jpg"}],"twitter_card":"summary_large_image","twitter_misc":{"Dur\u00e9e de lecture estim\u00e9e":"2 minutes"},"schema":{"@context":"https:\/\/schema.org","@graph":[{"@type":"Organization","@id":"https:\/\/ferenprovence.com\/#organization","name":"Fer en Provence","url":"https:\/\/ferenprovence.com\/","sameAs":["https:\/\/www.instagram.com\/ferenprovence","https:\/\/www.pinterest.fr\/ferenprovence","https:\/\/www.facebook.com\/ferenprovence"],"logo":{"@type":"ImageObject","inLanguage":"fr-FR","@id":"https:\/\/ferenprovence.com\/#\/schema\/logo\/image\/","url":"https:\/\/ferenprovence.com\/wp-content\/uploads\/2021\/11\/cropped-Sans-titre.jpg","contentUrl":"https:\/\/ferenprovence.com\/wp-content\/uploads\/2021\/11\/cropped-Sans-titre.jpg","width":250,"height":250,"caption":"Fer en Provence"},"image":{"@id":"https:\/\/ferenprovence.com\/#\/schema\/logo\/image\/"}},{"@type":"WebSite","@id":"https:\/\/ferenprovence.com\/#website","url":"https:\/\/ferenprovence.com\/","name":"Fer en Provence","description":"Ferronnerie d&#039;art au coeur du Luberon","publisher":{"@id":"https:\/\/ferenprovence.com\/#organization"},"potentialAction":[{"@type":"SearchAction","target":{"@type":"EntryPoint","urlTemplate":"https:\/\/ferenprovence.com\/?s={search_term_string}"},"query-input":"required name=search_term_string"}],"inLanguage":"fr-FR"},{"@type":"WebPage","@id":"https:\/\/ferenprovence.com\/index.php\/garde-corps-grilles-clotures-fer-forge\/","url":"https:\/\/ferenprovence.com\/index.php\/garde-corps-grilles-clotures-fer-forge\/","name":"Garde-corps & Cl\u00f4tures - Fer en Provence - Fer forg\u00e9","isPartOf":{"@id":"https:\/\/ferenprovence.com\/#website"},"datePublished":"2021-11-05T13:29:06+00:00","dateModified":"2025-09-02T18:30:22+00:00","description":"Fer en Provence vous propose de s\u00e9curisez votre jardin, terrasse, ouvertures ou votre piscine avec une grille ou un garde-corps en fer forg\u00e9.","breadcrumb":{"@id":"https:\/\/ferenprovence.com\/index.php\/garde-corps-grilles-clotures-fer-forge\/#breadcrumb"},"inLanguage":"fr-FR","potentialAction":[{"@type":"ReadAction","target":["https:\/\/ferenprovence.com\/index.php\/garde-corps-grilles-clotures-fer-forge\/"]}]},{"@type":"BreadcrumbList","@id":"https:\/\/ferenprovence.com\/index.php\/garde-corps-grilles-clotures-fer-forge\/#breadcrumb","itemListElement":[{"@type":"ListItem","position":1,"name":"Accueil","item":"https:\/\/ferenprovence.com\/"},{"@type":"ListItem","position":2,"name":"Garde-corps &#038; Cl\u00f4tures"}]}]}},"_links":{"self":[{"href":"https:\/\/ferenprovence.com\/index.php\/wp-json\/wp\/v2\/pages\/118"}],"collection":[{"href":"https:\/\/ferenprovence.com\/index.php\/wp-json\/wp\/v2\/pages"}],"about":[{"href":"https:\/\/ferenprovence.com\/index.php\/wp-json\/wp\/v2\/types\/page"}],"author":[{"embeddable":true,"href":"https:\/\/ferenprovence.com\/index.php\/wp-json\/wp\/v2\/users\/1"}],"replies":[{"embeddable":true,"href":"https:\/\/ferenprovence.com\/index.php\/wp-json\/wp\/v2\/comments?post=118"}],"version-history":[{"count":110,"href":"https:\/\/ferenprovence.com\/index.php\/wp-json\/wp\/v2\/pages\/118\/revisions"}],"predecessor-version":[{"id":2178,"href":"https:\/\/ferenprovence.com\/index.php\/wp-json\/wp\/v2\/pages\/118\/revisions\/2178"}],"wp:attachment":[{"href":"https:\/\/ferenprovence.com\/index.php\/wp-json\/wp\/v2\/media?parent=118"}],"curies":[{"name":"wp","href":"https:\/\/api.w.org\/{rel}","templated":true}]}}