{"id":12,"date":"2021-11-05T10:47:16","date_gmt":"2021-11-05T09:47:16","guid":{"rendered":"http:\/\/ferenprovence.com\/?page_id=12"},"modified":"2025-09-04T13:18:33","modified_gmt":"2025-09-04T11:18:33","slug":"fer-en-provence","status":"publish","type":"page","link":"https:\/\/ferenprovence.com\/","title":{"rendered":"La beaut\u00e9 intemporelle du Fer"},"content":{"rendered":"\n<div class=\"wp-block-group alignwide\"><div class=\"wp-block-group__inner-container\">\n<h2 class=\"alignwide has-text-align-center\">pour vos int\u00e9rieurs &amp; ext\u00e9rieurs<\/h2>\n\n\n\n<p><\/p>\n<\/div><\/div>\n\n\n\n<div class=\"wp-block-columns alignwide\">\n<div class=\"wp-block-column\">\n<div style=\"height:78px\" aria-hidden=\"true\" class=\"wp-block-spacer\"><\/div>\n<\/div>\n<\/div>\n\n\n\n<div class=\"wp-block-columns alignwide\">\n<div class=\"wp-block-column\">\n<div class=\"wp-block-group\"><div class=\"wp-block-group__inner-container\">\n<div class=\"wp-block-image\"><figure class=\"aligncenter size-large\"><a href=\"https:\/\/ferenprovence.com\/index.php\/portail-et-portillon-en-fer\/\"><img loading=\"lazy\" width=\"1024\" height=\"1024\" src=\"https:\/\/ferenprovence.com\/wp-content\/uploads\/2022\/01\/27FER_EN_PROVENCE_FERRONNERIE_VAUCLUSE-1024x1024.jpg\" alt=\"\" class=\"wp-image-887\" srcset=\"https:\/\/ferenprovence.com\/wp-content\/uploads\/2022\/01\/27FER_EN_PROVENCE_FERRONNERIE_VAUCLUSE-1024x1024.jpg 1024w, https:\/\/ferenprovence.com\/wp-content\/uploads\/2022\/01\/27FER_EN_PROVENCE_FERRONNERIE_VAUCLUSE-300x300.jpg 300w, https:\/\/ferenprovence.com\/wp-content\/uploads\/2022\/01\/27FER_EN_PROVENCE_FERRONNERIE_VAUCLUSE-150x150.jpg 150w, https:\/\/ferenprovence.com\/wp-content\/uploads\/2022\/01\/27FER_EN_PROVENCE_FERRONNERIE_VAUCLUSE-768x768.jpg 768w, https:\/\/ferenprovence.com\/wp-content\/uploads\/2022\/01\/27FER_EN_PROVENCE_FERRONNERIE_VAUCLUSE.jpg 1080w\" sizes=\"(max-width: 1024px) 100vw, 1024px\" \/><\/a><\/figure><\/div>\n\n\n\n<h3 class=\"has-text-align-center\">Portails &amp; Portillons<\/h3>\n\n\n\n<p>D\u00e9couvrez nos Portails et Portillon fait mains au coeur du Luberon. Chez Fer en Provence, nous concevons des <strong>portails et portillons en fer forg\u00e9<\/strong> qui allient s\u00e9curit\u00e9, durabilit\u00e9 et esth\u00e9tisme. Chaque pi\u00e8ce est une cr\u00e9ation sur mesure, fa\u00e7onn\u00e9e pour s&rsquo;int\u00e9grer  parfaitement \u00e0 votre architecture.<\/p>\n\n\n\n<div class=\"wp-block-button aligncenter is-style-outline\"><a class=\"wp-block-button__link\" href=\"https:\/\/ferenprovence.com\/index.php\/portail-et-portillon-en-fer\/\" target=\"_blank\" rel=\"noreferrer noopener\">Voir Plus<\/a><\/div>\n<\/div><\/div>\n\n\n\n<div class=\"wp-block-group\"><div class=\"wp-block-group__inner-container\">\n<div class=\"wp-block-image\"><figure class=\"aligncenter size-large is-resized\"><a href=\"https:\/\/ferenprovence.com\/index.php\/portes-fenetres-fer-forge\/\"><img loading=\"lazy\" src=\"https:\/\/ferenprovence.com\/wp-content\/uploads\/2024\/06\/collection-ouverture-fer-en-provence-porte-et-fenetre-en-fer-1-1-edited.png\" alt=\"\" class=\"wp-image-1844\" width=\"779\" height=\"779\" srcset=\"https:\/\/ferenprovence.com\/wp-content\/uploads\/2024\/06\/collection-ouverture-fer-en-provence-porte-et-fenetre-en-fer-1-1-edited.png 1080w, https:\/\/ferenprovence.com\/wp-content\/uploads\/2024\/06\/collection-ouverture-fer-en-provence-porte-et-fenetre-en-fer-1-1-edited-300x300.png 300w, https:\/\/ferenprovence.com\/wp-content\/uploads\/2024\/06\/collection-ouverture-fer-en-provence-porte-et-fenetre-en-fer-1-1-edited-1024x1024.png 1024w, https:\/\/ferenprovence.com\/wp-content\/uploads\/2024\/06\/collection-ouverture-fer-en-provence-porte-et-fenetre-en-fer-1-1-edited-150x150.png 150w, https:\/\/ferenprovence.com\/wp-content\/uploads\/2024\/06\/collection-ouverture-fer-en-provence-porte-et-fenetre-en-fer-1-1-edited-768x768.png 768w\" sizes=\"(max-width: 779px) 100vw, 779px\" \/><\/a><\/figure><\/div>\n\n\n\n<h3 class=\"has-text-align-center\">Portes &amp; Fen\u00eatres<\/h3>\n\n\n\n<p>Les ouvertures sont de v\u00e9ritables pi\u00e8ces ma\u00eetresses de votre maison. Nous mettons notre savoir-faire au service de la beaut\u00e9 et de la finesse pour cr\u00e9er des <strong>portes, fen\u00eatres, verri\u00e8res, baies vitr\u00e9es et meurtri\u00e8res<\/strong> qui transforment vos espaces.<\/p>\n\n\n\n<div class=\"wp-block-button aligncenter is-style-outline\"><a class=\"wp-block-button__link\" href=\"https:\/\/ferenprovence.com\/index.php\/portes-fenetres-fer-forge\/\" target=\"_blank\" rel=\"noreferrer noopener\">Voir Plus<\/a><\/div>\n\n\n\n<div style=\"height:36px\" aria-hidden=\"true\" class=\"wp-block-spacer\"><\/div>\n<\/div><\/div>\n\n\n\n<div class=\"wp-block-group\"><div class=\"wp-block-group__inner-container\">\n<figure class=\"wp-block-image size-large is-resized\"><a href=\"https:\/\/ferenprovence.com\/index.php\/garde-corps-grilles-clotures-fer-forge\/\"><img loading=\"lazy\" src=\"https:\/\/ferenprovence.com\/wp-content\/uploads\/2022\/01\/40FER_EN_PROVENCE_FERRONNERIE_VAUCLUSE-1024x1024.jpg\" alt=\"\" class=\"wp-image-895\" width=\"679\" height=\"679\" srcset=\"https:\/\/ferenprovence.com\/wp-content\/uploads\/2022\/01\/40FER_EN_PROVENCE_FERRONNERIE_VAUCLUSE-1024x1024.jpg 1024w, https:\/\/ferenprovence.com\/wp-content\/uploads\/2022\/01\/40FER_EN_PROVENCE_FERRONNERIE_VAUCLUSE-300x300.jpg 300w, https:\/\/ferenprovence.com\/wp-content\/uploads\/2022\/01\/40FER_EN_PROVENCE_FERRONNERIE_VAUCLUSE-150x150.jpg 150w, https:\/\/ferenprovence.com\/wp-content\/uploads\/2022\/01\/40FER_EN_PROVENCE_FERRONNERIE_VAUCLUSE-768x768.jpg 768w, https:\/\/ferenprovence.com\/wp-content\/uploads\/2022\/01\/40FER_EN_PROVENCE_FERRONNERIE_VAUCLUSE.jpg 1080w\" sizes=\"(max-width: 679px) 100vw, 679px\" \/><\/a><\/figure>\n\n\n\n<h3 class=\"has-text-align-center\">Gardes Corps &amp; Cl\u00f4tures<\/h3>\n\n\n\n<p>La s\u00e9curit\u00e9 ne doit pas se faire au d\u00e9triment de l&rsquo;esth\u00e9tisme. Chez Fer en Provence, nous concevons des <strong>gardes-corps, cl\u00f4tures, grilles de protection et pourtours de piscine<\/strong> en fer forg\u00e9 qui allient robustesse et \u00e9l\u00e9gance.<\/p>\n\n\n\n<div class=\"wp-block-button aligncenter is-style-outline\"><a class=\"wp-block-button__link\" href=\"https:\/\/ferenprovence.com\/index.php\/garde-corps-grilles-clotures-fer-forge\/\" target=\"_blank\" rel=\"noreferrer noopener\">Voir Plus<\/a><\/div>\n<\/div><\/div>\n\n\n\n<div style=\"height:58px\" aria-hidden=\"true\" class=\"wp-block-spacer\"><\/div>\n<\/div>\n\n\n\n<div class=\"wp-block-column\">\n<div class=\"wp-block-group\"><div class=\"wp-block-group__inner-container\">\n<div class=\"wp-block-image\"><figure class=\"aligncenter size-large\"><a href=\"https:\/\/ferenprovence.com\/index.php\/tonnelles-pergolas-fer-forge\/\"><img loading=\"lazy\" width=\"1024\" height=\"1024\" src=\"https:\/\/ferenprovence.com\/wp-content\/uploads\/2022\/01\/33FER_EN_PROVENCE_FERRONNERIE_VAUCLUSE-1024x1024.jpg\" alt=\"\" class=\"wp-image-889\" srcset=\"https:\/\/ferenprovence.com\/wp-content\/uploads\/2022\/01\/33FER_EN_PROVENCE_FERRONNERIE_VAUCLUSE-1024x1024.jpg 1024w, https:\/\/ferenprovence.com\/wp-content\/uploads\/2022\/01\/33FER_EN_PROVENCE_FERRONNERIE_VAUCLUSE-300x300.jpg 300w, https:\/\/ferenprovence.com\/wp-content\/uploads\/2022\/01\/33FER_EN_PROVENCE_FERRONNERIE_VAUCLUSE-150x150.jpg 150w, https:\/\/ferenprovence.com\/wp-content\/uploads\/2022\/01\/33FER_EN_PROVENCE_FERRONNERIE_VAUCLUSE-768x768.jpg 768w, https:\/\/ferenprovence.com\/wp-content\/uploads\/2022\/01\/33FER_EN_PROVENCE_FERRONNERIE_VAUCLUSE.jpg 1080w\" sizes=\"(max-width: 1024px) 100vw, 1024px\" \/><\/a><\/figure><\/div>\n\n\n\n<h3 class=\"has-text-align-center\">Tonnelles &amp; Pergolas<\/h3>\n\n\n\n<p>Imaginez un d\u00e9jeuner en famille ou entre amis, \u00e0 l&rsquo;abri du soleil, sous une structure \u00e9l\u00e9gante et durable. Chez Fer en Provence, nous concevons et fabriquons des <strong>tonnelles et pergolas<\/strong> en fer forg\u00e9 qui ne sont pas seulement pratiques, mais qui subliment aussi vos ext\u00e9rieurs.<\/p>\n\n\n\n<p><\/p>\n\n\n\n<div class=\"wp-block-button aligncenter is-style-outline\"><a class=\"wp-block-button__link\" href=\"https:\/\/ferenprovence.com\/index.php\/tonnelles-pergolas-fer-forge\/\" target=\"_blank\" rel=\"noreferrer noopener\">Voir Plus<\/a><\/div>\n<\/div><\/div>\n\n\n\n<div class=\"wp-block-group\"><div class=\"wp-block-group__inner-container\">\n<div class=\"wp-block-image\"><figure class=\"aligncenter size-large is-resized\"><a href=\"https:\/\/ferenprovence.com\/index.php\/mobilier-intemporel-en-fer-forge\/\"><img loading=\"lazy\" src=\"https:\/\/ferenprovence.com\/wp-content\/uploads\/2024\/06\/collection-mobilier-fer-en-provence-ferronnerie-luberon-edited.png\" alt=\"\" class=\"wp-image-1851\" width=\"720\" height=\"720\" srcset=\"https:\/\/ferenprovence.com\/wp-content\/uploads\/2024\/06\/collection-mobilier-fer-en-provence-ferronnerie-luberon-edited.png 1080w, https:\/\/ferenprovence.com\/wp-content\/uploads\/2024\/06\/collection-mobilier-fer-en-provence-ferronnerie-luberon-edited-300x300.png 300w, https:\/\/ferenprovence.com\/wp-content\/uploads\/2024\/06\/collection-mobilier-fer-en-provence-ferronnerie-luberon-edited-1024x1024.png 1024w, https:\/\/ferenprovence.com\/wp-content\/uploads\/2024\/06\/collection-mobilier-fer-en-provence-ferronnerie-luberon-edited-150x150.png 150w, https:\/\/ferenprovence.com\/wp-content\/uploads\/2024\/06\/collection-mobilier-fer-en-provence-ferronnerie-luberon-edited-768x768.png 768w\" sizes=\"(max-width: 720px) 100vw, 720px\" \/><\/a><\/figure><\/div>\n\n\n\n<h3 class=\"has-text-align-center\">Mobilier Intemporel<\/h3>\n\n\n\n<p>D\u00e9couvrez nos cr\u00e9ations \u00ab\u00a0Living\u00a0\u00bb, notre mobilier en fer forg\u00e9 sur mesure : tables, chaises, transats ou biblioth\u00e8ques. Chaque pi\u00e8ce est unique, con\u00e7ue pour durer et s&rsquo;int\u00e9grer harmonieusement \u00e0 votre d\u00e9coration.<\/p>\n\n\n\n<div class=\"wp-block-button aligncenter is-style-outline\"><a class=\"wp-block-button__link\" href=\"https:\/\/ferenprovence.com\/index.php\/mobilier-intemporel-en-fer-forge\/\" target=\"_blank\" rel=\"noreferrer noopener\">Voir Plus<\/a><\/div>\n\n\n\n<div style=\"height:38px\" aria-hidden=\"true\" class=\"wp-block-spacer\"><\/div>\n\n\n\n<p><\/p>\n<\/div><\/div>\n\n\n\n<div class=\"wp-block-group\"><div class=\"wp-block-group__inner-container\">\n<figure class=\"wp-block-image size-large\"><a href=\"https:\/\/ferenprovence.com\/index.php\/rampes-escaliers-fer-forge\/\"><img loading=\"lazy\" width=\"1024\" height=\"1024\" src=\"https:\/\/ferenprovence.com\/wp-content\/uploads\/2022\/01\/31FER_EN_PROVENCE_FERRONNERIE_VAUCLUSE-1024x1024.jpg\" alt=\"\" class=\"wp-image-897\" srcset=\"https:\/\/ferenprovence.com\/wp-content\/uploads\/2022\/01\/31FER_EN_PROVENCE_FERRONNERIE_VAUCLUSE-1024x1024.jpg 1024w, https:\/\/ferenprovence.com\/wp-content\/uploads\/2022\/01\/31FER_EN_PROVENCE_FERRONNERIE_VAUCLUSE-300x300.jpg 300w, https:\/\/ferenprovence.com\/wp-content\/uploads\/2022\/01\/31FER_EN_PROVENCE_FERRONNERIE_VAUCLUSE-150x150.jpg 150w, https:\/\/ferenprovence.com\/wp-content\/uploads\/2022\/01\/31FER_EN_PROVENCE_FERRONNERIE_VAUCLUSE-768x768.jpg 768w, https:\/\/ferenprovence.com\/wp-content\/uploads\/2022\/01\/31FER_EN_PROVENCE_FERRONNERIE_VAUCLUSE.jpg 1080w\" sizes=\"(max-width: 1024px) 100vw, 1024px\" \/><\/a><\/figure>\n\n\n\n<h3 class=\"has-text-align-center\">Rampes &amp; Escaliers<\/h3>\n\n\n\n<p>Nous concevons des <strong>escaliers et rampes en fer forg\u00e9<\/strong> qui allient fonctionnalit\u00e9, s\u00e9curit\u00e9 et design. Que vous r\u00eaviez d&rsquo;un <strong>escalier droit<\/strong>, d&rsquo;un <strong>escalier en colima\u00e7on<\/strong> pour optimiser l&rsquo;espace, ou d&rsquo;un <strong>escalier en angle<\/strong>, nous adaptons la conception \u00e0 votre projet.<\/p>\n\n\n\n<div class=\"wp-block-button aligncenter is-style-outline\"><a class=\"wp-block-button__link\" href=\"https:\/\/ferenprovence.com\/index.php\/rampes-escaliers-fer-forge\/\" target=\"_blank\" rel=\"noreferrer noopener\">Voir Plus<\/a><\/div>\n\n\n\n<p><\/p>\n<\/div><\/div>\n<\/div>\n<\/div>\n\n\n\n<figure class=\"wp-block-pullquote alignwide\"><blockquote><p>\u00ab&nbsp;Nous avons fait appel \u00e0 Fer en Provence et ils sont d\u2019une efficacit\u00e9 et d\u2019un professionnalisme rares ! Merci de votre travail.&nbsp;\u00bb<\/p><cite>MM<\/cite><\/blockquote><\/figure>\n\n\n\n<div class=\"wp-block-columns alignwide\">\n<div class=\"wp-block-column\">\n<div class=\"wp-block-image\"><figure class=\"aligncenter size-full\"><a href=\"https:\/\/ferenprovence.com\/index.php\/tringle-a-rideaux-en-fer-forge-sur-mesure\/\"><img loading=\"lazy\" width=\"1010\" height=\"1010\" src=\"https:\/\/ferenprovence.com\/wp-content\/uploads\/2023\/03\/Capture-de\u0301cran-2023-03-31-a\u0300-16.48.26.png\" alt=\"\" class=\"wp-image-1107\" srcset=\"https:\/\/ferenprovence.com\/wp-content\/uploads\/2023\/03\/Capture-de\u0301cran-2023-03-31-a\u0300-16.48.26.png 1010w, https:\/\/ferenprovence.com\/wp-content\/uploads\/2023\/03\/Capture-de\u0301cran-2023-03-31-a\u0300-16.48.26-300x300.png 300w, https:\/\/ferenprovence.com\/wp-content\/uploads\/2023\/03\/Capture-de\u0301cran-2023-03-31-a\u0300-16.48.26-150x150.png 150w, https:\/\/ferenprovence.com\/wp-content\/uploads\/2023\/03\/Capture-de\u0301cran-2023-03-31-a\u0300-16.48.26-768x768.png 768w\" sizes=\"(max-width: 1010px) 100vw, 1010px\" \/><\/a><\/figure><\/div>\n\n\n\n<h3 class=\"has-text-align-center\">Tringle \u00e0 rideaux <\/h3>\n\n\n\n<p>La tringle \u00e0 rideaux est l&rsquo;un de ces petits d\u00e9tails qui font toute la diff\u00e9rence dans une pi\u00e8ce. Chez Fer en Provence, nous fabriquons des <strong>tringles \u00e0 rideaux en fer forg\u00e9<\/strong> qui allient la robustesse du m\u00e9tal \u00e0 une esth\u00e9tique raffin\u00e9e, offrant une solution aussi fonctionnelle que d\u00e9corative pour habiller vos fen\u00eatres.<\/p>\n\n\n\n<div class=\"wp-block-buttons is-content-justification-center\">\n<div class=\"wp-block-button is-style-outline\"><a class=\"wp-block-button__link\" href=\"https:\/\/ferenprovence.com\/index.php\/tringle-a-rideaux-en-fer-forge-sur-mesure\/\">Voir Plus<\/a><\/div>\n<\/div>\n\n\n\n<p><\/p>\n<\/div>\n\n\n\n<div class=\"wp-block-column\">\n<div class=\"wp-block-image\"><figure class=\"aligncenter size-full is-resized\"><a href=\"https:\/\/ferenprovence.com\/index.php\/salle-de-bain\/\"><img loading=\"lazy\" src=\"https:\/\/ferenprovence.com\/wp-content\/uploads\/2023\/03\/Capture-de\u0301cran-2023-03-31-a\u0300-16.47.47.png\" alt=\"\" class=\"wp-image-1108\" width=\"750\" height=\"740\" srcset=\"https:\/\/ferenprovence.com\/wp-content\/uploads\/2023\/03\/Capture-de\u0301cran-2023-03-31-a\u0300-16.47.47.png 812w, https:\/\/ferenprovence.com\/wp-content\/uploads\/2023\/03\/Capture-de\u0301cran-2023-03-31-a\u0300-16.47.47-300x296.png 300w, https:\/\/ferenprovence.com\/wp-content\/uploads\/2023\/03\/Capture-de\u0301cran-2023-03-31-a\u0300-16.47.47-768x759.png 768w\" sizes=\"(max-width: 750px) 100vw, 750px\" \/><\/a><\/figure><\/div>\n\n\n\n<h3 class=\"has-text-align-center\">Le Fer dans la salle de bain<\/h3>\n\n\n\n<p>Chez Fer en Provence, nous concevons des meubles et accessoires sur mesure qui r\u00e9sistent parfaitement \u00e0 l&rsquo;humidit\u00e9. Meuble sous vasque, porte-serviettes, \u00e9tag\u00e8re ou miroir, le fer prend toute sa place dans votre salle d&rsquo;eau ou salle de bain.<\/p>\n\n\n\n<div class=\"wp-block-buttons is-content-justification-center\">\n<div class=\"wp-block-button is-style-outline\"><a class=\"wp-block-button__link\" href=\"https:\/\/ferenprovence.com\/index.php\/salle-de-bain\/\">Voir Plus<\/a><\/div>\n<\/div>\n<\/div>\n<\/div>\n\n\n\n<figure class=\"wp-block-pullquote alignwide\"><blockquote><p>\u00ab&nbsp;Une tr\u00e8s belle rencontre humaine et professionnelle. Un travail remarquable, des d\u00e9lais plus que raisonnables, nous sommes ravis du travail r\u00e9alis\u00e9. Un grand merci pour cette belle r\u00e9alisation (rampe et garde-corps de piscine).&nbsp;\u00bb<\/p><cite>MP RV<\/cite><\/blockquote><\/figure>\n\n\n\n<div class=\"wp-block-columns alignwide\">\n<div class=\"wp-block-column\">\n<div class=\"wp-block-group\"><div class=\"wp-block-group__inner-container\">\n<div class=\"wp-block-image\"><figure class=\"aligncenter size-large\"><a href=\"https:\/\/ferenprovence.com\/index.php\/processus-de-fabrication\/\"><img loading=\"lazy\" width=\"1080\" height=\"1080\" src=\"https:\/\/ferenprovence.com\/wp-content\/uploads\/2025\/09\/de\u0301lais-de-fabrication-fer-forge\u0301-ferronnerie-dart-fer-en-provence-edited.jpg\" alt=\"\" class=\"wp-image-2272\" srcset=\"https:\/\/ferenprovence.com\/wp-content\/uploads\/2025\/09\/de\u0301lais-de-fabrication-fer-forge\u0301-ferronnerie-dart-fer-en-provence-edited.jpg 1080w, https:\/\/ferenprovence.com\/wp-content\/uploads\/2025\/09\/de\u0301lais-de-fabrication-fer-forge\u0301-ferronnerie-dart-fer-en-provence-edited-300x300.jpg 300w, https:\/\/ferenprovence.com\/wp-content\/uploads\/2025\/09\/de\u0301lais-de-fabrication-fer-forge\u0301-ferronnerie-dart-fer-en-provence-edited-1024x1024.jpg 1024w, https:\/\/ferenprovence.com\/wp-content\/uploads\/2025\/09\/de\u0301lais-de-fabrication-fer-forge\u0301-ferronnerie-dart-fer-en-provence-edited-150x150.jpg 150w, https:\/\/ferenprovence.com\/wp-content\/uploads\/2025\/09\/de\u0301lais-de-fabrication-fer-forge\u0301-ferronnerie-dart-fer-en-provence-edited-768x768.jpg 768w\" sizes=\"(max-width: 1080px) 100vw, 1080px\" \/><\/a><\/figure><\/div>\n\n\n\n<h3 class=\"has-text-align-center\">D\u00e9lais &amp; Process <\/h3>\n\n\n\n<p>Vous souhaitez conna\u00eetre les <strong>\u00e9tapes de conception<\/strong> de votre ferronnerie d&rsquo;art ? De l&rsquo;esquisse \u00e0 la pose, nous vous d\u00e9taillons le processus de cr\u00e9ation de votre <strong>projet sur mesure<\/strong>. D\u00e9couvrez nos <strong>d\u00e9lais<\/strong> pour donner vie \u00e0 votre portail, escalier ou garde-corps. Transparence et qualit\u00e9 sont au c\u0153ur de notre savoir-faire.<\/p>\n\n\n\n<div class=\"wp-block-button aligncenter is-style-outline\"><a class=\"wp-block-button__link\" href=\"https:\/\/ferenprovence.com\/index.php\/processus-de-fabrication\/\" target=\"_blank\" rel=\"noreferrer noopener\">Voir Plus<\/a><\/div>\n\n\n\n<p><\/p>\n<\/div><\/div>\n<\/div>\n\n\n\n<div class=\"wp-block-column\">\n<div class=\"wp-block-group\"><div class=\"wp-block-group__inner-container\">\n<div class=\"wp-block-image\"><figure class=\"aligncenter size-large\"><a href=\"https:\/\/ferenprovence.com\/index.php\/jardin-de-reve\/\"><img loading=\"lazy\" width=\"1080\" height=\"1080\" src=\"https:\/\/ferenprovence.com\/wp-content\/uploads\/2025\/09\/fer-forge-exterieur-ferronnerie-dart-en-provence-edited.jpg\" alt=\"\" class=\"wp-image-2274\" srcset=\"https:\/\/ferenprovence.com\/wp-content\/uploads\/2025\/09\/fer-forge-exterieur-ferronnerie-dart-en-provence-edited.jpg 1080w, https:\/\/ferenprovence.com\/wp-content\/uploads\/2025\/09\/fer-forge-exterieur-ferronnerie-dart-en-provence-edited-300x300.jpg 300w, https:\/\/ferenprovence.com\/wp-content\/uploads\/2025\/09\/fer-forge-exterieur-ferronnerie-dart-en-provence-edited-1024x1024.jpg 1024w, https:\/\/ferenprovence.com\/wp-content\/uploads\/2025\/09\/fer-forge-exterieur-ferronnerie-dart-en-provence-edited-150x150.jpg 150w, https:\/\/ferenprovence.com\/wp-content\/uploads\/2025\/09\/fer-forge-exterieur-ferronnerie-dart-en-provence-edited-768x768.jpg 768w\" sizes=\"(max-width: 1080px) 100vw, 1080px\" \/><\/a><\/figure><\/div>\n\n\n\n<h3 class=\"has-text-align-center\">Bac \u00e0 fleurs, Kiosque &amp; Orangerie<\/h3>\n\n\n\n<p><meta charset=\"utf-8\">Cr\u00e9ez l&rsquo;espace vert de vos r\u00eaves, o\u00f9 que vous soyez. Nos <strong>bacs \u00e0 fleurs et potagers en fer forg\u00e9<\/strong> sont con\u00e7us sur mesure pour accueillir vos plantes, fleurs et l\u00e9gumes pr\u00e9f\u00e9r\u00e9s, et apporter une touche d&rsquo;\u00e9l\u00e9gance \u00e0 vos jardins, terrasses et balcons.Nos <strong>kiosques et orangeries en fer forg\u00e9<\/strong> sont con\u00e7us pour transformer vos espaces ext\u00e9rieurs en des lieux de vie \u00e9l\u00e9gants et durables.<\/p>\n\n\n\n<div class=\"wp-block-button aligncenter is-style-outline\"><a class=\"wp-block-button__link\" href=\"https:\/\/ferenprovence.com\/index.php\/jardin-de-reve\/\" target=\"_blank\" rel=\"noreferrer noopener\">D\u00e9couvrir<\/a><\/div>\n\n\n\n<div style=\"height:58px\" aria-hidden=\"true\" class=\"wp-block-spacer\"><\/div>\n<\/div><\/div>\n<\/div>\n<\/div>\n\n\n\n<div class=\"wp-block-columns alignwide\">\n<div class=\"wp-block-column\">\n<div class=\"wp-block-group\"><div class=\"wp-block-group__inner-container\">\n<div class=\"wp-block-image\"><figure class=\"aligncenter size-large\"><a href=\"https:\/\/ferenprovence.com\/index.php\/cuisine-en-fer\/\"><img loading=\"lazy\" width=\"1080\" height=\"1080\" src=\"https:\/\/ferenprovence.com\/wp-content\/uploads\/2024\/06\/cuisine-en-fer-forge-fer-en-provence-edited.png\" alt=\"\" class=\"wp-image-1856\" srcset=\"https:\/\/ferenprovence.com\/wp-content\/uploads\/2024\/06\/cuisine-en-fer-forge-fer-en-provence-edited.png 1080w, https:\/\/ferenprovence.com\/wp-content\/uploads\/2024\/06\/cuisine-en-fer-forge-fer-en-provence-edited-300x300.png 300w, https:\/\/ferenprovence.com\/wp-content\/uploads\/2024\/06\/cuisine-en-fer-forge-fer-en-provence-edited-1024x1024.png 1024w, https:\/\/ferenprovence.com\/wp-content\/uploads\/2024\/06\/cuisine-en-fer-forge-fer-en-provence-edited-150x150.png 150w, https:\/\/ferenprovence.com\/wp-content\/uploads\/2024\/06\/cuisine-en-fer-forge-fer-en-provence-edited-768x768.png 768w\" sizes=\"(max-width: 1080px) 100vw, 1080px\" \/><\/a><\/figure><\/div>\n\n\n\n<h3 class=\"has-text-align-center\">Cuisine en Fer<\/h3>\n\n\n\n<p>Que vous r\u00eaviez d&rsquo;une <strong>cuisine minimaliste et \u00e9pur\u00e9e<\/strong> ou d&rsquo;une pi\u00e8ce au caract\u00e8re industriel, nous r\u00e9alisons des cr\u00e9ations sur mesure qui s&rsquo;int\u00e8grent parfaitement \u00e0 votre int\u00e9rieur. Chaque d\u00e9tail, de la structure aux finitions, est pens\u00e9 pour que votre cuisine soit non seulement belle, mais aussi pratique et durable.<\/p>\n\n\n\n<div class=\"wp-block-button aligncenter is-style-outline\"><a class=\"wp-block-button__link\" href=\"https:\/\/ferenprovence.com\/index.php\/cuisine-en-fer\/\">Voir Plus<\/a><\/div>\n<\/div><\/div>\n\n\n\n<div class=\"wp-block-group\"><div class=\"wp-block-group__inner-container\">\n<div style=\"height:58px\" aria-hidden=\"true\" class=\"wp-block-spacer\"><\/div>\n<\/div><\/div>\n<\/div>\n\n\n\n<div class=\"wp-block-column\">\n<div class=\"wp-block-group\"><div class=\"wp-block-group__inner-container\">\n<div class=\"wp-block-image\"><figure class=\"aligncenter size-full is-resized\"><a href=\"https:\/\/ferenprovence.com\/index.php\/avis-clients\/\"><img loading=\"lazy\" src=\"https:\/\/ferenprovence.com\/wp-content\/uploads\/2023\/05\/avis-client-fer-en-provence-edited.png\" alt=\"\" class=\"wp-image-1509\" width=\"747\" height=\"747\" srcset=\"https:\/\/ferenprovence.com\/wp-content\/uploads\/2023\/05\/avis-client-fer-en-provence-edited.png 700w, https:\/\/ferenprovence.com\/wp-content\/uploads\/2023\/05\/avis-client-fer-en-provence-edited-300x300.png 300w, https:\/\/ferenprovence.com\/wp-content\/uploads\/2023\/05\/avis-client-fer-en-provence-edited-150x150.png 150w\" sizes=\"(max-width: 747px) 100vw, 747px\" \/><\/a><\/figure><\/div>\n\n\n\n<h3 class=\"has-text-align-center\">Avis Clients<\/h3>\n\n\n\n<p>Chez Fer en Provence, chaque projet est men\u00e9 avec passion et exigence, car votre satisfaction est notre plus belle r\u00e9compense. Les retours de nos clients t\u00e9moignent de notre engagement \u00e0 cr\u00e9er des ouvrages en fer forg\u00e9 qui r\u00e9pondent non seulement \u00e0 vos attentes, mais les d\u00e9passent.<\/p>\n\n\n\n<div class=\"wp-block-button aligncenter is-style-outline\"><a class=\"wp-block-button__link\" href=\"https:\/\/ferenprovence.com\/index.php\/avis-clients\/\">Voir Plus<\/a><\/div>\n\n\n\n<p><\/p>\n<\/div><\/div>\n\n\n\n<div class=\"wp-block-group\"><div class=\"wp-block-group__inner-container\"><\/div><\/div>\n<\/div>\n<\/div>\n\n\n\n<div class=\"wp-block-columns alignwide\">\n<div class=\"wp-block-column\">\n<div class=\"wp-block-group\"><div class=\"wp-block-group__inner-container\">\n<div class=\"wp-block-image\"><figure class=\"aligncenter size-large is-resized\"><a href=\"https:\/\/ferenprovence.com\/index.php\/sapin-de-noel-en-fer\/\"><img loading=\"lazy\" src=\"https:\/\/ferenprovence.com\/wp-content\/uploads\/2021\/11\/21-1024x1024.jpg\" alt=\"\" class=\"wp-image-428\" width=\"721\" height=\"721\" srcset=\"https:\/\/ferenprovence.com\/wp-content\/uploads\/2021\/11\/21-1024x1024.jpg 1024w, https:\/\/ferenprovence.com\/wp-content\/uploads\/2021\/11\/21-300x300.jpg 300w, https:\/\/ferenprovence.com\/wp-content\/uploads\/2021\/11\/21-150x150.jpg 150w, https:\/\/ferenprovence.com\/wp-content\/uploads\/2021\/11\/21-768x768.jpg 768w, https:\/\/ferenprovence.com\/wp-content\/uploads\/2021\/11\/21.jpg 1080w\" sizes=\"(max-width: 721px) 100vw, 721px\" \/><\/a><\/figure><\/div>\n\n\n\n<h3 class=\"has-text-align-center\">Des F\u00eates \u00c9cologiques<\/h3>\n\n\n\n<p>Chez Fer en Provence, nous avons \u00e0 c\u0153ur de perp\u00e9tuer les traditions. Laissez-vous inspirer par nos <strong>sapins de No\u00ebl<\/strong> en fer forg\u00e9 et mini cr\u00e9ations pour donner vie \u00e0 votre <strong>cr\u00e8che proven\u00e7ale<\/strong>.<\/p>\n\n\n\n<div class=\"wp-block-button aligncenter is-style-outline\"><a class=\"wp-block-button__link\" href=\"https:\/\/ferenprovence.com\/index.php\/sapin-de-noel-en-fer\/\" target=\"_blank\" rel=\"noreferrer noopener\">Voir Plus<\/a><\/div>\n<\/div><\/div>\n<\/div>\n\n\n\n<div class=\"wp-block-column\">\n<div class=\"wp-block-group\"><div class=\"wp-block-group__inner-container\">\n<div class=\"wp-block-image\"><figure class=\"aligncenter size-large is-resized\"><a href=\"https:\/\/ferenprovence.com\/index.php\/finitions-ferronnerie-provence\/\"><img loading=\"lazy\" src=\"https:\/\/ferenprovence.com\/wp-content\/uploads\/2021\/11\/fer-en-provence-10-1024x1024.jpg\" alt=\"\" class=\"wp-image-430\" width=\"721\" height=\"721\" srcset=\"https:\/\/ferenprovence.com\/wp-content\/uploads\/2021\/11\/fer-en-provence-10-1024x1024.jpg 1024w, https:\/\/ferenprovence.com\/wp-content\/uploads\/2021\/11\/fer-en-provence-10-300x300.jpg 300w, https:\/\/ferenprovence.com\/wp-content\/uploads\/2021\/11\/fer-en-provence-10-150x150.jpg 150w, https:\/\/ferenprovence.com\/wp-content\/uploads\/2021\/11\/fer-en-provence-10-768x768.jpg 768w, https:\/\/ferenprovence.com\/wp-content\/uploads\/2021\/11\/fer-en-provence-10.jpg 1080w\" sizes=\"(max-width: 721px) 100vw, 721px\" \/><\/a><\/figure><\/div>\n\n\n\n<h3 class=\"has-text-align-center\">Choisissez votre Finition<\/h3>\n\n\n\n<p>Que vous recherchiez l&rsquo;aspect authentique du fer forg\u00e9 patin\u00e9, la touche protectrice d&rsquo;une peinture, d&rsquo;un thermolaquage, ou le fer bross\u00e9, nous vous conseillons pour faire le meilleur choix en fonction du style et de la fonction de votre pi\u00e8ce.<\/p>\n\n\n\n<div class=\"wp-block-button aligncenter is-style-outline\"><a class=\"wp-block-button__link\" href=\"https:\/\/ferenprovence.com\/index.php\/finitions-ferronnerie-provence\/\" target=\"_blank\" rel=\"noreferrer noopener\">Choisir<\/a><\/div>\n\n\n\n<div style=\"height:58px\" aria-hidden=\"true\" class=\"wp-block-spacer\"><\/div>\n<\/div><\/div>\n<\/div>\n<\/div>\n\n\n\n<div class=\"wp-block-columns alignwide\">\n<div class=\"wp-block-column\">\n<div class=\"wp-block-image\"><figure class=\"aligncenter size-full\"><img loading=\"lazy\" width=\"190\" height=\"190\" src=\"https:\/\/ferenprovence.com\/wp-content\/uploads\/2021\/11\/8-2.jpg\" alt=\"FAIT MAINS\" class=\"wp-image-764\" srcset=\"https:\/\/ferenprovence.com\/wp-content\/uploads\/2021\/11\/8-2.jpg 190w, https:\/\/ferenprovence.com\/wp-content\/uploads\/2021\/11\/8-2-150x150.jpg 150w\" sizes=\"(max-width: 190px) 100vw, 190px\" \/><\/figure><\/div>\n<\/div>\n\n\n\n<div class=\"wp-block-column\">\n<div class=\"wp-block-image\"><figure class=\"aligncenter size-full\"><img loading=\"lazy\" width=\"190\" height=\"190\" src=\"https:\/\/ferenprovence.com\/wp-content\/uploads\/2021\/11\/9-1.jpg\" alt=\"QUALITE ICON\" class=\"wp-image-765\" srcset=\"https:\/\/ferenprovence.com\/wp-content\/uploads\/2021\/11\/9-1.jpg 190w, https:\/\/ferenprovence.com\/wp-content\/uploads\/2021\/11\/9-1-150x150.jpg 150w\" sizes=\"(max-width: 190px) 100vw, 190px\" \/><\/figure><\/div>\n<\/div>\n\n\n\n<div class=\"wp-block-column\">\n<div class=\"wp-block-image\"><figure class=\"aligncenter size-full\"><img loading=\"lazy\" width=\"190\" height=\"190\" src=\"https:\/\/ferenprovence.com\/wp-content\/uploads\/2021\/11\/13-2.jpg\" alt=\"design ferronnerie moderne\" class=\"wp-image-740\" srcset=\"https:\/\/ferenprovence.com\/wp-content\/uploads\/2021\/11\/13-2.jpg 190w, https:\/\/ferenprovence.com\/wp-content\/uploads\/2021\/11\/13-2-150x150.jpg 150w\" sizes=\"(max-width: 190px) 100vw, 190px\" \/><\/figure><\/div>\n<\/div>\n\n\n\n<div class=\"wp-block-column\">\n<div class=\"wp-block-image\"><figure class=\"aligncenter size-full\"><img loading=\"lazy\" width=\"190\" height=\"190\" src=\"https:\/\/ferenprovence.com\/wp-content\/uploads\/2021\/11\/14-1.jpg\" alt=\"design ferronnerie traditionnel\" class=\"wp-image-738\" srcset=\"https:\/\/ferenprovence.com\/wp-content\/uploads\/2021\/11\/14-1.jpg 190w, https:\/\/ferenprovence.com\/wp-content\/uploads\/2021\/11\/14-1-150x150.jpg 150w\" sizes=\"(max-width: 190px) 100vw, 190px\" \/><\/figure><\/div>\n<\/div>\n\n\n\n<div class=\"wp-block-column\">\n<div class=\"wp-block-image\"><figure class=\"aligncenter size-full\"><img loading=\"lazy\" width=\"190\" height=\"190\" src=\"https:\/\/ferenprovence.com\/wp-content\/uploads\/2021\/11\/12-1.jpg\" alt=\"MADE IN PROVENCE\" class=\"wp-image-747\" srcset=\"https:\/\/ferenprovence.com\/wp-content\/uploads\/2021\/11\/12-1.jpg 190w, https:\/\/ferenprovence.com\/wp-content\/uploads\/2021\/11\/12-1-150x150.jpg 150w\" sizes=\"(max-width: 190px) 100vw, 190px\" \/><\/figure><\/div>\n<\/div>\n\n\n\n<div class=\"wp-block-column\">\n<div class=\"wp-block-image\"><figure class=\"aligncenter size-full\"><img loading=\"lazy\" width=\"190\" height=\"190\" src=\"https:\/\/ferenprovence.com\/wp-content\/uploads\/2021\/11\/7.jpg\" alt=\"SUR MESURE ICON\" class=\"wp-image-763\" srcset=\"https:\/\/ferenprovence.com\/wp-content\/uploads\/2021\/11\/7.jpg 190w, https:\/\/ferenprovence.com\/wp-content\/uploads\/2021\/11\/7-150x150.jpg 150w\" sizes=\"(max-width: 190px) 100vw, 190px\" \/><\/figure><\/div>\n<\/div>\n\n\n\n<div class=\"wp-block-column\">\n<div class=\"wp-block-image\"><figure class=\"aligncenter size-full\"><a href=\"https:\/\/ferenprovence.com\/index.php\/contact\/\"><img loading=\"lazy\" width=\"190\" height=\"190\" src=\"https:\/\/ferenprovence.com\/wp-content\/uploads\/2021\/11\/11-1.jpg\" alt=\"demander votre devis\" class=\"wp-image-748\" srcset=\"https:\/\/ferenprovence.com\/wp-content\/uploads\/2021\/11\/11-1.jpg 190w, https:\/\/ferenprovence.com\/wp-content\/uploads\/2021\/11\/11-1-150x150.jpg 150w\" sizes=\"(max-width: 190px) 100vw, 190px\" \/><\/a><\/figure><\/div>\n<\/div>\n<\/div>\n\n\n\n<div style=\"height:18px\" aria-hidden=\"true\" class=\"wp-block-spacer\"><\/div>\n\n\n<form role=\"search\" method=\"get\" action=\"https:\/\/ferenprovence.com\/\" class=\"wp-block-search__button-outside wp-block-search__icon-button aligncenter wp-block-search\"><label for=\"wp-block-search__input-1\" class=\"wp-block-search__label\">Que cherchez vous ?<\/label><div class=\"wp-block-search__inside-wrapper\" style=\"width: 100%;\"><input type=\"search\" id=\"wp-block-search__input-1\" class=\"wp-block-search__input\" name=\"s\" value=\"\" placeholder=\"\"  required \/><button type=\"submit\" class=\"wp-block-search__button has-icon\"><svg id=\"search-icon\" class=\"search-icon\" viewBox=\"0 0 24 24\" width=\"24\" height=\"24\">\n\t\t\t        <path d=\"M13.5 6C10.5 6 8 8.5 8 11.5c0 1.1.3 2.1.9 3l-3.4 3 1 1.1 3.4-2.9c1 .9 2.2 1.4 3.6 1.4 3 0 5.5-2.5 5.5-5.5C19 8.5 16.5 6 13.5 6zm0 9.5c-2.2 0-4-1.8-4-4s1.8-4 4-4 4 1.8 4 4-1.8 4-4 4z\"><\/path>\n\t\t\t    <\/svg><\/button><\/div><\/form>\n\n\n<div class=\"wp-block-columns alignwide\">\n<div class=\"wp-block-column\">\n<div style=\"height:19px\" aria-hidden=\"true\" class=\"wp-block-spacer\"><\/div>\n\n\n\n<h2>Nos collaborateurs<\/h2>\n\n\n\n<div class=\"wp-block-columns alignfull\">\n<div class=\"wp-block-column\">\n<div class=\"wp-block-columns\">\n<div class=\"wp-block-column\">\n<figure class=\"wp-block-image size-large is-resized\"><a href=\"https:\/\/www.jeudistudio.fr\/\"><img loading=\"lazy\" src=\"https:\/\/ferenprovence.com\/wp-content\/uploads\/2025\/02\/4-819x1024.png\" alt=\"\" class=\"wp-image-2050\" width=\"264\" height=\"330\" srcset=\"https:\/\/ferenprovence.com\/wp-content\/uploads\/2025\/02\/4-819x1024.png 819w, https:\/\/ferenprovence.com\/wp-content\/uploads\/2025\/02\/4-240x300.png 240w, https:\/\/ferenprovence.com\/wp-content\/uploads\/2025\/02\/4-768x960.png 768w, https:\/\/ferenprovence.com\/wp-content\/uploads\/2025\/02\/4.png 1080w\" sizes=\"(max-width: 264px) 100vw, 264px\" \/><\/a><\/figure>\n<\/div>\n\n\n\n<div class=\"wp-block-column\">\n<figure class=\"wp-block-image size-large is-resized\"><a href=\"https:\/\/www.instagram.com\/tr_architecture\/\"><img loading=\"lazy\" src=\"https:\/\/ferenprovence.com\/wp-content\/uploads\/2025\/02\/3-819x1024.png\" alt=\"\" class=\"wp-image-2051\" width=\"246\" height=\"307\" srcset=\"https:\/\/ferenprovence.com\/wp-content\/uploads\/2025\/02\/3-819x1024.png 819w, https:\/\/ferenprovence.com\/wp-content\/uploads\/2025\/02\/3-240x300.png 240w, https:\/\/ferenprovence.com\/wp-content\/uploads\/2025\/02\/3-768x960.png 768w, https:\/\/ferenprovence.com\/wp-content\/uploads\/2025\/02\/3.png 1080w\" sizes=\"(max-width: 246px) 100vw, 246px\" \/><\/a><\/figure>\n<\/div>\n<\/div>\n<\/div>\n\n\n\n<div class=\"wp-block-column\">\n<div class=\"wp-block-columns\">\n<div class=\"wp-block-column\">\n<figure class=\"wp-block-image size-large\"><a href=\"https:\/\/tparchitectes.fr\/\"><img loading=\"lazy\" width=\"819\" height=\"1024\" src=\"https:\/\/ferenprovence.com\/wp-content\/uploads\/2025\/02\/2-819x1024.png\" alt=\"\" class=\"wp-image-2052\" srcset=\"https:\/\/ferenprovence.com\/wp-content\/uploads\/2025\/02\/2-819x1024.png 819w, https:\/\/ferenprovence.com\/wp-content\/uploads\/2025\/02\/2-240x300.png 240w, https:\/\/ferenprovence.com\/wp-content\/uploads\/2025\/02\/2-768x960.png 768w, https:\/\/ferenprovence.com\/wp-content\/uploads\/2025\/02\/2.png 1080w\" sizes=\"(max-width: 819px) 100vw, 819px\" \/><\/a><\/figure>\n<\/div>\n\n\n\n<div class=\"wp-block-column\">\n<div class=\"wp-block-image\"><figure class=\"aligncenter size-large\"><a href=\"https:\/\/www.domaine-citadelle.com\/\"><img loading=\"lazy\" width=\"819\" height=\"1024\" src=\"https:\/\/ferenprovence.com\/wp-content\/uploads\/2025\/02\/1-819x1024.png\" alt=\"\" class=\"wp-image-2053\" srcset=\"https:\/\/ferenprovence.com\/wp-content\/uploads\/2025\/02\/1-819x1024.png 819w, https:\/\/ferenprovence.com\/wp-content\/uploads\/2025\/02\/1-240x300.png 240w, https:\/\/ferenprovence.com\/wp-content\/uploads\/2025\/02\/1-768x960.png 768w, https:\/\/ferenprovence.com\/wp-content\/uploads\/2025\/02\/1.png 1080w\" sizes=\"(max-width: 819px) 100vw, 819px\" \/><\/a><\/figure><\/div>\n<\/div>\n<\/div>\n<\/div>\n<\/div>\n<\/div>\n<\/div>\n\n\n\n<div class=\"wp-block-columns alignwide\">\n<div class=\"wp-block-column\" style=\"flex-basis:100%\">\n<div class=\"wp-block-columns\">\n<div class=\"wp-block-column\" style=\"flex-basis:100%\">\n<div class=\"wp-block-columns alignwide\">\n<div class=\"wp-block-column\">\n<h4><meta charset=\"utf-8\">Suivez nos cr\u00e9ations en fer forg\u00e9 sur les R\u00e9seaux sociaux<\/h4>\n<\/div>\n\n\n\n<div class=\"wp-block-column\">\n<div class=\"wp-block-group\"><div class=\"wp-block-group__inner-container\">\n<div style=\"height:95px\" aria-hidden=\"true\" class=\"wp-block-spacer\"><\/div>\n<\/div><\/div>\n<\/div>\n\n\n\n<div class=\"wp-block-column\">\n<div class=\"wp-block-columns\">\n<div class=\"wp-block-column\">\n<figure class=\"wp-block-image size-full\"><a href=\"https:\/\/www.instagram.com\/ferenprovence\/\"><img loading=\"lazy\" width=\"540\" height=\"540\" src=\"https:\/\/ferenprovence.com\/wp-content\/uploads\/2025\/02\/instagram-fer-en-provence-ferronnerie-dart.png\" alt=\"\" class=\"wp-image-2071\" srcset=\"https:\/\/ferenprovence.com\/wp-content\/uploads\/2025\/02\/instagram-fer-en-provence-ferronnerie-dart.png 540w, https:\/\/ferenprovence.com\/wp-content\/uploads\/2025\/02\/instagram-fer-en-provence-ferronnerie-dart-300x300.png 300w, https:\/\/ferenprovence.com\/wp-content\/uploads\/2025\/02\/instagram-fer-en-provence-ferronnerie-dart-150x150.png 150w\" sizes=\"(max-width: 540px) 100vw, 540px\" \/><\/a><\/figure>\n<\/div>\n\n\n\n<div class=\"wp-block-column\">\n<figure class=\"wp-block-image size-full\"><a href=\"https:\/\/www.facebook.com\/ferenprovence\/\"><img loading=\"lazy\" width=\"540\" height=\"540\" src=\"https:\/\/ferenprovence.com\/wp-content\/uploads\/2025\/02\/facebook-fer-en-provence-ferronnerie-dart.png\" alt=\"\" class=\"wp-image-2072\" srcset=\"https:\/\/ferenprovence.com\/wp-content\/uploads\/2025\/02\/facebook-fer-en-provence-ferronnerie-dart.png 540w, https:\/\/ferenprovence.com\/wp-content\/uploads\/2025\/02\/facebook-fer-en-provence-ferronnerie-dart-300x300.png 300w, https:\/\/ferenprovence.com\/wp-content\/uploads\/2025\/02\/facebook-fer-en-provence-ferronnerie-dart-150x150.png 150w\" sizes=\"(max-width: 540px) 100vw, 540px\" \/><\/a><\/figure>\n<\/div>\n\n\n\n<div class=\"wp-block-column\">\n<figure class=\"wp-block-image size-full\"><a href=\"https:\/\/fr.pinterest.com\/ferenprovence\/\"><img loading=\"lazy\" width=\"540\" height=\"540\" src=\"https:\/\/ferenprovence.com\/wp-content\/uploads\/2025\/02\/5.png\" alt=\"\" class=\"wp-image-2073\" srcset=\"https:\/\/ferenprovence.com\/wp-content\/uploads\/2025\/02\/5.png 540w, https:\/\/ferenprovence.com\/wp-content\/uploads\/2025\/02\/5-300x300.png 300w, https:\/\/ferenprovence.com\/wp-content\/uploads\/2025\/02\/5-150x150.png 150w\" sizes=\"(max-width: 540px) 100vw, 540px\" \/><\/a><\/figure>\n<\/div>\n\n\n\n<div class=\"wp-block-column\">\n<figure class=\"wp-block-image size-full\"><a href=\"https:\/\/www.tiktok.com\/@ferenprovence\/video\/7356316563617697056\"><img loading=\"lazy\" width=\"540\" height=\"540\" src=\"https:\/\/ferenprovence.com\/wp-content\/uploads\/2025\/02\/tiktok-ferronnerie-dart-fer-en-provence.png\" alt=\"\" class=\"wp-image-2074\" srcset=\"https:\/\/ferenprovence.com\/wp-content\/uploads\/2025\/02\/tiktok-ferronnerie-dart-fer-en-provence.png 540w, https:\/\/ferenprovence.com\/wp-content\/uploads\/2025\/02\/tiktok-ferronnerie-dart-fer-en-provence-300x300.png 300w, https:\/\/ferenprovence.com\/wp-content\/uploads\/2025\/02\/tiktok-ferronnerie-dart-fer-en-provence-150x150.png 150w\" sizes=\"(max-width: 540px) 100vw, 540px\" \/><\/a><\/figure>\n<\/div>\n<\/div>\n<\/div>\n<\/div>\n<\/div>\n<\/div>\n<\/div>\n<\/div>\n\n\n\n<div class=\"wp-block-tagembed-block-tagembed alignwide tagembed-widget\" style=\"width:100%;height:500px;overflow: auto;\" data-widget-id=\"2194865\" view-url=\"https:\/\/widget.tagembed.com\/2194865\"><\/div>\n\n\n\n<div class=\"wp-block-columns alignwide\">\n<div class=\"wp-block-column\">\n<figure class=\"wp-block-image size-large\"><a href=\"https:\/\/www.instagram.com\/ferenprovence\/\"><img loading=\"lazy\" width=\"1024\" height=\"1024\" src=\"https:\/\/ferenprovence.com\/wp-content\/uploads\/2022\/01\/72FER_EN_PROVENCE_FERRONNERIE_VAUCLUSE-1024x1024.jpg\" alt=\"\" class=\"wp-image-901\" srcset=\"https:\/\/ferenprovence.com\/wp-content\/uploads\/2022\/01\/72FER_EN_PROVENCE_FERRONNERIE_VAUCLUSE-1024x1024.jpg 1024w, https:\/\/ferenprovence.com\/wp-content\/uploads\/2022\/01\/72FER_EN_PROVENCE_FERRONNERIE_VAUCLUSE-300x300.jpg 300w, https:\/\/ferenprovence.com\/wp-content\/uploads\/2022\/01\/72FER_EN_PROVENCE_FERRONNERIE_VAUCLUSE-150x150.jpg 150w, https:\/\/ferenprovence.com\/wp-content\/uploads\/2022\/01\/72FER_EN_PROVENCE_FERRONNERIE_VAUCLUSE-768x768.jpg 768w, https:\/\/ferenprovence.com\/wp-content\/uploads\/2022\/01\/72FER_EN_PROVENCE_FERRONNERIE_VAUCLUSE.jpg 1080w\" sizes=\"(max-width: 1024px) 100vw, 1024px\" \/><\/a><\/figure>\n<\/div>\n\n\n\n<div class=\"wp-block-column\">\n<figure class=\"wp-block-image size-large\"><a href=\"https:\/\/www.instagram.com\/ferenprovence\/\"><img loading=\"lazy\" width=\"1024\" height=\"1024\" src=\"https:\/\/ferenprovence.com\/wp-content\/uploads\/2022\/01\/70FER_EN_PROVENCE_FERRONNERIE_VAUCLUSE-1024x1024.jpg\" alt=\"\" class=\"wp-image-899\" srcset=\"https:\/\/ferenprovence.com\/wp-content\/uploads\/2022\/01\/70FER_EN_PROVENCE_FERRONNERIE_VAUCLUSE-1024x1024.jpg 1024w, https:\/\/ferenprovence.com\/wp-content\/uploads\/2022\/01\/70FER_EN_PROVENCE_FERRONNERIE_VAUCLUSE-300x300.jpg 300w, https:\/\/ferenprovence.com\/wp-content\/uploads\/2022\/01\/70FER_EN_PROVENCE_FERRONNERIE_VAUCLUSE-150x150.jpg 150w, https:\/\/ferenprovence.com\/wp-content\/uploads\/2022\/01\/70FER_EN_PROVENCE_FERRONNERIE_VAUCLUSE-768x768.jpg 768w, https:\/\/ferenprovence.com\/wp-content\/uploads\/2022\/01\/70FER_EN_PROVENCE_FERRONNERIE_VAUCLUSE.jpg 1080w\" sizes=\"(max-width: 1024px) 100vw, 1024px\" \/><\/a><\/figure>\n<\/div>\n\n\n\n<div class=\"wp-block-column\">\n<figure class=\"wp-block-image size-large\"><a href=\"https:\/\/www.instagram.com\/ferenprovence\/\"><img loading=\"lazy\" width=\"1024\" height=\"1024\" src=\"https:\/\/ferenprovence.com\/wp-content\/uploads\/2021\/11\/fer-en-provence-11-1024x1024.jpg\" alt=\"feed fer en provence \" class=\"wp-image-509\" srcset=\"https:\/\/ferenprovence.com\/wp-content\/uploads\/2021\/11\/fer-en-provence-11-1024x1024.jpg 1024w, https:\/\/ferenprovence.com\/wp-content\/uploads\/2021\/11\/fer-en-provence-11-300x300.jpg 300w, https:\/\/ferenprovence.com\/wp-content\/uploads\/2021\/11\/fer-en-provence-11-150x150.jpg 150w, https:\/\/ferenprovence.com\/wp-content\/uploads\/2021\/11\/fer-en-provence-11-768x768.jpg 768w, https:\/\/ferenprovence.com\/wp-content\/uploads\/2021\/11\/fer-en-provence-11.jpg 1080w\" sizes=\"(max-width: 1024px) 100vw, 1024px\" \/><\/a><\/figure>\n<\/div>\n<\/div>\n","protected":false},"excerpt":{"rendered":"<p>pour vos int\u00e9rieurs &amp; ext\u00e9rieurs Portails &amp; Portillons D\u00e9couvrez nos Portails et Portillon fait mains au coeur du Luberon. Chez Fer en Provence, nous concevons des portails et portillons en fer forg\u00e9 qui allient s\u00e9curit\u00e9, durabilit\u00e9 et esth\u00e9tisme. Chaque pi\u00e8ce est une cr\u00e9ation sur mesure, fa\u00e7onn\u00e9e pour s&rsquo;int\u00e9grer parfaitement \u00e0 votre architecture. Portes &amp; Fen\u00eatres &hellip; <\/p>\n<p class=\"link-more\"><a href=\"https:\/\/ferenprovence.com\/\" class=\"more-link\">Continuer la lecture <span class=\"screen-reader-text\"> \u00ab\u00a0La beaut\u00e9 intemporelle du Fer\u00a0\u00bb<\/span><\/a><\/p>\n","protected":false},"author":1,"featured_media":82,"parent":0,"menu_order":0,"comment_status":"closed","ping_status":"closed","template":"","meta":[],"yoast_head":"<!-- This site is optimized with the Yoast SEO plugin v19.4 - https:\/\/yoast.com\/wordpress\/plugins\/seo\/ -->\n<title>La beaut\u00e9 intemporelle du Fer - Fer en Provence<\/title>\n<meta name=\"description\" content=\"D\u00e9couvrez la beaut\u00e9 intemporelle du fer forg\u00e9 avec Fer en Provence by Lucas Richard, votre ferronnier passionn\u00e9 en Provence avec 19 ans d&#039;exp\u00e9rience.\" \/>\n<meta name=\"robots\" content=\"index, follow, max-snippet:-1, max-image-preview:large, max-video-preview:-1\" \/>\n<link rel=\"canonical\" href=\"https:\/\/ferenprovence.com\/\" \/>\n<meta property=\"og:locale\" content=\"fr_FR\" \/>\n<meta property=\"og:type\" content=\"article\" \/>\n<meta property=\"og:title\" content=\"La beaut\u00e9 intemporelle du Fer - Fer en Provence\" \/>\n<meta property=\"og:description\" content=\"D\u00e9couvrez la beaut\u00e9 intemporelle du fer forg\u00e9 avec Fer en Provence by Lucas Richard, votre ferronnier passionn\u00e9 en Provence avec 19 ans d&#039;exp\u00e9rience.\" \/>\n<meta property=\"og:url\" content=\"https:\/\/ferenprovence.com\/\" \/>\n<meta property=\"og:site_name\" content=\"Fer en Provence\" \/>\n<meta property=\"article:publisher\" content=\"https:\/\/www.facebook.com\/ferenprovence\" \/>\n<meta property=\"article:modified_time\" content=\"2025-09-04T11:18:33+00:00\" \/>\n<meta property=\"og:image\" content=\"https:\/\/ferenprovence.com\/wp-content\/uploads\/2021\/11\/125232013_3498168816904107_6855987481223131857_n-8.jpeg\" \/>\n\t<meta property=\"og:image:width\" content=\"2048\" \/>\n\t<meta property=\"og:image:height\" content=\"1364\" \/>\n\t<meta property=\"og:image:type\" content=\"image\/jpeg\" \/>\n<meta name=\"twitter:card\" content=\"summary_large_image\" \/>\n<meta name=\"twitter:label1\" content=\"Dur\u00e9e de lecture estim\u00e9e\" \/>\n\t<meta name=\"twitter:data1\" content=\"6 minutes\" \/>\n<script type=\"application\/ld+json\" class=\"yoast-schema-graph\">{\"@context\":\"https:\/\/schema.org\",\"@graph\":[{\"@type\":\"Organization\",\"@id\":\"https:\/\/ferenprovence.com\/#organization\",\"name\":\"Fer en Provence\",\"url\":\"https:\/\/ferenprovence.com\/\",\"sameAs\":[\"https:\/\/www.instagram.com\/ferenprovence\",\"https:\/\/www.pinterest.fr\/ferenprovence\",\"https:\/\/www.facebook.com\/ferenprovence\"],\"logo\":{\"@type\":\"ImageObject\",\"inLanguage\":\"fr-FR\",\"@id\":\"https:\/\/ferenprovence.com\/#\/schema\/logo\/image\/\",\"url\":\"https:\/\/ferenprovence.com\/wp-content\/uploads\/2021\/11\/cropped-Sans-titre.jpg\",\"contentUrl\":\"https:\/\/ferenprovence.com\/wp-content\/uploads\/2021\/11\/cropped-Sans-titre.jpg\",\"width\":250,\"height\":250,\"caption\":\"Fer en Provence\"},\"image\":{\"@id\":\"https:\/\/ferenprovence.com\/#\/schema\/logo\/image\/\"}},{\"@type\":\"WebSite\",\"@id\":\"https:\/\/ferenprovence.com\/#website\",\"url\":\"https:\/\/ferenprovence.com\/\",\"name\":\"Fer en Provence\",\"description\":\"Ferronnerie d&#039;art au coeur du Luberon\",\"publisher\":{\"@id\":\"https:\/\/ferenprovence.com\/#organization\"},\"potentialAction\":[{\"@type\":\"SearchAction\",\"target\":{\"@type\":\"EntryPoint\",\"urlTemplate\":\"https:\/\/ferenprovence.com\/?s={search_term_string}\"},\"query-input\":\"required name=search_term_string\"}],\"inLanguage\":\"fr-FR\"},{\"@type\":\"WebPage\",\"@id\":\"https:\/\/ferenprovence.com\/\",\"url\":\"https:\/\/ferenprovence.com\/\",\"name\":\"La beaut\u00e9 intemporelle du Fer - Fer en Provence\",\"isPartOf\":{\"@id\":\"https:\/\/ferenprovence.com\/#website\"},\"datePublished\":\"2021-11-05T09:47:16+00:00\",\"dateModified\":\"2025-09-04T11:18:33+00:00\",\"description\":\"D\u00e9couvrez la beaut\u00e9 intemporelle du fer forg\u00e9 avec Fer en Provence by Lucas Richard, votre ferronnier passionn\u00e9 en Provence avec 19 ans d'exp\u00e9rience.\",\"breadcrumb\":{\"@id\":\"https:\/\/ferenprovence.com\/#breadcrumb\"},\"inLanguage\":\"fr-FR\",\"potentialAction\":[{\"@type\":\"ReadAction\",\"target\":[\"https:\/\/ferenprovence.com\/\"]}]},{\"@type\":\"BreadcrumbList\",\"@id\":\"https:\/\/ferenprovence.com\/#breadcrumb\",\"itemListElement\":[{\"@type\":\"ListItem\",\"position\":1,\"name\":\"Accueil\",\"item\":\"https:\/\/ferenprovence.com\/\"},{\"@type\":\"ListItem\",\"position\":2,\"name\":\"La beaut\u00e9 intemporelle du Fer\"}]}]}<\/script>\n<!-- \/ Yoast SEO plugin. -->","yoast_head_json":{"title":"La beaut\u00e9 intemporelle du Fer - Fer en Provence","description":"D\u00e9couvrez la beaut\u00e9 intemporelle du fer forg\u00e9 avec Fer en Provence by Lucas Richard, votre ferronnier passionn\u00e9 en Provence avec 19 ans d'exp\u00e9rience.","robots":{"index":"index","follow":"follow","max-snippet":"max-snippet:-1","max-image-preview":"max-image-preview:large","max-video-preview":"max-video-preview:-1"},"canonical":"https:\/\/ferenprovence.com\/","og_locale":"fr_FR","og_type":"article","og_title":"La beaut\u00e9 intemporelle du Fer - Fer en Provence","og_description":"D\u00e9couvrez la beaut\u00e9 intemporelle du fer forg\u00e9 avec Fer en Provence by Lucas Richard, votre ferronnier passionn\u00e9 en Provence avec 19 ans d'exp\u00e9rience.","og_url":"https:\/\/ferenprovence.com\/","og_site_name":"Fer en Provence","article_publisher":"https:\/\/www.facebook.com\/ferenprovence","article_modified_time":"2025-09-04T11:18:33+00:00","og_image":[{"width":2048,"height":1364,"url":"https:\/\/ferenprovence.com\/wp-content\/uploads\/2021\/11\/125232013_3498168816904107_6855987481223131857_n-8.jpeg","type":"image\/jpeg"}],"twitter_card":"summary_large_image","twitter_misc":{"Dur\u00e9e de lecture estim\u00e9e":"6 minutes"},"schema":{"@context":"https:\/\/schema.org","@graph":[{"@type":"Organization","@id":"https:\/\/ferenprovence.com\/#organization","name":"Fer en Provence","url":"https:\/\/ferenprovence.com\/","sameAs":["https:\/\/www.instagram.com\/ferenprovence","https:\/\/www.pinterest.fr\/ferenprovence","https:\/\/www.facebook.com\/ferenprovence"],"logo":{"@type":"ImageObject","inLanguage":"fr-FR","@id":"https:\/\/ferenprovence.com\/#\/schema\/logo\/image\/","url":"https:\/\/ferenprovence.com\/wp-content\/uploads\/2021\/11\/cropped-Sans-titre.jpg","contentUrl":"https:\/\/ferenprovence.com\/wp-content\/uploads\/2021\/11\/cropped-Sans-titre.jpg","width":250,"height":250,"caption":"Fer en Provence"},"image":{"@id":"https:\/\/ferenprovence.com\/#\/schema\/logo\/image\/"}},{"@type":"WebSite","@id":"https:\/\/ferenprovence.com\/#website","url":"https:\/\/ferenprovence.com\/","name":"Fer en Provence","description":"Ferronnerie d&#039;art au coeur du Luberon","publisher":{"@id":"https:\/\/ferenprovence.com\/#organization"},"potentialAction":[{"@type":"SearchAction","target":{"@type":"EntryPoint","urlTemplate":"https:\/\/ferenprovence.com\/?s={search_term_string}"},"query-input":"required name=search_term_string"}],"inLanguage":"fr-FR"},{"@type":"WebPage","@id":"https:\/\/ferenprovence.com\/","url":"https:\/\/ferenprovence.com\/","name":"La beaut\u00e9 intemporelle du Fer - Fer en Provence","isPartOf":{"@id":"https:\/\/ferenprovence.com\/#website"},"datePublished":"2021-11-05T09:47:16+00:00","dateModified":"2025-09-04T11:18:33+00:00","description":"D\u00e9couvrez la beaut\u00e9 intemporelle du fer forg\u00e9 avec Fer en Provence by Lucas Richard, votre ferronnier passionn\u00e9 en Provence avec 19 ans d'exp\u00e9rience.","breadcrumb":{"@id":"https:\/\/ferenprovence.com\/#breadcrumb"},"inLanguage":"fr-FR","potentialAction":[{"@type":"ReadAction","target":["https:\/\/ferenprovence.com\/"]}]},{"@type":"BreadcrumbList","@id":"https:\/\/ferenprovence.com\/#breadcrumb","itemListElement":[{"@type":"ListItem","position":1,"name":"Accueil","item":"https:\/\/ferenprovence.com\/"},{"@type":"ListItem","position":2,"name":"La beaut\u00e9 intemporelle du Fer"}]}]}},"_links":{"self":[{"href":"https:\/\/ferenprovence.com\/index.php\/wp-json\/wp\/v2\/pages\/12"}],"collection":[{"href":"https:\/\/ferenprovence.com\/index.php\/wp-json\/wp\/v2\/pages"}],"about":[{"href":"https:\/\/ferenprovence.com\/index.php\/wp-json\/wp\/v2\/types\/page"}],"author":[{"embeddable":true,"href":"https:\/\/ferenprovence.com\/index.php\/wp-json\/wp\/v2\/users\/1"}],"replies":[{"embeddable":true,"href":"https:\/\/ferenprovence.com\/index.php\/wp-json\/wp\/v2\/comments?post=12"}],"version-history":[{"count":210,"href":"https:\/\/ferenprovence.com\/index.php\/wp-json\/wp\/v2\/pages\/12\/revisions"}],"predecessor-version":[{"id":2277,"href":"https:\/\/ferenprovence.com\/index.php\/wp-json\/wp\/v2\/pages\/12\/revisions\/2277"}],"wp:featuredmedia":[{"embeddable":true,"href":"https:\/\/ferenprovence.com\/index.php\/wp-json\/wp\/v2\/media\/82"}],"wp:attachment":[{"href":"https:\/\/ferenprovence.com\/index.php\/wp-json\/wp\/v2\/media?parent=12"}],"curies":[{"name":"wp","href":"https:\/\/api.w.org\/{rel}","templated":true}]}}