{"id":120,"date":"2021-11-05T14:30:42","date_gmt":"2021-11-05T13:30:42","guid":{"rendered":"http:\/\/ferenprovence.com\/?page_id=120"},"modified":"2025-09-10T10:44:44","modified_gmt":"2025-09-10T08:44:44","slug":"rampes-escaliers-fer-forge","status":"publish","type":"page","link":"https:\/\/ferenprovence.com\/index.php\/rampes-escaliers-fer-forge\/","title":{"rendered":"Rampes &#038; Escaliers"},"content":{"rendered":"\n<figure class=\"wp-block-pullquote alignwide\"><blockquote><p>S\u00e9curisons votre escalier avec une belle rampe ou une jolie main courante en fer forg\u00e9<\/p><\/blockquote><\/figure>\n\n\n\n<div class=\"wp-block-columns alignfull\">\n<div class=\"wp-block-column\">\n<figure class=\"wp-block-image alignwide size-large\"><img loading=\"lazy\" width=\"2419\" height=\"2422\" src=\"https:\/\/ferenprovence.com\/wp-content\/uploads\/2024\/06\/fer_en_provence_rampe_escalier_forge-edited-1.jpg\" alt=\"\" class=\"wp-image-1998\" srcset=\"https:\/\/ferenprovence.com\/wp-content\/uploads\/2024\/06\/fer_en_provence_rampe_escalier_forge-edited-1.jpg 2419w, https:\/\/ferenprovence.com\/wp-content\/uploads\/2024\/06\/fer_en_provence_rampe_escalier_forge-edited-1-300x300.jpg 300w, https:\/\/ferenprovence.com\/wp-content\/uploads\/2024\/06\/fer_en_provence_rampe_escalier_forge-edited-1-1024x1024.jpg 1024w, https:\/\/ferenprovence.com\/wp-content\/uploads\/2024\/06\/fer_en_provence_rampe_escalier_forge-edited-1-150x150.jpg 150w, https:\/\/ferenprovence.com\/wp-content\/uploads\/2024\/06\/fer_en_provence_rampe_escalier_forge-edited-1-768x769.jpg 768w, https:\/\/ferenprovence.com\/wp-content\/uploads\/2024\/06\/fer_en_provence_rampe_escalier_forge-edited-1-1534x1536.jpg 1534w, https:\/\/ferenprovence.com\/wp-content\/uploads\/2024\/06\/fer_en_provence_rampe_escalier_forge-edited-1-2045x2048.jpg 2045w, https:\/\/ferenprovence.com\/wp-content\/uploads\/2024\/06\/fer_en_provence_rampe_escalier_forge-edited-1-1568x1570.jpg 1568w\" sizes=\"(max-width: 2419px) 100vw, 2419px\" \/><\/figure>\n<\/div>\n\n\n\n<div class=\"wp-block-column\">\n<figure class=\"wp-block-image alignwide size-full\"><img loading=\"lazy\" width=\"505\" height=\"505\" src=\"https:\/\/ferenprovence.com\/wp-content\/uploads\/2024\/06\/garde-corps-escalier-en-fer-par-fer-en-provence-edited.png\" alt=\"\" class=\"wp-image-1989\" srcset=\"https:\/\/ferenprovence.com\/wp-content\/uploads\/2024\/06\/garde-corps-escalier-en-fer-par-fer-en-provence-edited.png 505w, https:\/\/ferenprovence.com\/wp-content\/uploads\/2024\/06\/garde-corps-escalier-en-fer-par-fer-en-provence-edited-300x300.png 300w, https:\/\/ferenprovence.com\/wp-content\/uploads\/2024\/06\/garde-corps-escalier-en-fer-par-fer-en-provence-edited-150x150.png 150w\" sizes=\"(max-width: 505px) 100vw, 505px\" \/><\/figure>\n<\/div>\n<\/div>\n\n\n\n<figure class=\"wp-block-pullquote alignwide is-style-default\" style=\"border-color:#FFF\"><blockquote><p>\u00ab&nbsp;Excellent travail pour la cr\u00e9ation d\u2019un garde-corps d\u2019escalier et main courante. On retrouve le style proven\u00e7al demand\u00e9 avec une superbe patine. Merci et \u00e0 bient\u00f4t&nbsp;\u00bb<\/p><cite>Rigate Architecture &#8211; 2024<\/cite><\/blockquote><\/figure>\n\n\n\n<div class=\"wp-block-columns alignfull\">\n<div class=\"wp-block-column\">\n<figure class=\"wp-block-image alignwide size-large\"><a href=\"https:\/\/www.rigate-design.com\/\"><img loading=\"lazy\" width=\"583\" height=\"583\" src=\"https:\/\/ferenprovence.com\/wp-content\/uploads\/2025\/03\/rampe-escalier-fer-en-provence-par-olivier-rigate-edited.jpg\" alt=\"\" class=\"wp-image-2103\" srcset=\"https:\/\/ferenprovence.com\/wp-content\/uploads\/2025\/03\/rampe-escalier-fer-en-provence-par-olivier-rigate-edited.jpg 583w, https:\/\/ferenprovence.com\/wp-content\/uploads\/2025\/03\/rampe-escalier-fer-en-provence-par-olivier-rigate-edited-300x300.jpg 300w, https:\/\/ferenprovence.com\/wp-content\/uploads\/2025\/03\/rampe-escalier-fer-en-provence-par-olivier-rigate-edited-150x150.jpg 150w\" sizes=\"(max-width: 583px) 100vw, 583px\" \/><\/a><\/figure>\n<\/div>\n\n\n\n<div class=\"wp-block-column\">\n<figure class=\"wp-block-image alignwide size-large\"><img loading=\"lazy\" width=\"1025\" height=\"1026\" src=\"https:\/\/ferenprovence.com\/wp-content\/uploads\/2024\/06\/rampe-escalier-fer-forge\u0301-edited.png\" alt=\"\" class=\"wp-image-1996\" srcset=\"https:\/\/ferenprovence.com\/wp-content\/uploads\/2024\/06\/rampe-escalier-fer-forge\u0301-edited.png 1025w, https:\/\/ferenprovence.com\/wp-content\/uploads\/2024\/06\/rampe-escalier-fer-forge\u0301-edited-300x300.png 300w, https:\/\/ferenprovence.com\/wp-content\/uploads\/2024\/06\/rampe-escalier-fer-forge\u0301-edited-1024x1024.png 1024w, https:\/\/ferenprovence.com\/wp-content\/uploads\/2024\/06\/rampe-escalier-fer-forge\u0301-edited-150x150.png 150w, https:\/\/ferenprovence.com\/wp-content\/uploads\/2024\/06\/rampe-escalier-fer-forge\u0301-edited-768x769.png 768w\" sizes=\"(max-width: 1025px) 100vw, 1025px\" \/><\/figure>\n<\/div>\n<\/div>\n\n\n\n<div class=\"wp-block-columns alignfull\">\n<div class=\"wp-block-column\">\n<figure class=\"wp-block-image alignwide size-large\"><img loading=\"lazy\" width=\"1024\" height=\"1019\" src=\"https:\/\/ferenprovence.com\/wp-content\/uploads\/2023\/08\/main_courante_fer_en_provence-1024x1019.png\" alt=\"\" class=\"wp-image-1625\" srcset=\"https:\/\/ferenprovence.com\/wp-content\/uploads\/2023\/08\/main_courante_fer_en_provence-1024x1019.png 1024w, https:\/\/ferenprovence.com\/wp-content\/uploads\/2023\/08\/main_courante_fer_en_provence-300x298.png 300w, https:\/\/ferenprovence.com\/wp-content\/uploads\/2023\/08\/main_courante_fer_en_provence-150x150.png 150w, https:\/\/ferenprovence.com\/wp-content\/uploads\/2023\/08\/main_courante_fer_en_provence-768x764.png 768w, https:\/\/ferenprovence.com\/wp-content\/uploads\/2023\/08\/main_courante_fer_en_provence.png 1186w\" sizes=\"(max-width: 1024px) 100vw, 1024px\" \/><\/figure>\n<\/div>\n\n\n\n<div class=\"wp-block-column\">\n<figure class=\"wp-block-image alignwide size-full\"><img loading=\"lazy\" width=\"930\" height=\"932\" src=\"https:\/\/ferenprovence.com\/wp-content\/uploads\/2023\/03\/Capture-de\u0301cran-2023-03-31-a\u0300-15.55.08.png\" alt=\"\" class=\"wp-image-1067\" srcset=\"https:\/\/ferenprovence.com\/wp-content\/uploads\/2023\/03\/Capture-de\u0301cran-2023-03-31-a\u0300-15.55.08.png 930w, https:\/\/ferenprovence.com\/wp-content\/uploads\/2023\/03\/Capture-de\u0301cran-2023-03-31-a\u0300-15.55.08-300x300.png 300w, https:\/\/ferenprovence.com\/wp-content\/uploads\/2023\/03\/Capture-de\u0301cran-2023-03-31-a\u0300-15.55.08-150x150.png 150w, https:\/\/ferenprovence.com\/wp-content\/uploads\/2023\/03\/Capture-de\u0301cran-2023-03-31-a\u0300-15.55.08-768x770.png 768w\" sizes=\"(max-width: 930px) 100vw, 930px\" \/><\/figure>\n<\/div>\n<\/div>\n\n\n\n<h2 class=\"alignfull\">Comment terminer votre rampe d&rsquo;escalier en fer forg\u00e9  ?<\/h2>\n\n\n\n<div class=\"wp-block-columns alignfull\">\n<div class=\"wp-block-column\">\n<div class=\"wp-block-image\"><figure class=\"aligncenter size-large is-resized\"><img loading=\"lazy\" src=\"https:\/\/ferenprovence.com\/wp-content\/uploads\/2025\/09\/rampe-escalier-fer-forge-ferronnerie-provenc\u0327ale-boule-patine-ancienne-fer-en-provence-edited-1.png\" alt=\"\" class=\"wp-image-2311\" width=\"738\" height=\"738\" srcset=\"https:\/\/ferenprovence.com\/wp-content\/uploads\/2025\/09\/rampe-escalier-fer-forge-ferronnerie-provenc\u0327ale-boule-patine-ancienne-fer-en-provence-edited-1.png 970w, https:\/\/ferenprovence.com\/wp-content\/uploads\/2025\/09\/rampe-escalier-fer-forge-ferronnerie-provenc\u0327ale-boule-patine-ancienne-fer-en-provence-edited-1-300x300.png 300w, https:\/\/ferenprovence.com\/wp-content\/uploads\/2025\/09\/rampe-escalier-fer-forge-ferronnerie-provenc\u0327ale-boule-patine-ancienne-fer-en-provence-edited-1-150x150.png 150w, https:\/\/ferenprovence.com\/wp-content\/uploads\/2025\/09\/rampe-escalier-fer-forge-ferronnerie-provenc\u0327ale-boule-patine-ancienne-fer-en-provence-edited-1-768x768.png 768w\" sizes=\"(max-width: 738px) 100vw, 738px\" \/><\/figure><\/div>\n<\/div>\n\n\n\n<div class=\"wp-block-column\">\n<div class=\"wp-block-image\"><figure class=\"aligncenter size-large\"><img loading=\"lazy\" width=\"736\" height=\"736\" src=\"https:\/\/ferenprovence.com\/wp-content\/uploads\/2025\/09\/rampe-escalier-fer-forge-ferronnerie-dart-finition-crosse-edited.jpg\" alt=\"\" class=\"wp-image-2315\" srcset=\"https:\/\/ferenprovence.com\/wp-content\/uploads\/2025\/09\/rampe-escalier-fer-forge-ferronnerie-dart-finition-crosse-edited.jpg 736w, https:\/\/ferenprovence.com\/wp-content\/uploads\/2025\/09\/rampe-escalier-fer-forge-ferronnerie-dart-finition-crosse-edited-300x300.jpg 300w, https:\/\/ferenprovence.com\/wp-content\/uploads\/2025\/09\/rampe-escalier-fer-forge-ferronnerie-dart-finition-crosse-edited-150x150.jpg 150w\" sizes=\"(max-width: 736px) 100vw, 736px\" \/><\/figure><\/div>\n<\/div>\n<\/div>\n\n\n\n<h2>Rampe d&rsquo;escaliers en fer forg\u00e9<\/h2>\n\n\n\n<p>S\u00e9curisez vos escaliers d&rsquo;une rampe en fer forg\u00e9 vous offre plus de s\u00e9curit\u00e9 lors de la descente et de la mont\u00e9e de vos marches. De style moderne en <a href=\"https:\/\/www.instagram.com\/p\/ChpJjgUtWwS\/\">barreaux simple<\/a>, avec ou sans <a href=\"https:\/\/www.instagram.com\/p\/CrYVnl6tDJB\/\">bague<\/a>, style ancien avec des <a href=\"https:\/\/www.instagram.com\/p\/Clq4_7UtpgG\/\">volutes<\/a> de type louis XVI. Fer en Provence vous propose la rampe d&rsquo;escaliers qui qui saura sublimer et s&rsquo;accorder avec votre int\u00e9rieur.<\/p>\n\n\n\n<h2>Mains courante en fer forg\u00e9<\/h2>\n\n\n\n<p>Installer une <a href=\"https:\/\/www.instagram.com\/p\/Cqm6xWItTI3\/\">main courante<\/a> est une version discr\u00e8te \u00e0 la rampe d&rsquo;escaliers. Scell\u00e9e au mur ou <a href=\"https:\/\/www.instagram.com\/p\/CrbQ-mMNan_\/\">dans le sol<\/a>, en int\u00e9rieur ou en ext\u00e9rieur, une main courante accompagne et vous offre un appui en toute discr\u00e9tion. <\/p>\n\n\n\n<p><\/p>\n\n\n\n<p>Demandez votre devis gratuit d\u00e8s \u00e0 pr\u00e9sent. Nous nous ferons un plaisir de venir chez vous prendre les mesures de votre futur escaliers, rampe d&rsquo;escaliers et\/ou main courante. Nous vous adresserons ainsi au plus vite notre meilleure proposition. Toute l&rsquo;\u00e9quipe de Fer en Provence se tient \u00e0 votre disposition pour vous r\u00e9pondre dans les meilleurs d\u00e9lais.<\/p>\n\n\n\n<h2>Escaliers sur-mesure en fer<\/h2>\n\n\n\n<p>Fer en Provence vous propose de cr\u00e9er vos escaliers sur-mesure en fer forg\u00e9. Nous vous proposons d&rsquo;habiller vos marches de fer ou de bois, selon vos pr\u00e9f\u00e9rences. Il existe de nombreux mod\u00e8les d&rsquo;escaliers en fer : avec ou sans limon central, ou \u00e0 marche encastr\u00e9 dans le mur.<\/p>\n\n\n\n<div class=\"wp-block-columns alignwide\">\n<div class=\"wp-block-column\"><\/div>\n\n\n\n<div class=\"wp-block-column\"><\/div>\n\n\n\n<div class=\"wp-block-column\">\n<div class=\"wp-block-image\"><figure class=\"alignright size-large is-resized\"><a href=\"https:\/\/ferenprovence.com\/\"><img loading=\"lazy\" src=\"https:\/\/ferenprovence.com\/wp-content\/uploads\/2021\/11\/fer-en-provence-13-1024x1024.jpg\" alt=\"retour a l'accueil\" class=\"wp-image-666\" width=\"174\" height=\"174\" srcset=\"https:\/\/ferenprovence.com\/wp-content\/uploads\/2021\/11\/fer-en-provence-13-1024x1024.jpg 1024w, https:\/\/ferenprovence.com\/wp-content\/uploads\/2021\/11\/fer-en-provence-13-300x300.jpg 300w, https:\/\/ferenprovence.com\/wp-content\/uploads\/2021\/11\/fer-en-provence-13-150x150.jpg 150w, https:\/\/ferenprovence.com\/wp-content\/uploads\/2021\/11\/fer-en-provence-13-768x768.jpg 768w, https:\/\/ferenprovence.com\/wp-content\/uploads\/2021\/11\/fer-en-provence-13.jpg 1080w\" sizes=\"(max-width: 174px) 100vw, 174px\" \/><\/a><\/figure><\/div>\n\n\n\n<p><\/p>\n<\/div>\n<\/div>\n\n\n\n<p><\/p>\n","protected":false},"excerpt":{"rendered":"<p>S\u00e9curisons votre escalier avec une belle rampe ou une jolie main courante en fer forg\u00e9 \u00ab&nbsp;Excellent travail pour la cr\u00e9ation d\u2019un garde-corps d\u2019escalier et main courante. On retrouve le style proven\u00e7al demand\u00e9 avec une superbe patine. Merci et \u00e0 bient\u00f4t&nbsp;\u00bb Rigate Architecture &#8211; 2024 Comment terminer votre rampe d&rsquo;escalier en fer forg\u00e9 ? Rampe d&rsquo;escaliers &hellip; <\/p>\n<p class=\"link-more\"><a href=\"https:\/\/ferenprovence.com\/index.php\/rampes-escaliers-fer-forge\/\" class=\"more-link\">Continuer la lecture <span class=\"screen-reader-text\"> \u00ab\u00a0Rampes &#038; Escaliers\u00a0\u00bb<\/span><\/a><\/p>\n","protected":false},"author":1,"featured_media":0,"parent":0,"menu_order":0,"comment_status":"closed","ping_status":"closed","template":"","meta":[],"yoast_head":"<!-- This site is optimized with the Yoast SEO plugin v19.4 - https:\/\/yoast.com\/wordpress\/plugins\/seo\/ -->\n<title>Rampes &amp; Escaliers - Fer en Provence - Fer forg\u00e9<\/title>\n<meta name=\"description\" content=\"Envie d&#039;une rampe d&#039;escaliers ou d&#039;un escaliers en fer forg\u00e9, Fer en Provence vous propose de nombreux mod\u00e8les sur-mesures.\" \/>\n<meta name=\"robots\" content=\"index, follow, max-snippet:-1, max-image-preview:large, max-video-preview:-1\" \/>\n<link rel=\"canonical\" href=\"https:\/\/ferenprovence.com\/index.php\/rampes-escaliers-fer-forge\/\" \/>\n<meta property=\"og:locale\" content=\"fr_FR\" \/>\n<meta property=\"og:type\" content=\"article\" \/>\n<meta property=\"og:title\" content=\"Rampes &amp; Escaliers - Fer en Provence - Fer forg\u00e9\" \/>\n<meta property=\"og:description\" content=\"Envie d&#039;une rampe d&#039;escaliers ou d&#039;un escaliers en fer forg\u00e9, Fer en Provence vous propose de nombreux mod\u00e8les sur-mesures.\" \/>\n<meta property=\"og:url\" content=\"https:\/\/ferenprovence.com\/index.php\/rampes-escaliers-fer-forge\/\" \/>\n<meta property=\"og:site_name\" content=\"Fer en Provence\" \/>\n<meta property=\"article:publisher\" content=\"https:\/\/www.facebook.com\/ferenprovence\" \/>\n<meta property=\"article:modified_time\" content=\"2025-09-10T08:44:44+00:00\" \/>\n<meta property=\"og:image\" content=\"https:\/\/ferenprovence.com\/wp-content\/uploads\/2024\/06\/fer_en_provence_rampe_escalier_forge-edited-1.jpg\" \/>\n<meta name=\"twitter:card\" content=\"summary_large_image\" \/>\n<meta name=\"twitter:label1\" content=\"Dur\u00e9e de lecture estim\u00e9e\" \/>\n\t<meta name=\"twitter:data1\" content=\"2 minutes\" \/>\n<script type=\"application\/ld+json\" class=\"yoast-schema-graph\">{\"@context\":\"https:\/\/schema.org\",\"@graph\":[{\"@type\":\"Organization\",\"@id\":\"https:\/\/ferenprovence.com\/#organization\",\"name\":\"Fer en Provence\",\"url\":\"https:\/\/ferenprovence.com\/\",\"sameAs\":[\"https:\/\/www.instagram.com\/ferenprovence\",\"https:\/\/www.pinterest.fr\/ferenprovence\",\"https:\/\/www.facebook.com\/ferenprovence\"],\"logo\":{\"@type\":\"ImageObject\",\"inLanguage\":\"fr-FR\",\"@id\":\"https:\/\/ferenprovence.com\/#\/schema\/logo\/image\/\",\"url\":\"https:\/\/ferenprovence.com\/wp-content\/uploads\/2021\/11\/cropped-Sans-titre.jpg\",\"contentUrl\":\"https:\/\/ferenprovence.com\/wp-content\/uploads\/2021\/11\/cropped-Sans-titre.jpg\",\"width\":250,\"height\":250,\"caption\":\"Fer en Provence\"},\"image\":{\"@id\":\"https:\/\/ferenprovence.com\/#\/schema\/logo\/image\/\"}},{\"@type\":\"WebSite\",\"@id\":\"https:\/\/ferenprovence.com\/#website\",\"url\":\"https:\/\/ferenprovence.com\/\",\"name\":\"Fer en Provence\",\"description\":\"Ferronnerie d&#039;art au coeur du Luberon\",\"publisher\":{\"@id\":\"https:\/\/ferenprovence.com\/#organization\"},\"potentialAction\":[{\"@type\":\"SearchAction\",\"target\":{\"@type\":\"EntryPoint\",\"urlTemplate\":\"https:\/\/ferenprovence.com\/?s={search_term_string}\"},\"query-input\":\"required name=search_term_string\"}],\"inLanguage\":\"fr-FR\"},{\"@type\":\"WebPage\",\"@id\":\"https:\/\/ferenprovence.com\/index.php\/rampes-escaliers-fer-forge\/\",\"url\":\"https:\/\/ferenprovence.com\/index.php\/rampes-escaliers-fer-forge\/\",\"name\":\"Rampes & Escaliers - Fer en Provence - Fer forg\u00e9\",\"isPartOf\":{\"@id\":\"https:\/\/ferenprovence.com\/#website\"},\"datePublished\":\"2021-11-05T13:30:42+00:00\",\"dateModified\":\"2025-09-10T08:44:44+00:00\",\"description\":\"Envie d'une rampe d'escaliers ou d'un escaliers en fer forg\u00e9, Fer en Provence vous propose de nombreux mod\u00e8les sur-mesures.\",\"breadcrumb\":{\"@id\":\"https:\/\/ferenprovence.com\/index.php\/rampes-escaliers-fer-forge\/#breadcrumb\"},\"inLanguage\":\"fr-FR\",\"potentialAction\":[{\"@type\":\"ReadAction\",\"target\":[\"https:\/\/ferenprovence.com\/index.php\/rampes-escaliers-fer-forge\/\"]}]},{\"@type\":\"BreadcrumbList\",\"@id\":\"https:\/\/ferenprovence.com\/index.php\/rampes-escaliers-fer-forge\/#breadcrumb\",\"itemListElement\":[{\"@type\":\"ListItem\",\"position\":1,\"name\":\"Accueil\",\"item\":\"https:\/\/ferenprovence.com\/\"},{\"@type\":\"ListItem\",\"position\":2,\"name\":\"Rampes &#038; Escaliers\"}]}]}<\/script>\n<!-- \/ Yoast SEO plugin. -->","yoast_head_json":{"title":"Rampes & Escaliers - Fer en Provence - Fer forg\u00e9","description":"Envie d'une rampe d'escaliers ou d'un escaliers en fer forg\u00e9, Fer en Provence vous propose de nombreux mod\u00e8les sur-mesures.","robots":{"index":"index","follow":"follow","max-snippet":"max-snippet:-1","max-image-preview":"max-image-preview:large","max-video-preview":"max-video-preview:-1"},"canonical":"https:\/\/ferenprovence.com\/index.php\/rampes-escaliers-fer-forge\/","og_locale":"fr_FR","og_type":"article","og_title":"Rampes & Escaliers - Fer en Provence - Fer forg\u00e9","og_description":"Envie d'une rampe d'escaliers ou d'un escaliers en fer forg\u00e9, Fer en Provence vous propose de nombreux mod\u00e8les sur-mesures.","og_url":"https:\/\/ferenprovence.com\/index.php\/rampes-escaliers-fer-forge\/","og_site_name":"Fer en Provence","article_publisher":"https:\/\/www.facebook.com\/ferenprovence","article_modified_time":"2025-09-10T08:44:44+00:00","og_image":[{"url":"https:\/\/ferenprovence.com\/wp-content\/uploads\/2024\/06\/fer_en_provence_rampe_escalier_forge-edited-1.jpg"}],"twitter_card":"summary_large_image","twitter_misc":{"Dur\u00e9e de lecture estim\u00e9e":"2 minutes"},"schema":{"@context":"https:\/\/schema.org","@graph":[{"@type":"Organization","@id":"https:\/\/ferenprovence.com\/#organization","name":"Fer en Provence","url":"https:\/\/ferenprovence.com\/","sameAs":["https:\/\/www.instagram.com\/ferenprovence","https:\/\/www.pinterest.fr\/ferenprovence","https:\/\/www.facebook.com\/ferenprovence"],"logo":{"@type":"ImageObject","inLanguage":"fr-FR","@id":"https:\/\/ferenprovence.com\/#\/schema\/logo\/image\/","url":"https:\/\/ferenprovence.com\/wp-content\/uploads\/2021\/11\/cropped-Sans-titre.jpg","contentUrl":"https:\/\/ferenprovence.com\/wp-content\/uploads\/2021\/11\/cropped-Sans-titre.jpg","width":250,"height":250,"caption":"Fer en Provence"},"image":{"@id":"https:\/\/ferenprovence.com\/#\/schema\/logo\/image\/"}},{"@type":"WebSite","@id":"https:\/\/ferenprovence.com\/#website","url":"https:\/\/ferenprovence.com\/","name":"Fer en Provence","description":"Ferronnerie d&#039;art au coeur du Luberon","publisher":{"@id":"https:\/\/ferenprovence.com\/#organization"},"potentialAction":[{"@type":"SearchAction","target":{"@type":"EntryPoint","urlTemplate":"https:\/\/ferenprovence.com\/?s={search_term_string}"},"query-input":"required name=search_term_string"}],"inLanguage":"fr-FR"},{"@type":"WebPage","@id":"https:\/\/ferenprovence.com\/index.php\/rampes-escaliers-fer-forge\/","url":"https:\/\/ferenprovence.com\/index.php\/rampes-escaliers-fer-forge\/","name":"Rampes & Escaliers - Fer en Provence - Fer forg\u00e9","isPartOf":{"@id":"https:\/\/ferenprovence.com\/#website"},"datePublished":"2021-11-05T13:30:42+00:00","dateModified":"2025-09-10T08:44:44+00:00","description":"Envie d'une rampe d'escaliers ou d'un escaliers en fer forg\u00e9, Fer en Provence vous propose de nombreux mod\u00e8les sur-mesures.","breadcrumb":{"@id":"https:\/\/ferenprovence.com\/index.php\/rampes-escaliers-fer-forge\/#breadcrumb"},"inLanguage":"fr-FR","potentialAction":[{"@type":"ReadAction","target":["https:\/\/ferenprovence.com\/index.php\/rampes-escaliers-fer-forge\/"]}]},{"@type":"BreadcrumbList","@id":"https:\/\/ferenprovence.com\/index.php\/rampes-escaliers-fer-forge\/#breadcrumb","itemListElement":[{"@type":"ListItem","position":1,"name":"Accueil","item":"https:\/\/ferenprovence.com\/"},{"@type":"ListItem","position":2,"name":"Rampes &#038; Escaliers"}]}]}},"_links":{"self":[{"href":"https:\/\/ferenprovence.com\/index.php\/wp-json\/wp\/v2\/pages\/120"}],"collection":[{"href":"https:\/\/ferenprovence.com\/index.php\/wp-json\/wp\/v2\/pages"}],"about":[{"href":"https:\/\/ferenprovence.com\/index.php\/wp-json\/wp\/v2\/types\/page"}],"author":[{"embeddable":true,"href":"https:\/\/ferenprovence.com\/index.php\/wp-json\/wp\/v2\/users\/1"}],"replies":[{"embeddable":true,"href":"https:\/\/ferenprovence.com\/index.php\/wp-json\/wp\/v2\/comments?post=120"}],"version-history":[{"count":87,"href":"https:\/\/ferenprovence.com\/index.php\/wp-json\/wp\/v2\/pages\/120\/revisions"}],"predecessor-version":[{"id":2317,"href":"https:\/\/ferenprovence.com\/index.php\/wp-json\/wp\/v2\/pages\/120\/revisions\/2317"}],"wp:attachment":[{"href":"https:\/\/ferenprovence.com\/index.php\/wp-json\/wp\/v2\/media?parent=120"}],"curies":[{"name":"wp","href":"https:\/\/api.w.org\/{rel}","templated":true}]}}