{"id":13,"date":"2021-11-05T10:47:17","date_gmt":"2021-11-05T09:47:17","guid":{"rendered":"http:\/\/ferenprovence.com\/?page_id=13"},"modified":"2026-01-15T17:19:56","modified_gmt":"2026-01-15T16:19:56","slug":"ferronnier-en-provence","status":"publish","type":"page","link":"https:\/\/ferenprovence.com\/index.php\/ferronnier-en-provence\/","title":{"rendered":"\u00c0 propos"},"content":{"rendered":"\n<div class=\"wp-block-columns alignwide\">\n<div class=\"wp-block-column\"><\/div>\n<\/div>\n\n\n\n<div class=\"wp-block-columns alignwide\">\n<div class=\"wp-block-column\" style=\"flex-basis:33.33%\">\n<div class=\"wp-block-image\"><figure class=\"aligncenter size-large is-resized\"><img loading=\"lazy\" src=\"https:\/\/ferenprovence.com\/wp-content\/uploads\/2021\/11\/fer-en-provence-16-1024x1024.jpg\" alt=\"\" class=\"wp-image-805\" width=\"337\" height=\"337\" srcset=\"https:\/\/ferenprovence.com\/wp-content\/uploads\/2021\/11\/fer-en-provence-16-1024x1024.jpg 1024w, https:\/\/ferenprovence.com\/wp-content\/uploads\/2021\/11\/fer-en-provence-16-300x300.jpg 300w, https:\/\/ferenprovence.com\/wp-content\/uploads\/2021\/11\/fer-en-provence-16-150x150.jpg 150w, https:\/\/ferenprovence.com\/wp-content\/uploads\/2021\/11\/fer-en-provence-16-768x768.jpg 768w, https:\/\/ferenprovence.com\/wp-content\/uploads\/2021\/11\/fer-en-provence-16.jpg 1080w\" sizes=\"(max-width: 337px) 100vw, 337px\" \/><\/figure><\/div>\n<\/div>\n\n\n\n<div class=\"wp-block-column\" style=\"flex-basis:66.66%\">\n<div class=\"wp-block-columns\">\n<div class=\"wp-block-column\">\n<h2>Hello,<\/h2>\n<\/div>\n<\/div>\n\n\n\n<h3 class=\"has-text-align-left\">Moi c&rsquo;est Lucas, Ferronnier d&rsquo;art en Provence depuis 2007 &amp; \u00e7a c&rsquo;est une rare photo de moi sans tenue de travail.<\/h3>\n<\/div>\n<\/div>\n\n\n\n<div class=\"wp-block-columns alignwide\">\n<div class=\"wp-block-column\">\n<div style=\"height:48px\" aria-hidden=\"true\" class=\"wp-block-spacer\"><\/div>\n<\/div>\n<\/div>\n\n\n\n<div class=\"wp-block-columns alignfull\">\n<div class=\"wp-block-column\">\n<figure class=\"wp-block-image size-large\"><img loading=\"lazy\" width=\"2560\" height=\"2560\" src=\"https:\/\/ferenprovence.com\/wp-content\/uploads\/2024\/05\/fer_en_provence_gorge-pointe_grille-1-edited-scaled.jpg\" alt=\"\" class=\"wp-image-1681\" srcset=\"https:\/\/ferenprovence.com\/wp-content\/uploads\/2024\/05\/fer_en_provence_gorge-pointe_grille-1-edited-scaled.jpg 2560w, https:\/\/ferenprovence.com\/wp-content\/uploads\/2024\/05\/fer_en_provence_gorge-pointe_grille-1-edited-300x300.jpg 300w, https:\/\/ferenprovence.com\/wp-content\/uploads\/2024\/05\/fer_en_provence_gorge-pointe_grille-1-edited-1024x1024.jpg 1024w, https:\/\/ferenprovence.com\/wp-content\/uploads\/2024\/05\/fer_en_provence_gorge-pointe_grille-1-edited-150x150.jpg 150w, https:\/\/ferenprovence.com\/wp-content\/uploads\/2024\/05\/fer_en_provence_gorge-pointe_grille-1-edited-768x768.jpg 768w, https:\/\/ferenprovence.com\/wp-content\/uploads\/2024\/05\/fer_en_provence_gorge-pointe_grille-1-edited-1536x1536.jpg 1536w, https:\/\/ferenprovence.com\/wp-content\/uploads\/2024\/05\/fer_en_provence_gorge-pointe_grille-1-edited-2048x2048.jpg 2048w, https:\/\/ferenprovence.com\/wp-content\/uploads\/2024\/05\/fer_en_provence_gorge-pointe_grille-1-edited-1568x1568.jpg 1568w\" sizes=\"(max-width: 2560px) 100vw, 2560px\" \/><\/figure>\n<\/div>\n\n\n\n<div class=\"wp-block-column\">\n<figure class=\"wp-block-image size-large\"><img loading=\"lazy\" width=\"946\" height=\"946\" src=\"https:\/\/ferenprovence.com\/wp-content\/uploads\/2024\/05\/fer_en_provence_atelier_outils-edited-1.png\" alt=\"\" class=\"wp-image-1682\" srcset=\"https:\/\/ferenprovence.com\/wp-content\/uploads\/2024\/05\/fer_en_provence_atelier_outils-edited-1.png 946w, https:\/\/ferenprovence.com\/wp-content\/uploads\/2024\/05\/fer_en_provence_atelier_outils-edited-1-300x300.png 300w, https:\/\/ferenprovence.com\/wp-content\/uploads\/2024\/05\/fer_en_provence_atelier_outils-edited-1-150x150.png 150w, https:\/\/ferenprovence.com\/wp-content\/uploads\/2024\/05\/fer_en_provence_atelier_outils-edited-1-768x768.png 768w\" sizes=\"(max-width: 946px) 100vw, 946px\" \/><\/figure>\n<\/div>\n\n\n\n<div class=\"wp-block-column\">\n<figure class=\"wp-block-image size-large\"><img loading=\"lazy\" width=\"2560\" height=\"2560\" src=\"https:\/\/ferenprovence.com\/wp-content\/uploads\/2024\/05\/fer_en_provence_atelier_meulage-edited-scaled.jpg\" alt=\"\" class=\"wp-image-1684\" srcset=\"https:\/\/ferenprovence.com\/wp-content\/uploads\/2024\/05\/fer_en_provence_atelier_meulage-edited-scaled.jpg 2560w, https:\/\/ferenprovence.com\/wp-content\/uploads\/2024\/05\/fer_en_provence_atelier_meulage-edited-300x300.jpg 300w, https:\/\/ferenprovence.com\/wp-content\/uploads\/2024\/05\/fer_en_provence_atelier_meulage-edited-1024x1024.jpg 1024w, https:\/\/ferenprovence.com\/wp-content\/uploads\/2024\/05\/fer_en_provence_atelier_meulage-edited-150x150.jpg 150w, https:\/\/ferenprovence.com\/wp-content\/uploads\/2024\/05\/fer_en_provence_atelier_meulage-edited-768x768.jpg 768w, https:\/\/ferenprovence.com\/wp-content\/uploads\/2024\/05\/fer_en_provence_atelier_meulage-edited-1536x1536.jpg 1536w, https:\/\/ferenprovence.com\/wp-content\/uploads\/2024\/05\/fer_en_provence_atelier_meulage-edited-2048x2048.jpg 2048w, https:\/\/ferenprovence.com\/wp-content\/uploads\/2024\/05\/fer_en_provence_atelier_meulage-edited-1568x1567.jpg 1568w\" sizes=\"(max-width: 2560px) 100vw, 2560px\" \/><\/figure>\n\n\n\n<p><\/p>\n<\/div>\n<\/div>\n\n\n\n<div class=\"wp-block-columns alignwide\">\n<div class=\"wp-block-column\">\n<h4><meta charset=\"utf-8\">Nous sommes passionn\u00e9s de ferronnerie d&rsquo;art et fort de 20 ann\u00e9es d&rsquo;exp\u00e9rience ( en 2026).<\/h4>\n<\/div>\n\n\n\n<div class=\"wp-block-column\">\n<h4>Nous aimons partager la beaut\u00e9 intemporelle du fer et garantir des r\u00e9alisations en fer de qualit\u00e9 avec des d\u00e9lais raisonnables.<\/h4>\n<\/div>\n\n\n\n<div class=\"wp-block-column\">\n<h4><meta charset=\"utf-8\">Nous sommes bas\u00e9 au coeur du Luberon (Les Beaumettes) et intervenons en Provence, mais sommes ouverts \u00e0 vos demandes en France et \u00e0 l&rsquo;international <\/h4>\n\n\n\n<p><\/p>\n<\/div>\n<\/div>\n\n\n\n<div class=\"wp-block-columns alignwide\">\n<div class=\"wp-block-column\"><\/div>\n\n\n\n<div class=\"wp-block-column\">\n<div class=\"wp-block-image\"><figure class=\"aligncenter size-full is-resized\"><img loading=\"lazy\" src=\"https:\/\/ferenprovence.com\/wp-content\/uploads\/2021\/11\/12-1.jpg\" alt=\"MADE IN PROVENCE\" class=\"wp-image-747\" width=\"143\" height=\"143\" srcset=\"https:\/\/ferenprovence.com\/wp-content\/uploads\/2021\/11\/12-1.jpg 190w, https:\/\/ferenprovence.com\/wp-content\/uploads\/2021\/11\/12-1-150x150.jpg 150w\" sizes=\"(max-width: 143px) 100vw, 143px\" \/><\/figure><\/div>\n<\/div>\n\n\n\n<div class=\"wp-block-column\">\n<div class=\"wp-block-image\"><figure class=\"aligncenter size-full is-resized\"><a href=\"https:\/\/ferenprovence.com\/index.php\/contact\/\"><img loading=\"lazy\" src=\"https:\/\/ferenprovence.com\/wp-content\/uploads\/2021\/11\/11-1.jpg\" alt=\"demander votre devis\" class=\"wp-image-748\" width=\"143\" height=\"143\" srcset=\"https:\/\/ferenprovence.com\/wp-content\/uploads\/2021\/11\/11-1.jpg 190w, https:\/\/ferenprovence.com\/wp-content\/uploads\/2021\/11\/11-1-150x150.jpg 150w\" sizes=\"(max-width: 143px) 100vw, 143px\" \/><\/a><\/figure><\/div>\n<\/div>\n\n\n\n<div class=\"wp-block-column\"><\/div>\n<\/div>\n\n\n\n<div style=\"height:92px\" aria-hidden=\"true\" class=\"wp-block-spacer\"><\/div>\n\n\n\n<div class=\"wp-block-columns alignwide are-vertically-aligned-top\">\n<div class=\"wp-block-column is-vertically-aligned-top\"><\/div>\n\n\n\n<div class=\"wp-block-column is-vertically-aligned-top\"><\/div>\n\n\n\n<div class=\"wp-block-column is-vertically-aligned-top\">\n<p><\/p>\n<\/div>\n\n\n\n<div class=\"wp-block-column is-vertically-aligned-top\">\n<p><\/p>\n\n\n\n<h5 class=\"has-text-align-center\"><strong>Suivez nos aventures<\/strong><\/h5>\n<\/div>\n\n\n\n<div class=\"wp-block-column is-vertically-aligned-top\">\n<div class=\"wp-block-columns\">\n<div class=\"wp-block-column\">\n<div class=\"wp-block-image\"><figure class=\"aligncenter size-full is-resized\"><a href=\"https:\/\/www.instagram.com\/ferenprovence\/\" target=\"_blank\" rel=\"noopener\"><img loading=\"lazy\" src=\"https:\/\/ferenprovence.com\/wp-content\/uploads\/2021\/11\/2-2.jpg\" alt=\"instagram link\" class=\"wp-image-756\" width=\"48\" height=\"48\" srcset=\"https:\/\/ferenprovence.com\/wp-content\/uploads\/2021\/11\/2-2.jpg 190w, https:\/\/ferenprovence.com\/wp-content\/uploads\/2021\/11\/2-2-150x150.jpg 150w\" sizes=\"(max-width: 48px) 100vw, 48px\" \/><\/a><\/figure><\/div>\n<\/div>\n\n\n\n<div class=\"wp-block-column\">\n<div class=\"wp-block-image\"><figure class=\"aligncenter size-full is-resized\"><a href=\"https:\/\/www.facebook.com\/ferenprovence\/\" target=\"_blank\" rel=\"noopener\"><img loading=\"lazy\" src=\"https:\/\/ferenprovence.com\/wp-content\/uploads\/2021\/11\/3-1.jpg\" alt=\"facebook link\" class=\"wp-image-755\" width=\"48\" height=\"48\" srcset=\"https:\/\/ferenprovence.com\/wp-content\/uploads\/2021\/11\/3-1.jpg 190w, https:\/\/ferenprovence.com\/wp-content\/uploads\/2021\/11\/3-1-150x150.jpg 150w\" sizes=\"(max-width: 48px) 100vw, 48px\" \/><\/a><\/figure><\/div>\n<\/div>\n\n\n\n<div class=\"wp-block-column\">\n<div class=\"wp-block-image\"><figure class=\"aligncenter size-full is-resized\"><img loading=\"lazy\" src=\"https:\/\/ferenprovence.com\/wp-content\/uploads\/2021\/11\/4-1.jpg\" alt=\"etsy link\" class=\"wp-image-754\" width=\"48\" height=\"48\" srcset=\"https:\/\/ferenprovence.com\/wp-content\/uploads\/2021\/11\/4-1.jpg 190w, https:\/\/ferenprovence.com\/wp-content\/uploads\/2021\/11\/4-1-150x150.jpg 150w\" sizes=\"(max-width: 48px) 100vw, 48px\" \/><\/figure><\/div>\n<\/div>\n<\/div>\n<\/div>\n<\/div>\n\n\n\n<div class=\"wp-block-columns alignwide\">\n<div class=\"wp-block-column\">\n<div style=\"height:30px\" aria-hidden=\"true\" class=\"wp-block-spacer\"><\/div>\n<\/div>\n<\/div>\n\n\n\n<h2>Votre Ferronnerie d&rsquo;art en Provence<\/h2>\n\n\n\n<p>Lucas Richard, fondateur de Fer en Provence est passionn\u00e9 de Ferronnerie d&rsquo;art depuis son plus jeune \u00e2ge. Tout \u00e0 commenc\u00e9 lors du stage d&rsquo;initiation obligatoire de 3\u00e8me. Lucas \u00e0 tout de suite s\u00fbt qu&rsquo;il souhaitait effectuer son stage dans une ferronnerie, car comme il le disait d\u00e9j\u00e0 \u00e0 14 ans : \u00ab\u00a0on peut tout faire en fer\u00a0\u00bb. Il commence alors son initiation \u00e0 la ferronnerie de Robion, aujourd&rsquo;hui devenue la Boucherie de la forge. C&rsquo;est d&rsquo;ailleurs de son pass\u00e9 de ferronnerie que la boucherie tire son nom.<\/p>\n\n\n\n<p>L&rsquo;ann\u00e9e d&rsquo;apr\u00e8s, il commence sa formation de ferronnier-serrurier au lyc\u00e9e professionnel Benoit de l&rsquo;Isle sur la Sorgue. Il y reste jusqu&rsquo;a l&rsquo;obtention de son Brevet Professionnel (BP).<\/p>\n\n\n\n<p>Lucas continu ensuite sa formation \u00e0 Marseille, ou il obtient son Bac Pro Ferronnier-serrurier suite \u00e0 une formation en alternance effectu\u00e9 \u00e0 la ferronnerie Peres de Cavaillon, o\u00f9 il jouit d&rsquo;un apprentissage de qualit\u00e9, dans les r\u00e8gles de l&rsquo;art de la ferronnerie d&rsquo;art traditionnelle.<\/p>\n\n\n\n<p>Il travaille ensuite plus de 10 ans \u00e0 la Ferronnerie Aude, \u00e0 Saint Pantal\u00e9on, avant de cr\u00e9er sa propre Ferronnerie du nom de \u00ab\u00a0Fer en Provence\u00a0\u00bb, en 2022. En 2026, Lucas d\u00e9m\u00e9nage et change d&rsquo;atelier. Retrouvez le d\u00e9sormais dans la zone artisanales des Beaumettes (84220).<\/p>\n\n\n\n<p>Depuis Lucas donne vie \u00e0 tous vos projets de ferronnerie, toujours avec le sourire.<\/p>\n\n\n\n<h3 class=\"alignwide\">Quelle est la diff\u00e9rence entre un forgeron et un ferronnier ?<\/h3>\n\n\n\n<ul><li><strong>Le forgeron<\/strong> est un artisan qui fa\u00e7onne le m\u00e9tal en le chauffant et en le martelant pour lui donner une forme. Il fabrique des outils, des armes, des pi\u00e8ces m\u00e9caniques ou encore des \u00e9l\u00e9ments de construction. Son travail est souvent fonctionnel et technique.<\/li><li><strong>Le ferronnier<\/strong>, et plus pr\u00e9cis\u00e9ment le <strong>ferronnier d\u2019art<\/strong>, est un sp\u00e9cialiste du travail du fer \u00e0 des fins d\u00e9coratives et architecturales. Il con\u00e7oit et r\u00e9alise des \u0153uvres comme des rampes d\u2019escalier, des portails, des grilles, des garde-corps et des \u00e9l\u00e9ments ornementaux en m\u00e9tal. Son travail requiert une approche artistique et un savoir-faire en design.<\/li><\/ul>\n\n\n\n<p>En r\u00e9sum\u00e9, un forgeron est plus ax\u00e9 sur la transformation brute du m\u00e9tal pour des usages vari\u00e9s, tandis qu\u2019un ferronnier, en particulier d\u2019art, met son expertise au service de cr\u00e9ations esth\u00e9tiques et architecturales. Dans la pratique, ces m\u00e9tiers peuvent se recouper, mais leurs objectifs diff\u00e8rent.<\/p>\n\n\n\n<h3 class=\"alignwide\">Quel est le m\u00e9tier de ferronnier ?<\/h3>\n\n\n\n<p>Le ferronnier est un artisan qui travaille le m\u00e9tal pour cr\u00e9er des ouvrages d\u00e9coratifs et architecturaux, comme des portails, des rampes, des grilles ou des meubles. Il allie technique et esth\u00e9tique pour fa\u00e7onner des pi\u00e8ces sur mesure.<\/p>\n\n\n\n<h3 class=\"alignwide\">C&rsquo;est quoi la ferronnerie d&rsquo;art ?<\/h3>\n\n\n\n<p>La ferronnerie d\u2019art est un m\u00e9tier artisanal qui consiste \u00e0 travailler le fer et les m\u00e9taux pour cr\u00e9er des pi\u00e8ces d\u00e9coratives et architecturales. Elle allie savoir-faire technique et sens artistique pour produire des \u0153uvres uniques.<\/p>\n\n\n\n<h3 class=\"alignwide\">Qui a invent\u00e9 la ferronnerie ?<\/h3>\n\n\n\n<p>La ferronnerie remonte \u00e0 l\u2019Antiquit\u00e9, mais elle n\u2019a pas \u00e9t\u00e9 \u00ab invent\u00e9e \u00bb par une seule personne. Son d\u00e9veloppement est li\u00e9 \u00e0 la ma\u00eetrise du fer, apparue vers <strong>-1500 av. J.-C.<\/strong> avec les Hittites, qui ont \u00e9t\u00e9 parmi les premiers \u00e0 forger le fer.<\/p>\n\n\n\n<p>La ferronnerie d\u2019art, en tant que discipline d\u00e9corative, s\u2019est surtout d\u00e9velopp\u00e9e au <strong>Moyen \u00c2ge<\/strong> avec la fabrication d\u2019ornements pour les \u00e9glises et les ch\u00e2teaux, puis a atteint son apog\u00e9e \u00e0 l\u2019\u00e9poque <strong>Renaissance<\/strong> et sous <strong>Louis XIV<\/strong>, o\u00f9 elle embellit grilles, portails et balcons.<\/p>\n\n\n\n<p>Elle s\u2019est ensuite perfectionn\u00e9e avec les progr\u00e8s de la m\u00e9tallurgie et les innovations artistiques au fil des si\u00e8cles.<\/p>\n\n\n\n<h3>D&rsquo;o\u00f9 vient le fer utilis\u00e9 pour la ferronnerie ?<\/h3>\n\n\n\n<p>Aujourd\u2019hui, la majorit\u00e9 du fer utilis\u00e9 en ferronnerie en France est <strong>import\u00e9e<\/strong> de pays producteurs comme le Br\u00e9sil, l\u2019Australie ou la Su\u00e8de, car l\u2019extraction du fer en France a fortement diminu\u00e9. Cependant, certains artisans utilisent encore du fer recycl\u00e9 ou des aciers fran\u00e7ais issus de la sid\u00e9rurgie nationale (comme celle de Dunkerque ou Fos-sur-Mer).<\/p>\n\n\n\n<p>Le fer utilis\u00e9 pour la ferronnerie en France provient historiquement de plusieurs r\u00e9gions riches en minerai de fer. Autrefois, il \u00e9tait extrait de <strong>gisements locaux<\/strong> et transform\u00e9 dans des forges artisanales. Parmi les principales r\u00e9gions productrices de fer en France, on trouve :<\/p>\n\n\n\n<ul><li><strong>La Lorraine<\/strong> : C&rsquo;\u00e9tait l\u2019une des principales r\u00e9gions productrices de minerai de fer gr\u00e2ce \u00e0 ses vastes gisements exploit\u00e9s jusqu\u2019au XXe si\u00e8cle.<\/li><li><strong>La Bourgogne<\/strong> : Notamment le Morvan et la Ni\u00e8vre, o\u00f9 le minerai \u00e9tait extrait et travaill\u00e9 d\u00e8s le Moyen \u00c2ge.<\/li><li><strong>Le Massif Central<\/strong> : Avec des gisements dans l\u2019Allier et la Haute-Loire.<\/li><li><strong>La Normandie et les Ardennes<\/strong> : Importantes r\u00e9gions m\u00e9tallurgiques d\u00e8s l\u2019\u00e9poque m\u00e9di\u00e9vale.<\/li><\/ul>\n\n\n\n<div class=\"wp-block-columns alignwide\">\n<div class=\"wp-block-column\"><\/div>\n\n\n\n<div class=\"wp-block-column\"><\/div>\n\n\n\n<div class=\"wp-block-column\">\n<div class=\"wp-block-image\"><figure class=\"alignright size-large is-resized\"><a href=\"https:\/\/ferenprovence.com\/\"><img loading=\"lazy\" src=\"https:\/\/ferenprovence.com\/wp-content\/uploads\/2021\/11\/fer-en-provence-13-1024x1024.jpg\" alt=\"retour a l'accueil\" class=\"wp-image-666\" width=\"204\" height=\"204\" srcset=\"https:\/\/ferenprovence.com\/wp-content\/uploads\/2021\/11\/fer-en-provence-13-1024x1024.jpg 1024w, https:\/\/ferenprovence.com\/wp-content\/uploads\/2021\/11\/fer-en-provence-13-300x300.jpg 300w, https:\/\/ferenprovence.com\/wp-content\/uploads\/2021\/11\/fer-en-provence-13-150x150.jpg 150w, https:\/\/ferenprovence.com\/wp-content\/uploads\/2021\/11\/fer-en-provence-13-768x768.jpg 768w, https:\/\/ferenprovence.com\/wp-content\/uploads\/2021\/11\/fer-en-provence-13.jpg 1080w\" sizes=\"(max-width: 204px) 100vw, 204px\" \/><\/a><\/figure><\/div>\n<\/div>\n<\/div>\n","protected":false},"excerpt":{"rendered":"<p>Hello, Moi c&rsquo;est Lucas, Ferronnier d&rsquo;art en Provence depuis 2007 &amp; \u00e7a c&rsquo;est une rare photo de moi sans tenue de travail. Nous sommes passionn\u00e9s de ferronnerie d&rsquo;art et fort de 20 ann\u00e9es d&rsquo;exp\u00e9rience ( en 2026). Nous aimons partager la beaut\u00e9 intemporelle du fer et garantir des r\u00e9alisations en fer de qualit\u00e9 avec des &hellip; <\/p>\n<p class=\"link-more\"><a href=\"https:\/\/ferenprovence.com\/index.php\/ferronnier-en-provence\/\" class=\"more-link\">Continuer la lecture <span class=\"screen-reader-text\"> \u00ab\u00a0\u00c0 propos\u00a0\u00bb<\/span><\/a><\/p>\n","protected":false},"author":1,"featured_media":0,"parent":0,"menu_order":0,"comment_status":"closed","ping_status":"closed","template":"","meta":[],"yoast_head":"<!-- This site is optimized with the Yoast SEO plugin v19.4 - https:\/\/yoast.com\/wordpress\/plugins\/seo\/ -->\n<title>\u00c0 propos- Votre Ferronnier en Provence - Fer en Provence<\/title>\n<meta name=\"description\" content=\"Lucas Richard, ferronnier en Provence vous propose son savoir-faire pour vos r\u00e9alisations et vos projets de ferronnerie\" \/>\n<meta name=\"robots\" content=\"index, follow, max-snippet:-1, max-image-preview:large, max-video-preview:-1\" \/>\n<link rel=\"canonical\" href=\"https:\/\/ferenprovence.com\/index.php\/ferronnier-en-provence\/\" \/>\n<meta property=\"og:locale\" content=\"fr_FR\" \/>\n<meta property=\"og:type\" content=\"article\" \/>\n<meta property=\"og:title\" content=\"\u00c0 propos- Votre Ferronnier en Provence - Fer en Provence\" \/>\n<meta property=\"og:description\" content=\"Lucas Richard, ferronnier en Provence vous propose son savoir-faire pour vos r\u00e9alisations et vos projets de ferronnerie\" \/>\n<meta property=\"og:url\" content=\"https:\/\/ferenprovence.com\/index.php\/ferronnier-en-provence\/\" \/>\n<meta property=\"og:site_name\" content=\"Fer en Provence\" \/>\n<meta property=\"article:publisher\" content=\"https:\/\/www.facebook.com\/ferenprovence\" \/>\n<meta property=\"article:modified_time\" content=\"2026-01-15T16:19:56+00:00\" \/>\n<meta property=\"og:image\" content=\"https:\/\/ferenprovence.com\/wp-content\/uploads\/2021\/11\/fer-en-provence-16-1024x1024.jpg\" \/>\n<meta name=\"twitter:card\" content=\"summary_large_image\" \/>\n<meta name=\"twitter:label1\" content=\"Dur\u00e9e de lecture estim\u00e9e\" \/>\n\t<meta name=\"twitter:data1\" content=\"2 minutes\" \/>\n<script type=\"application\/ld+json\" class=\"yoast-schema-graph\">{\"@context\":\"https:\/\/schema.org\",\"@graph\":[{\"@type\":\"Organization\",\"@id\":\"https:\/\/ferenprovence.com\/#organization\",\"name\":\"Fer en Provence\",\"url\":\"https:\/\/ferenprovence.com\/\",\"sameAs\":[\"https:\/\/www.instagram.com\/ferenprovence\",\"https:\/\/www.pinterest.fr\/ferenprovence\",\"https:\/\/www.facebook.com\/ferenprovence\"],\"logo\":{\"@type\":\"ImageObject\",\"inLanguage\":\"fr-FR\",\"@id\":\"https:\/\/ferenprovence.com\/#\/schema\/logo\/image\/\",\"url\":\"https:\/\/ferenprovence.com\/wp-content\/uploads\/2021\/11\/cropped-Sans-titre.jpg\",\"contentUrl\":\"https:\/\/ferenprovence.com\/wp-content\/uploads\/2021\/11\/cropped-Sans-titre.jpg\",\"width\":250,\"height\":250,\"caption\":\"Fer en Provence\"},\"image\":{\"@id\":\"https:\/\/ferenprovence.com\/#\/schema\/logo\/image\/\"}},{\"@type\":\"WebSite\",\"@id\":\"https:\/\/ferenprovence.com\/#website\",\"url\":\"https:\/\/ferenprovence.com\/\",\"name\":\"Fer en Provence\",\"description\":\"Ferronnerie d&#039;art au coeur du Luberon\",\"publisher\":{\"@id\":\"https:\/\/ferenprovence.com\/#organization\"},\"potentialAction\":[{\"@type\":\"SearchAction\",\"target\":{\"@type\":\"EntryPoint\",\"urlTemplate\":\"https:\/\/ferenprovence.com\/?s={search_term_string}\"},\"query-input\":\"required name=search_term_string\"}],\"inLanguage\":\"fr-FR\"},{\"@type\":\"WebPage\",\"@id\":\"https:\/\/ferenprovence.com\/index.php\/ferronnier-en-provence\/\",\"url\":\"https:\/\/ferenprovence.com\/index.php\/ferronnier-en-provence\/\",\"name\":\"\u00c0 propos- Votre Ferronnier en Provence - Fer en Provence\",\"isPartOf\":{\"@id\":\"https:\/\/ferenprovence.com\/#website\"},\"datePublished\":\"2021-11-05T09:47:17+00:00\",\"dateModified\":\"2026-01-15T16:19:56+00:00\",\"description\":\"Lucas Richard, ferronnier en Provence vous propose son savoir-faire pour vos r\u00e9alisations et vos projets de ferronnerie\",\"breadcrumb\":{\"@id\":\"https:\/\/ferenprovence.com\/index.php\/ferronnier-en-provence\/#breadcrumb\"},\"inLanguage\":\"fr-FR\",\"potentialAction\":[{\"@type\":\"ReadAction\",\"target\":[\"https:\/\/ferenprovence.com\/index.php\/ferronnier-en-provence\/\"]}]},{\"@type\":\"BreadcrumbList\",\"@id\":\"https:\/\/ferenprovence.com\/index.php\/ferronnier-en-provence\/#breadcrumb\",\"itemListElement\":[{\"@type\":\"ListItem\",\"position\":1,\"name\":\"Accueil\",\"item\":\"https:\/\/ferenprovence.com\/\"},{\"@type\":\"ListItem\",\"position\":2,\"name\":\"\u00c0 propos\"}]}]}<\/script>\n<!-- \/ Yoast SEO plugin. -->","yoast_head_json":{"title":"\u00c0 propos- Votre Ferronnier en Provence - Fer en Provence","description":"Lucas Richard, ferronnier en Provence vous propose son savoir-faire pour vos r\u00e9alisations et vos projets de ferronnerie","robots":{"index":"index","follow":"follow","max-snippet":"max-snippet:-1","max-image-preview":"max-image-preview:large","max-video-preview":"max-video-preview:-1"},"canonical":"https:\/\/ferenprovence.com\/index.php\/ferronnier-en-provence\/","og_locale":"fr_FR","og_type":"article","og_title":"\u00c0 propos- Votre Ferronnier en Provence - Fer en Provence","og_description":"Lucas Richard, ferronnier en Provence vous propose son savoir-faire pour vos r\u00e9alisations et vos projets de ferronnerie","og_url":"https:\/\/ferenprovence.com\/index.php\/ferronnier-en-provence\/","og_site_name":"Fer en Provence","article_publisher":"https:\/\/www.facebook.com\/ferenprovence","article_modified_time":"2026-01-15T16:19:56+00:00","og_image":[{"url":"https:\/\/ferenprovence.com\/wp-content\/uploads\/2021\/11\/fer-en-provence-16-1024x1024.jpg"}],"twitter_card":"summary_large_image","twitter_misc":{"Dur\u00e9e de lecture estim\u00e9e":"2 minutes"},"schema":{"@context":"https:\/\/schema.org","@graph":[{"@type":"Organization","@id":"https:\/\/ferenprovence.com\/#organization","name":"Fer en Provence","url":"https:\/\/ferenprovence.com\/","sameAs":["https:\/\/www.instagram.com\/ferenprovence","https:\/\/www.pinterest.fr\/ferenprovence","https:\/\/www.facebook.com\/ferenprovence"],"logo":{"@type":"ImageObject","inLanguage":"fr-FR","@id":"https:\/\/ferenprovence.com\/#\/schema\/logo\/image\/","url":"https:\/\/ferenprovence.com\/wp-content\/uploads\/2021\/11\/cropped-Sans-titre.jpg","contentUrl":"https:\/\/ferenprovence.com\/wp-content\/uploads\/2021\/11\/cropped-Sans-titre.jpg","width":250,"height":250,"caption":"Fer en Provence"},"image":{"@id":"https:\/\/ferenprovence.com\/#\/schema\/logo\/image\/"}},{"@type":"WebSite","@id":"https:\/\/ferenprovence.com\/#website","url":"https:\/\/ferenprovence.com\/","name":"Fer en Provence","description":"Ferronnerie d&#039;art au coeur du Luberon","publisher":{"@id":"https:\/\/ferenprovence.com\/#organization"},"potentialAction":[{"@type":"SearchAction","target":{"@type":"EntryPoint","urlTemplate":"https:\/\/ferenprovence.com\/?s={search_term_string}"},"query-input":"required name=search_term_string"}],"inLanguage":"fr-FR"},{"@type":"WebPage","@id":"https:\/\/ferenprovence.com\/index.php\/ferronnier-en-provence\/","url":"https:\/\/ferenprovence.com\/index.php\/ferronnier-en-provence\/","name":"\u00c0 propos- Votre Ferronnier en Provence - Fer en Provence","isPartOf":{"@id":"https:\/\/ferenprovence.com\/#website"},"datePublished":"2021-11-05T09:47:17+00:00","dateModified":"2026-01-15T16:19:56+00:00","description":"Lucas Richard, ferronnier en Provence vous propose son savoir-faire pour vos r\u00e9alisations et vos projets de ferronnerie","breadcrumb":{"@id":"https:\/\/ferenprovence.com\/index.php\/ferronnier-en-provence\/#breadcrumb"},"inLanguage":"fr-FR","potentialAction":[{"@type":"ReadAction","target":["https:\/\/ferenprovence.com\/index.php\/ferronnier-en-provence\/"]}]},{"@type":"BreadcrumbList","@id":"https:\/\/ferenprovence.com\/index.php\/ferronnier-en-provence\/#breadcrumb","itemListElement":[{"@type":"ListItem","position":1,"name":"Accueil","item":"https:\/\/ferenprovence.com\/"},{"@type":"ListItem","position":2,"name":"\u00c0 propos"}]}]}},"_links":{"self":[{"href":"https:\/\/ferenprovence.com\/index.php\/wp-json\/wp\/v2\/pages\/13"}],"collection":[{"href":"https:\/\/ferenprovence.com\/index.php\/wp-json\/wp\/v2\/pages"}],"about":[{"href":"https:\/\/ferenprovence.com\/index.php\/wp-json\/wp\/v2\/types\/page"}],"author":[{"embeddable":true,"href":"https:\/\/ferenprovence.com\/index.php\/wp-json\/wp\/v2\/users\/1"}],"replies":[{"embeddable":true,"href":"https:\/\/ferenprovence.com\/index.php\/wp-json\/wp\/v2\/comments?post=13"}],"version-history":[{"count":69,"href":"https:\/\/ferenprovence.com\/index.php\/wp-json\/wp\/v2\/pages\/13\/revisions"}],"predecessor-version":[{"id":2331,"href":"https:\/\/ferenprovence.com\/index.php\/wp-json\/wp\/v2\/pages\/13\/revisions\/2331"}],"wp:attachment":[{"href":"https:\/\/ferenprovence.com\/index.php\/wp-json\/wp\/v2\/media?parent=13"}],"curies":[{"name":"wp","href":"https:\/\/api.w.org\/{rel}","templated":true}]}}