{"id":2128,"date":"2025-09-02T11:30:08","date_gmt":"2025-09-02T09:30:08","guid":{"rendered":"https:\/\/ferenprovence.com\/?page_id=2128"},"modified":"2025-09-02T23:33:58","modified_gmt":"2025-09-02T21:33:58","slug":"processus-de-fabrication","status":"publish","type":"page","link":"https:\/\/ferenprovence.com\/index.php\/processus-de-fabrication\/","title":{"rendered":"Processus de fabrication"},"content":{"rendered":"\n<hr class=\"wp-block-separator\"\/>\n\n\n\n<div class=\"wp-block-columns alignfull\">\n<div class=\"wp-block-column\">\n<figure class=\"wp-block-pullquote\"><blockquote><p>Un d\u00e9lai de 1 \u00e0 2 mois est \u00e0 pr\u00e9voir entre la conception <\/p><p>et la pose de votre fabrication sur mesure.<\/p><\/blockquote><\/figure>\n\n\n\n<blockquote class=\"wp-block-quote has-text-align-center\"><p><\/p><\/blockquote>\n\n\n\n<figure class=\"wp-block-pullquote\"><blockquote><p>1. <em>De l&rsquo;id\u00e9e \u00e0 l&rsquo;esquisse : L&rsquo;art de la <\/em>conception<\/p><\/blockquote><\/figure>\n\n\n\n<figure class=\"wp-block-image alignwide size-large\"><img loading=\"lazy\" width=\"1024\" height=\"1024\" src=\"https:\/\/ferenprovence.com\/wp-content\/uploads\/2025\/09\/croquis-fer-en-provence-portail-1024x1024.png\" alt=\"\" class=\"wp-image-2129\" srcset=\"https:\/\/ferenprovence.com\/wp-content\/uploads\/2025\/09\/croquis-fer-en-provence-portail.png 1024w, https:\/\/ferenprovence.com\/wp-content\/uploads\/2025\/09\/croquis-fer-en-provence-portail-300x300.png 300w, https:\/\/ferenprovence.com\/wp-content\/uploads\/2025\/09\/croquis-fer-en-provence-portail-150x150.png 150w, https:\/\/ferenprovence.com\/wp-content\/uploads\/2025\/09\/croquis-fer-en-provence-portail-768x768.png 768w\" sizes=\"(max-width: 1024px) 100vw, 1024px\" \/><\/figure>\n\n\n\n<figure class=\"wp-block-pullquote\"><blockquote><p><\/p><p>2. <em>Le choix de <\/em>l&rsquo;excellence : <em>nos mat\u00e9riaux de<\/em> qualit\u00e9<\/p><\/blockquote><\/figure>\n\n\n\n<div class=\"wp-block-columns\">\n<div class=\"wp-block-column\">\n<div class=\"wp-duotone-filter-69ef5c86753c1 wp-block-image\"><figure class=\"aligncenter size-large\"><img loading=\"lazy\" width=\"683\" height=\"1024\" src=\"https:\/\/ferenprovence.com\/wp-content\/uploads\/2025\/09\/IMG_9674-683x1024.jpg\" alt=\"\" class=\"wp-image-2137\" srcset=\"https:\/\/ferenprovence.com\/wp-content\/uploads\/2025\/09\/IMG_9674-683x1024.jpg 683w, https:\/\/ferenprovence.com\/wp-content\/uploads\/2025\/09\/IMG_9674-200x300.jpg 200w, https:\/\/ferenprovence.com\/wp-content\/uploads\/2025\/09\/IMG_9674-768x1152.jpg 768w, https:\/\/ferenprovence.com\/wp-content\/uploads\/2025\/09\/IMG_9674-1024x1536.jpg 1024w, https:\/\/ferenprovence.com\/wp-content\/uploads\/2025\/09\/IMG_9674-1365x2048.jpg 1365w, https:\/\/ferenprovence.com\/wp-content\/uploads\/2025\/09\/IMG_9674-1568x2352.jpg 1568w, https:\/\/ferenprovence.com\/wp-content\/uploads\/2025\/09\/IMG_9674-scaled.jpg 1707w\" sizes=\"(max-width: 683px) 100vw, 683px\" \/><\/figure><\/div>\n\n\t<style>\n\t\t.wp-duotone-filter-69ef5c86753c1 img {\n\t\t\tfilter: url( #wp-duotone-filter-69ef5c86753c1 );\n\t\t}\n\t<\/style>\n\n\t<svg\n\t\txmlns:xlink=\"http:\/\/www.w3.org\/1999\/xlink\"\n\t\tviewBox=\"0 0 0 0\"\n\t\twidth=\"0\"\n\t\theight=\"0\"\n\t\tfocusable=\"false\"\n\t\trole=\"none\"\n\t\tstyle=\"visibility: hidden; position: absolute; left: -9999px; overflow: hidden;\"\n\t>\n\t\t<defs>\n\t\t\t<filter id=\"wp-duotone-filter-69ef5c86753c1\">\n\t\t\t\t<feColorMatrix\n\t\t\t\t\ttype=\"matrix\"\n\t\t\t\t\t\t\t\t\t\tvalues=\".299 .587 .114 0 0\n\t\t\t\t\t\t\t.299 .587 .114 0 0\n\t\t\t\t\t\t\t.299 .587 .114 0 0\n\t\t\t\t\t\t\t0 0 0 1 0\"\n\t\t\t\t\t\t\t\t\t\/>\n\t\t\t\t<feComponentTransfer color-interpolation-filters=\"sRGB\" >\n\t\t\t\t\t<feFuncR type=\"table\" tableValues=\"0 1\" \/>\n\t\t\t\t\t<feFuncG type=\"table\" tableValues=\"0 1\" \/>\n\t\t\t\t\t<feFuncB type=\"table\" tableValues=\"0 1\" \/>\n\t\t\t\t<\/feComponentTransfer>\n\t\t\t<\/filter>\n\t\t<\/defs>\n\t<\/svg>\n\n\t<\/div>\n\n\n\n<div class=\"wp-block-column\">\n<div class=\"wp-duotone-filter-69ef5c8675401 wp-block-image\"><figure class=\"aligncenter size-large\"><img loading=\"lazy\" width=\"683\" height=\"1024\" src=\"https:\/\/ferenprovence.com\/wp-content\/uploads\/2025\/09\/IMG_9755-683x1024.jpg\" alt=\"\" class=\"wp-image-2138\" srcset=\"https:\/\/ferenprovence.com\/wp-content\/uploads\/2025\/09\/IMG_9755-683x1024.jpg 683w, https:\/\/ferenprovence.com\/wp-content\/uploads\/2025\/09\/IMG_9755-200x300.jpg 200w, https:\/\/ferenprovence.com\/wp-content\/uploads\/2025\/09\/IMG_9755-768x1152.jpg 768w, https:\/\/ferenprovence.com\/wp-content\/uploads\/2025\/09\/IMG_9755-1024x1536.jpg 1024w, https:\/\/ferenprovence.com\/wp-content\/uploads\/2025\/09\/IMG_9755-1365x2048.jpg 1365w, https:\/\/ferenprovence.com\/wp-content\/uploads\/2025\/09\/IMG_9755-1568x2352.jpg 1568w, https:\/\/ferenprovence.com\/wp-content\/uploads\/2025\/09\/IMG_9755-scaled.jpg 1707w\" sizes=\"(max-width: 683px) 100vw, 683px\" \/><\/figure><\/div>\n\n\t<style>\n\t\t.wp-duotone-filter-69ef5c8675401 img {\n\t\t\tfilter: url( #wp-duotone-filter-69ef5c8675401 );\n\t\t}\n\t<\/style>\n\n\t<svg\n\t\txmlns:xlink=\"http:\/\/www.w3.org\/1999\/xlink\"\n\t\tviewBox=\"0 0 0 0\"\n\t\twidth=\"0\"\n\t\theight=\"0\"\n\t\tfocusable=\"false\"\n\t\trole=\"none\"\n\t\tstyle=\"visibility: hidden; position: absolute; left: -9999px; overflow: hidden;\"\n\t>\n\t\t<defs>\n\t\t\t<filter id=\"wp-duotone-filter-69ef5c8675401\">\n\t\t\t\t<feColorMatrix\n\t\t\t\t\ttype=\"matrix\"\n\t\t\t\t\t\t\t\t\t\tvalues=\".299 .587 .114 0 0\n\t\t\t\t\t\t\t.299 .587 .114 0 0\n\t\t\t\t\t\t\t.299 .587 .114 0 0\n\t\t\t\t\t\t\t0 0 0 1 0\"\n\t\t\t\t\t\t\t\t\t\/>\n\t\t\t\t<feComponentTransfer color-interpolation-filters=\"sRGB\" >\n\t\t\t\t\t<feFuncR type=\"table\" tableValues=\"0 1\" \/>\n\t\t\t\t\t<feFuncG type=\"table\" tableValues=\"0 1\" \/>\n\t\t\t\t\t<feFuncB type=\"table\" tableValues=\"0 1\" \/>\n\t\t\t\t<\/feComponentTransfer>\n\t\t\t<\/filter>\n\t\t<\/defs>\n\t<\/svg>\n\n\t<\/div>\n<\/div>\n\n\n\n<figure class=\"wp-block-pullquote\"><blockquote><p>3. <em>La magie du <\/em>feu : <em>du m\u00e9tal brut \u00e0 la <\/em>pi\u00e8ce unique<\/p><\/blockquote><\/figure>\n\n\n\n<div class=\"wp-block-columns\">\n<div class=\"wp-block-column\">\n<div class=\"wp-duotone-filter-69ef5c8675427 wp-block-image\"><figure class=\"aligncenter size-large\"><img loading=\"lazy\" width=\"683\" height=\"1024\" src=\"https:\/\/ferenprovence.com\/wp-content\/uploads\/2025\/09\/IMG_9705-1-683x1024.jpg\" alt=\"\" class=\"wp-image-2139\" srcset=\"https:\/\/ferenprovence.com\/wp-content\/uploads\/2025\/09\/IMG_9705-1-683x1024.jpg 683w, https:\/\/ferenprovence.com\/wp-content\/uploads\/2025\/09\/IMG_9705-1-200x300.jpg 200w, https:\/\/ferenprovence.com\/wp-content\/uploads\/2025\/09\/IMG_9705-1-768x1152.jpg 768w, https:\/\/ferenprovence.com\/wp-content\/uploads\/2025\/09\/IMG_9705-1-1024x1536.jpg 1024w, https:\/\/ferenprovence.com\/wp-content\/uploads\/2025\/09\/IMG_9705-1-1365x2048.jpg 1365w, https:\/\/ferenprovence.com\/wp-content\/uploads\/2025\/09\/IMG_9705-1-1568x2352.jpg 1568w, https:\/\/ferenprovence.com\/wp-content\/uploads\/2025\/09\/IMG_9705-1-scaled.jpg 1707w\" sizes=\"(max-width: 683px) 100vw, 683px\" \/><\/figure><\/div>\n\n\t<style>\n\t\t.wp-duotone-filter-69ef5c8675427 img {\n\t\t\tfilter: url( #wp-duotone-filter-69ef5c8675427 );\n\t\t}\n\t<\/style>\n\n\t<svg\n\t\txmlns:xlink=\"http:\/\/www.w3.org\/1999\/xlink\"\n\t\tviewBox=\"0 0 0 0\"\n\t\twidth=\"0\"\n\t\theight=\"0\"\n\t\tfocusable=\"false\"\n\t\trole=\"none\"\n\t\tstyle=\"visibility: hidden; position: absolute; left: -9999px; overflow: hidden;\"\n\t>\n\t\t<defs>\n\t\t\t<filter id=\"wp-duotone-filter-69ef5c8675427\">\n\t\t\t\t<feColorMatrix\n\t\t\t\t\ttype=\"matrix\"\n\t\t\t\t\t\t\t\t\t\tvalues=\".299 .587 .114 0 0\n\t\t\t\t\t\t\t.299 .587 .114 0 0\n\t\t\t\t\t\t\t.299 .587 .114 0 0\n\t\t\t\t\t\t\t0 0 0 1 0\"\n\t\t\t\t\t\t\t\t\t\/>\n\t\t\t\t<feComponentTransfer color-interpolation-filters=\"sRGB\" >\n\t\t\t\t\t<feFuncR type=\"table\" tableValues=\"0 1\" \/>\n\t\t\t\t\t<feFuncG type=\"table\" tableValues=\"0 1\" \/>\n\t\t\t\t\t<feFuncB type=\"table\" tableValues=\"0 1\" \/>\n\t\t\t\t<\/feComponentTransfer>\n\t\t\t<\/filter>\n\t\t<\/defs>\n\t<\/svg>\n\n\t<\/div>\n\n\n\n<div class=\"wp-block-column\">\n<div class=\"wp-duotone-filter-69ef5c867543e wp-block-image\"><figure class=\"aligncenter size-large\"><img loading=\"lazy\" width=\"683\" height=\"1024\" src=\"https:\/\/ferenprovence.com\/wp-content\/uploads\/2025\/09\/113A9326-683x1024.jpg\" alt=\"\" class=\"wp-image-2133\" srcset=\"https:\/\/ferenprovence.com\/wp-content\/uploads\/2025\/09\/113A9326-683x1024.jpg 683w, https:\/\/ferenprovence.com\/wp-content\/uploads\/2025\/09\/113A9326-200x300.jpg 200w, https:\/\/ferenprovence.com\/wp-content\/uploads\/2025\/09\/113A9326-768x1151.jpg 768w, https:\/\/ferenprovence.com\/wp-content\/uploads\/2025\/09\/113A9326-1025x1536.jpg 1025w, https:\/\/ferenprovence.com\/wp-content\/uploads\/2025\/09\/113A9326-1366x2048.jpg 1366w, https:\/\/ferenprovence.com\/wp-content\/uploads\/2025\/09\/113A9326-1568x2351.jpg 1568w, https:\/\/ferenprovence.com\/wp-content\/uploads\/2025\/09\/113A9326-scaled.jpg 1708w\" sizes=\"(max-width: 683px) 100vw, 683px\" \/><\/figure><\/div>\n\n\t<style>\n\t\t.wp-duotone-filter-69ef5c867543e img {\n\t\t\tfilter: url( #wp-duotone-filter-69ef5c867543e );\n\t\t}\n\t<\/style>\n\n\t<svg\n\t\txmlns:xlink=\"http:\/\/www.w3.org\/1999\/xlink\"\n\t\tviewBox=\"0 0 0 0\"\n\t\twidth=\"0\"\n\t\theight=\"0\"\n\t\tfocusable=\"false\"\n\t\trole=\"none\"\n\t\tstyle=\"visibility: hidden; position: absolute; left: -9999px; overflow: hidden;\"\n\t>\n\t\t<defs>\n\t\t\t<filter id=\"wp-duotone-filter-69ef5c867543e\">\n\t\t\t\t<feColorMatrix\n\t\t\t\t\ttype=\"matrix\"\n\t\t\t\t\t\t\t\t\t\tvalues=\".299 .587 .114 0 0\n\t\t\t\t\t\t\t.299 .587 .114 0 0\n\t\t\t\t\t\t\t.299 .587 .114 0 0\n\t\t\t\t\t\t\t0 0 0 1 0\"\n\t\t\t\t\t\t\t\t\t\/>\n\t\t\t\t<feComponentTransfer color-interpolation-filters=\"sRGB\" >\n\t\t\t\t\t<feFuncR type=\"table\" tableValues=\"0 1\" \/>\n\t\t\t\t\t<feFuncG type=\"table\" tableValues=\"0 1\" \/>\n\t\t\t\t\t<feFuncB type=\"table\" tableValues=\"0 1\" \/>\n\t\t\t\t<\/feComponentTransfer>\n\t\t\t<\/filter>\n\t\t<\/defs>\n\t<\/svg>\n\n\t<\/div>\n<\/div>\n\n\n\n<figure class=\"wp-block-pullquote\"><blockquote><p>4. <em>Les d\u00e9tails qui font la <\/em>diff\u00e9rence : <em>le polissage et la patine<\/em><\/p><\/blockquote><\/figure>\n\n\n\n<div class=\"wp-block-columns\">\n<div class=\"wp-block-column\">\n<figure class=\"wp-duotone-filter-69ef5c8675459 wp-block-image alignwide size-large\"><img loading=\"lazy\" width=\"1024\" height=\"683\" src=\"https:\/\/ferenprovence.com\/wp-content\/uploads\/2025\/09\/113A9142-1024x683.jpg\" alt=\"\" class=\"wp-image-2141\" srcset=\"https:\/\/ferenprovence.com\/wp-content\/uploads\/2025\/09\/113A9142-1024x683.jpg 1024w, https:\/\/ferenprovence.com\/wp-content\/uploads\/2025\/09\/113A9142-300x200.jpg 300w, https:\/\/ferenprovence.com\/wp-content\/uploads\/2025\/09\/113A9142-768x512.jpg 768w, https:\/\/ferenprovence.com\/wp-content\/uploads\/2025\/09\/113A9142-1536x1025.jpg 1536w, https:\/\/ferenprovence.com\/wp-content\/uploads\/2025\/09\/113A9142-2048x1366.jpg 2048w, https:\/\/ferenprovence.com\/wp-content\/uploads\/2025\/09\/113A9142-1568x1046.jpg 1568w\" sizes=\"(max-width: 1024px) 100vw, 1024px\" \/><\/figure>\n\n\t<style>\n\t\t.wp-duotone-filter-69ef5c8675459 img {\n\t\t\tfilter: url( #wp-duotone-filter-69ef5c8675459 );\n\t\t}\n\t<\/style>\n\n\t<svg\n\t\txmlns:xlink=\"http:\/\/www.w3.org\/1999\/xlink\"\n\t\tviewBox=\"0 0 0 0\"\n\t\twidth=\"0\"\n\t\theight=\"0\"\n\t\tfocusable=\"false\"\n\t\trole=\"none\"\n\t\tstyle=\"visibility: hidden; position: absolute; left: -9999px; overflow: hidden;\"\n\t>\n\t\t<defs>\n\t\t\t<filter id=\"wp-duotone-filter-69ef5c8675459\">\n\t\t\t\t<feColorMatrix\n\t\t\t\t\ttype=\"matrix\"\n\t\t\t\t\t\t\t\t\t\tvalues=\".299 .587 .114 0 0\n\t\t\t\t\t\t\t.299 .587 .114 0 0\n\t\t\t\t\t\t\t.299 .587 .114 0 0\n\t\t\t\t\t\t\t0 0 0 1 0\"\n\t\t\t\t\t\t\t\t\t\/>\n\t\t\t\t<feComponentTransfer color-interpolation-filters=\"sRGB\" >\n\t\t\t\t\t<feFuncR type=\"table\" tableValues=\"0 1\" \/>\n\t\t\t\t\t<feFuncG type=\"table\" tableValues=\"0 1\" \/>\n\t\t\t\t\t<feFuncB type=\"table\" tableValues=\"0 1\" \/>\n\t\t\t\t<\/feComponentTransfer>\n\t\t\t<\/filter>\n\t\t<\/defs>\n\t<\/svg>\n\n\t\n\n\n<p><\/p>\n<\/div>\n<\/div>\n\n\n\n<div class=\"wp-block-columns\">\n<div class=\"wp-block-column\">\n<h3>Le processus de fabrication en images : de la conception \u00e0 la r\u00e9alisation<\/h3>\n\n\n\n<h5>De l&rsquo;id\u00e9e \u00e0 l&rsquo;\u0153uvre d&rsquo;art : La naissance de votre projet sur mesure<\/h5>\n\n\n\n<p>Chez Fer en Provence, chaque projet est une histoire, celle d&rsquo;une id\u00e9e qui prend vie gr\u00e2ce au <strong>savoir-faire ancestral de la ferronnerie d&rsquo;art<\/strong>. Notre <strong>processus de fabrication<\/strong> est une succession d&rsquo;\u00e9tapes minutieusement orchestr\u00e9es, de la premi\u00e8re esquisse \u00e0 la pose finale, pour vous garantir une pi\u00e8ce unique, durable et parfaitement adapt\u00e9e \u00e0 vos besoins.<\/p>\n\n\n\n<h3>1. La conception sur mesure : L&rsquo;\u00e9coute de vos envies<\/h3>\n\n\n\n<p>Tout commence par vous. Nous prenons le temps de vous \u00e9couter pour comprendre votre vision, vos attentes et l&rsquo;environnement de la future \u0153uvre. Qu&rsquo;il s&rsquo;agisse d&rsquo;un <strong><a href=\"https:\/\/ferenprovence.com\/index.php\/portail-et-portillon-en-fer\/\">portail en fer forg\u00e9<\/a><\/strong>, d&rsquo;un <strong><a href=\"https:\/\/ferenprovence.com\/index.php\/garde-corps-grilles-clotures-fer-forge\/\">garde-corps<\/a> <\/strong> ou d&rsquo;un <strong><a href=\"https:\/\/ferenprovence.com\/index.php\/rampes-escaliers-fer-forge\/\">escalier sur mesure<\/a><\/strong>, nous r\u00e9alisons une esquisse qui vous permettra de visualiser le projet. Cette phase de dialogue est essentielle pour assurer que la pi\u00e8ce finale sera le reflet exact de votre personnalit\u00e9 et de votre style.<\/p>\n\n\n\n<h3>2. La s\u00e9lection des mat\u00e9riaux : L&rsquo;excellence au service de la durabilit\u00e9<\/h3>\n\n\n\n<p>La qualit\u00e9 d&rsquo;une \u0153uvre r\u00e9side dans celle de ses mat\u00e9riaux. Nous s\u00e9lectionnons avec soin les <strong>meilleurs aciers, fers et inox<\/strong> pour leurs propri\u00e9t\u00e9s de r\u00e9sistance et leur long\u00e9vit\u00e9. Chaque mati\u00e8re est choisie en fonction de son usage (d\u00e9coratif ou structurel) et de l&rsquo;environnement (int\u00e9rieur ou ext\u00e9rieur). C&rsquo;est la garantie que votre r\u00e9alisation r\u00e9sistera au temps, aux intemp\u00e9ries et aux usages quotidiens.<\/p>\n<\/div>\n\n\n\n<div class=\"wp-block-column\">\n<h3>3. Le fa\u00e7onnage et la forge : La magie de l&rsquo;artisanat<\/h3>\n\n\n\n<p>C&rsquo;est dans notre atelier que la magie op\u00e8re. Le m\u00e9tal brut est chauff\u00e9, pli\u00e9 et martel\u00e9 par la main de notre <strong>artisan ferronnier<\/strong>. Les techniques de forgeage, de soudure et de meulage donnent forme \u00e0 la pi\u00e8ce, r\u00e9v\u00e9lant ses courbes, ses volutes et ses motifs. Chaque coup de marteau, chaque soudure est un geste pr\u00e9cis, fruit de nombreuses ann\u00e9es (19) de pratique et de passion. C&rsquo;est l&rsquo;essence m\u00eame de la <strong>ferronnerie d&rsquo;art en Provence<\/strong>.<\/p>\n\n\n\n<h3>4. Les finitions : Le soin apport\u00e9 aux d\u00e9tails<\/h3>\n\n\n\n<p>Une fois la structure termin\u00e9e, nous apportons le plus grand soin aux finitions. Que ce soit un polissage m\u00e9ticuleux, l&rsquo;application d&rsquo;une <strong>patine <\/strong>ancienne, d&rsquo;une peinture de chez <a href=\"https:\/\/arc-en-ciel-peintures-luberon.com\/fr\">Arc en ciel <\/a> , ou d&rsquo;une peinture thermolaqu\u00e9e, cette \u00e9tape sublime le m\u00e9tal et le prot\u00e8ge. C&rsquo;est ici que votre ferronnerie acquiert son caract\u00e8re unique, qu&rsquo;elle soit brute et industrielle, \u00e9l\u00e9gante et vieillie ou color\u00e9e et moderne.<\/p>\n\n\n\n<h3>5. L&rsquo;installation : Le couronnement du projet<\/h3>\n\n\n\n<p>La derni\u00e8re \u00e9tape est la pose. Notre \u00e9quipe assure l&rsquo;installation de votre cr\u00e9ation avec pr\u00e9cision et professionnalisme, garantissant une int\u00e9gration parfaite dans votre espace. Du premier contact \u00e0 la touche finale, notre engagement est de vous offrir une pi\u00e8ce exceptionnelle qui sublimera votre habitat pour les g\u00e9n\u00e9rations \u00e0 venir.<\/p>\n<\/div>\n<\/div>\n<\/div>\n<\/div>\n\n\n\n<figure class=\"wp-block-pullquote alignwide\"><blockquote><p><a href=\"https:\/\/calendly.com\/ferenprovence\" target=\"_blank\" rel=\"noreferrer noopener\">\u00c0 vous de jouer ! Contacter l&rsquo;atelier pour un projet<\/a><\/p><\/blockquote><\/figure>\n\n\n\n<div class=\"wp-block-columns alignfull\">\n<div class=\"wp-block-column\"><\/div>\n\n\n\n<div class=\"wp-block-column\"><\/div>\n\n\n\n<div class=\"wp-block-column\">\n<div class=\"wp-block-columns\">\n<div class=\"wp-block-column\"><\/div>\n\n\n\n<div class=\"wp-block-column\">\n<figure class=\"wp-block-image size-large\"><a href=\"https:\/\/ferenprovence.com\/\"><img loading=\"lazy\" width=\"1024\" height=\"1024\" src=\"https:\/\/ferenprovence.com\/wp-content\/uploads\/2021\/11\/fer-en-provence-14-1024x1024.jpg\" alt=\"retour \u00e0 l'accueil\" class=\"wp-image-671\" srcset=\"https:\/\/ferenprovence.com\/wp-content\/uploads\/2021\/11\/fer-en-provence-14-1024x1024.jpg 1024w, https:\/\/ferenprovence.com\/wp-content\/uploads\/2021\/11\/fer-en-provence-14-300x300.jpg 300w, https:\/\/ferenprovence.com\/wp-content\/uploads\/2021\/11\/fer-en-provence-14-150x150.jpg 150w, https:\/\/ferenprovence.com\/wp-content\/uploads\/2021\/11\/fer-en-provence-14-768x768.jpg 768w, https:\/\/ferenprovence.com\/wp-content\/uploads\/2021\/11\/fer-en-provence-14.jpg 1080w\" sizes=\"(max-width: 1024px) 100vw, 1024px\" \/><\/a><\/figure>\n<\/div>\n<\/div>\n<\/div>\n<\/div>\n","protected":false},"excerpt":{"rendered":"<p>Un d\u00e9lai de 1 \u00e0 2 mois est \u00e0 pr\u00e9voir entre la conception et la pose de votre fabrication sur mesure. 1. De l&rsquo;id\u00e9e \u00e0 l&rsquo;esquisse : L&rsquo;art de la conception 2. Le choix de l&rsquo;excellence : nos mat\u00e9riaux de qualit\u00e9 3. La magie du feu : du m\u00e9tal brut \u00e0 la pi\u00e8ce unique 4. &hellip; <\/p>\n<p class=\"link-more\"><a href=\"https:\/\/ferenprovence.com\/index.php\/processus-de-fabrication\/\" class=\"more-link\">Continuer la lecture <span class=\"screen-reader-text\"> \u00ab\u00a0Processus de fabrication\u00a0\u00bb<\/span><\/a><\/p>\n","protected":false},"author":1,"featured_media":0,"parent":0,"menu_order":0,"comment_status":"closed","ping_status":"closed","template":"","meta":[],"yoast_head":"<!-- This site is optimized with the Yoast SEO plugin v19.4 - https:\/\/yoast.com\/wordpress\/plugins\/seo\/ -->\n<title>Processus de fabrication - Fer en Provence<\/title>\n<meta name=\"description\" content=\"Suivez les \u00e9tapes de notre processus de fabrication, de la conception jusqu&#039;\u00e0 la pose de vos r\u00e9alisations sur-mesures.\" \/>\n<meta name=\"robots\" content=\"index, follow, max-snippet:-1, max-image-preview:large, max-video-preview:-1\" \/>\n<link rel=\"canonical\" href=\"https:\/\/ferenprovence.com\/index.php\/processus-de-fabrication\/\" \/>\n<meta property=\"og:locale\" content=\"fr_FR\" \/>\n<meta property=\"og:type\" content=\"article\" \/>\n<meta property=\"og:title\" content=\"Processus de fabrication - Fer en Provence\" \/>\n<meta property=\"og:description\" content=\"Suivez les \u00e9tapes de notre processus de fabrication, de la conception jusqu&#039;\u00e0 la pose de vos r\u00e9alisations sur-mesures.\" \/>\n<meta property=\"og:url\" content=\"https:\/\/ferenprovence.com\/index.php\/processus-de-fabrication\/\" \/>\n<meta property=\"og:site_name\" content=\"Fer en Provence\" \/>\n<meta property=\"article:publisher\" content=\"https:\/\/www.facebook.com\/ferenprovence\" \/>\n<meta property=\"article:modified_time\" content=\"2025-09-02T21:33:58+00:00\" \/>\n<meta property=\"og:image\" content=\"https:\/\/ferenprovence.com\/wp-content\/uploads\/2025\/09\/croquis-fer-en-provence-portail-1024x1024.png\" \/>\n<meta name=\"twitter:card\" content=\"summary_large_image\" \/>\n<meta name=\"twitter:label1\" content=\"Dur\u00e9e de lecture estim\u00e9e\" \/>\n\t<meta name=\"twitter:data1\" content=\"3 minutes\" \/>\n<script type=\"application\/ld+json\" class=\"yoast-schema-graph\">{\"@context\":\"https:\/\/schema.org\",\"@graph\":[{\"@type\":\"Organization\",\"@id\":\"https:\/\/ferenprovence.com\/#organization\",\"name\":\"Fer en Provence\",\"url\":\"https:\/\/ferenprovence.com\/\",\"sameAs\":[\"https:\/\/www.instagram.com\/ferenprovence\",\"https:\/\/www.pinterest.fr\/ferenprovence\",\"https:\/\/www.facebook.com\/ferenprovence\"],\"logo\":{\"@type\":\"ImageObject\",\"inLanguage\":\"fr-FR\",\"@id\":\"https:\/\/ferenprovence.com\/#\/schema\/logo\/image\/\",\"url\":\"https:\/\/ferenprovence.com\/wp-content\/uploads\/2021\/11\/cropped-Sans-titre.jpg\",\"contentUrl\":\"https:\/\/ferenprovence.com\/wp-content\/uploads\/2021\/11\/cropped-Sans-titre.jpg\",\"width\":250,\"height\":250,\"caption\":\"Fer en Provence\"},\"image\":{\"@id\":\"https:\/\/ferenprovence.com\/#\/schema\/logo\/image\/\"}},{\"@type\":\"WebSite\",\"@id\":\"https:\/\/ferenprovence.com\/#website\",\"url\":\"https:\/\/ferenprovence.com\/\",\"name\":\"Fer en Provence\",\"description\":\"Ferronnerie d&#039;art au coeur du Luberon\",\"publisher\":{\"@id\":\"https:\/\/ferenprovence.com\/#organization\"},\"potentialAction\":[{\"@type\":\"SearchAction\",\"target\":{\"@type\":\"EntryPoint\",\"urlTemplate\":\"https:\/\/ferenprovence.com\/?s={search_term_string}\"},\"query-input\":\"required name=search_term_string\"}],\"inLanguage\":\"fr-FR\"},{\"@type\":\"WebPage\",\"@id\":\"https:\/\/ferenprovence.com\/index.php\/processus-de-fabrication\/\",\"url\":\"https:\/\/ferenprovence.com\/index.php\/processus-de-fabrication\/\",\"name\":\"Processus de fabrication - Fer en Provence\",\"isPartOf\":{\"@id\":\"https:\/\/ferenprovence.com\/#website\"},\"datePublished\":\"2025-09-02T09:30:08+00:00\",\"dateModified\":\"2025-09-02T21:33:58+00:00\",\"description\":\"Suivez les \u00e9tapes de notre processus de fabrication, de la conception jusqu'\u00e0 la pose de vos r\u00e9alisations sur-mesures.\",\"breadcrumb\":{\"@id\":\"https:\/\/ferenprovence.com\/index.php\/processus-de-fabrication\/#breadcrumb\"},\"inLanguage\":\"fr-FR\",\"potentialAction\":[{\"@type\":\"ReadAction\",\"target\":[\"https:\/\/ferenprovence.com\/index.php\/processus-de-fabrication\/\"]}]},{\"@type\":\"BreadcrumbList\",\"@id\":\"https:\/\/ferenprovence.com\/index.php\/processus-de-fabrication\/#breadcrumb\",\"itemListElement\":[{\"@type\":\"ListItem\",\"position\":1,\"name\":\"Accueil\",\"item\":\"https:\/\/ferenprovence.com\/\"},{\"@type\":\"ListItem\",\"position\":2,\"name\":\"Processus de fabrication\"}]}]}<\/script>\n<!-- \/ Yoast SEO plugin. -->","yoast_head_json":{"title":"Processus de fabrication - Fer en Provence","description":"Suivez les \u00e9tapes de notre processus de fabrication, de la conception jusqu'\u00e0 la pose de vos r\u00e9alisations sur-mesures.","robots":{"index":"index","follow":"follow","max-snippet":"max-snippet:-1","max-image-preview":"max-image-preview:large","max-video-preview":"max-video-preview:-1"},"canonical":"https:\/\/ferenprovence.com\/index.php\/processus-de-fabrication\/","og_locale":"fr_FR","og_type":"article","og_title":"Processus de fabrication - Fer en Provence","og_description":"Suivez les \u00e9tapes de notre processus de fabrication, de la conception jusqu'\u00e0 la pose de vos r\u00e9alisations sur-mesures.","og_url":"https:\/\/ferenprovence.com\/index.php\/processus-de-fabrication\/","og_site_name":"Fer en Provence","article_publisher":"https:\/\/www.facebook.com\/ferenprovence","article_modified_time":"2025-09-02T21:33:58+00:00","og_image":[{"url":"https:\/\/ferenprovence.com\/wp-content\/uploads\/2025\/09\/croquis-fer-en-provence-portail-1024x1024.png"}],"twitter_card":"summary_large_image","twitter_misc":{"Dur\u00e9e de lecture estim\u00e9e":"3 minutes"},"schema":{"@context":"https:\/\/schema.org","@graph":[{"@type":"Organization","@id":"https:\/\/ferenprovence.com\/#organization","name":"Fer en Provence","url":"https:\/\/ferenprovence.com\/","sameAs":["https:\/\/www.instagram.com\/ferenprovence","https:\/\/www.pinterest.fr\/ferenprovence","https:\/\/www.facebook.com\/ferenprovence"],"logo":{"@type":"ImageObject","inLanguage":"fr-FR","@id":"https:\/\/ferenprovence.com\/#\/schema\/logo\/image\/","url":"https:\/\/ferenprovence.com\/wp-content\/uploads\/2021\/11\/cropped-Sans-titre.jpg","contentUrl":"https:\/\/ferenprovence.com\/wp-content\/uploads\/2021\/11\/cropped-Sans-titre.jpg","width":250,"height":250,"caption":"Fer en Provence"},"image":{"@id":"https:\/\/ferenprovence.com\/#\/schema\/logo\/image\/"}},{"@type":"WebSite","@id":"https:\/\/ferenprovence.com\/#website","url":"https:\/\/ferenprovence.com\/","name":"Fer en Provence","description":"Ferronnerie d&#039;art au coeur du Luberon","publisher":{"@id":"https:\/\/ferenprovence.com\/#organization"},"potentialAction":[{"@type":"SearchAction","target":{"@type":"EntryPoint","urlTemplate":"https:\/\/ferenprovence.com\/?s={search_term_string}"},"query-input":"required name=search_term_string"}],"inLanguage":"fr-FR"},{"@type":"WebPage","@id":"https:\/\/ferenprovence.com\/index.php\/processus-de-fabrication\/","url":"https:\/\/ferenprovence.com\/index.php\/processus-de-fabrication\/","name":"Processus de fabrication - Fer en Provence","isPartOf":{"@id":"https:\/\/ferenprovence.com\/#website"},"datePublished":"2025-09-02T09:30:08+00:00","dateModified":"2025-09-02T21:33:58+00:00","description":"Suivez les \u00e9tapes de notre processus de fabrication, de la conception jusqu'\u00e0 la pose de vos r\u00e9alisations sur-mesures.","breadcrumb":{"@id":"https:\/\/ferenprovence.com\/index.php\/processus-de-fabrication\/#breadcrumb"},"inLanguage":"fr-FR","potentialAction":[{"@type":"ReadAction","target":["https:\/\/ferenprovence.com\/index.php\/processus-de-fabrication\/"]}]},{"@type":"BreadcrumbList","@id":"https:\/\/ferenprovence.com\/index.php\/processus-de-fabrication\/#breadcrumb","itemListElement":[{"@type":"ListItem","position":1,"name":"Accueil","item":"https:\/\/ferenprovence.com\/"},{"@type":"ListItem","position":2,"name":"Processus de fabrication"}]}]}},"_links":{"self":[{"href":"https:\/\/ferenprovence.com\/index.php\/wp-json\/wp\/v2\/pages\/2128"}],"collection":[{"href":"https:\/\/ferenprovence.com\/index.php\/wp-json\/wp\/v2\/pages"}],"about":[{"href":"https:\/\/ferenprovence.com\/index.php\/wp-json\/wp\/v2\/types\/page"}],"author":[{"embeddable":true,"href":"https:\/\/ferenprovence.com\/index.php\/wp-json\/wp\/v2\/users\/1"}],"replies":[{"embeddable":true,"href":"https:\/\/ferenprovence.com\/index.php\/wp-json\/wp\/v2\/comments?post=2128"}],"version-history":[{"count":25,"href":"https:\/\/ferenprovence.com\/index.php\/wp-json\/wp\/v2\/pages\/2128\/revisions"}],"predecessor-version":[{"id":2250,"href":"https:\/\/ferenprovence.com\/index.php\/wp-json\/wp\/v2\/pages\/2128\/revisions\/2250"}],"wp:attachment":[{"href":"https:\/\/ferenprovence.com\/index.php\/wp-json\/wp\/v2\/media?parent=2128"}],"curies":[{"name":"wp","href":"https:\/\/api.w.org\/{rel}","templated":true}]}}