{"id":367,"date":"2021-11-05T21:11:15","date_gmt":"2021-11-05T20:11:15","guid":{"rendered":"https:\/\/ferenprovence.com\/?page_id=367"},"modified":"2025-09-02T23:28:56","modified_gmt":"2025-09-02T21:28:56","slug":"sapin-de-noel-en-fer","status":"publish","type":"page","link":"https:\/\/ferenprovence.com\/index.php\/sapin-de-noel-en-fer\/","title":{"rendered":"No\u00ebl"},"content":{"rendered":"\n<h2 class=\"alignwide has-text-align-center\"> une option \u00e9cologique &amp; durable<\/h2>\n\n\n\n<figure class=\"wp-block-pullquote alignfull\"><blockquote><p>Pr\u00e9parez les f\u00eates avec un sapin de no\u00ebl en fer<\/p><\/blockquote><\/figure>\n\n\n\n<figure class=\"wp-block-gallery alignwide columns-1 is-cropped\"><ul class=\"blocks-gallery-grid\"><li class=\"blocks-gallery-item\"><figure><img loading=\"lazy\" width=\"1024\" height=\"1024\" src=\"https:\/\/ferenprovence.com\/wp-content\/uploads\/2021\/11\/fer-en-provence-18-1024x1024.jpg\" alt=\"sapin en fer\" data-id=\"873\" data-full-url=\"https:\/\/ferenprovence.com\/wp-content\/uploads\/2021\/11\/fer-en-provence-18.jpg\" data-link=\"https:\/\/ferenprovence.com\/index.php\/sapin-de-noel-en-fer\/fer-en-provence-18\/\" class=\"wp-image-873\" srcset=\"https:\/\/ferenprovence.com\/wp-content\/uploads\/2021\/11\/fer-en-provence-18-1024x1024.jpg 1024w, https:\/\/ferenprovence.com\/wp-content\/uploads\/2021\/11\/fer-en-provence-18-300x300.jpg 300w, https:\/\/ferenprovence.com\/wp-content\/uploads\/2021\/11\/fer-en-provence-18-150x150.jpg 150w, https:\/\/ferenprovence.com\/wp-content\/uploads\/2021\/11\/fer-en-provence-18-768x768.jpg 768w, https:\/\/ferenprovence.com\/wp-content\/uploads\/2021\/11\/fer-en-provence-18.jpg 1080w\" sizes=\"(max-width: 1024px) 100vw, 1024px\" \/><\/figure><\/li><\/ul><\/figure>\n\n\n\n<figure class=\"wp-block-pullquote alignfull\"><blockquote><p>Personnalisez votre cr\u00e8che de no\u00ebl avec des cr\u00e9ations uniques <\/p><\/blockquote><\/figure>\n\n\n\n<div class=\"wp-block-columns alignfull\">\n<div class=\"wp-block-column\">\n<figure class=\"wp-block-image size-large\"><img loading=\"lazy\" width=\"1024\" height=\"1024\" src=\"https:\/\/ferenprovence.com\/wp-content\/uploads\/2023\/03\/creche-de-noel-kioske-1024x1024.jpg\" alt=\"\" class=\"wp-image-1088\" srcset=\"https:\/\/ferenprovence.com\/wp-content\/uploads\/2023\/03\/creche-de-noel-kioske-1024x1024.jpg 1024w, https:\/\/ferenprovence.com\/wp-content\/uploads\/2023\/03\/creche-de-noel-kioske-300x300.jpg 300w, https:\/\/ferenprovence.com\/wp-content\/uploads\/2023\/03\/creche-de-noel-kioske-150x150.jpg 150w, https:\/\/ferenprovence.com\/wp-content\/uploads\/2023\/03\/creche-de-noel-kioske-768x768.jpg 768w, https:\/\/ferenprovence.com\/wp-content\/uploads\/2023\/03\/creche-de-noel-kioske.jpg 1080w\" sizes=\"(max-width: 1024px) 100vw, 1024px\" \/><\/figure>\n<\/div>\n\n\n\n<div class=\"wp-block-column\">\n<figure class=\"wp-block-image size-large\"><img loading=\"lazy\" width=\"1024\" height=\"1024\" src=\"https:\/\/ferenprovence.com\/wp-content\/uploads\/2023\/03\/creche-de-noel-pergola-1024x1024.jpg\" alt=\"\" class=\"wp-image-1089\" srcset=\"https:\/\/ferenprovence.com\/wp-content\/uploads\/2023\/03\/creche-de-noel-pergola-1024x1024.jpg 1024w, https:\/\/ferenprovence.com\/wp-content\/uploads\/2023\/03\/creche-de-noel-pergola-300x300.jpg 300w, https:\/\/ferenprovence.com\/wp-content\/uploads\/2023\/03\/creche-de-noel-pergola-150x150.jpg 150w, https:\/\/ferenprovence.com\/wp-content\/uploads\/2023\/03\/creche-de-noel-pergola-768x768.jpg 768w, https:\/\/ferenprovence.com\/wp-content\/uploads\/2023\/03\/creche-de-noel-pergola.jpg 1080w\" sizes=\"(max-width: 1024px) 100vw, 1024px\" \/><\/figure>\n<\/div>\n<\/div>\n\n\n\n<div class=\"wp-block-columns alignwide\">\n<div class=\"wp-block-column\">\n<div class=\"wp-block-columns\">\n<div class=\"wp-block-column\"><\/div>\n\n\n\n<div class=\"wp-block-column\"><\/div>\n\n\n\n<div class=\"wp-block-column\">\n<div class=\"wp-block-image\"><figure class=\"alignright size-large is-resized\"><a href=\"https:\/\/ferenprovence.com\/\"><img loading=\"lazy\" src=\"https:\/\/ferenprovence.com\/wp-content\/uploads\/2021\/11\/fer-en-provence-14-1024x1024.jpg\" alt=\"retour \u00e0 l'accueil\" class=\"wp-image-671\" width=\"218\" height=\"218\" srcset=\"https:\/\/ferenprovence.com\/wp-content\/uploads\/2021\/11\/fer-en-provence-14-1024x1024.jpg 1024w, https:\/\/ferenprovence.com\/wp-content\/uploads\/2021\/11\/fer-en-provence-14-300x300.jpg 300w, https:\/\/ferenprovence.com\/wp-content\/uploads\/2021\/11\/fer-en-provence-14-150x150.jpg 150w, https:\/\/ferenprovence.com\/wp-content\/uploads\/2021\/11\/fer-en-provence-14-768x768.jpg 768w, https:\/\/ferenprovence.com\/wp-content\/uploads\/2021\/11\/fer-en-provence-14.jpg 1080w\" sizes=\"(max-width: 218px) 100vw, 218px\" \/><\/a><\/figure><\/div>\n<\/div>\n<\/div>\n<\/div>\n<\/div>\n\n\n\n<h2>Sapin de no\u00ebl en fer<\/h2>\n\n\n\n<p>Et si vous n&rsquo;achetiez plus de sapin traditionnel ann\u00e9e apr\u00e8s ann\u00e9e ? Mais que vous passiez \u00e0 la place des f\u00eates de fin d&rsquo;ann\u00e9e \u00e9cologique gr\u00e2ce \u00e0 nos <a href=\"http:\/\/instagram.com\/p\/CmlWK9DNfeJ\/\" target=\"_blank\" rel=\"noreferrer noopener\">sapins <\/a>de no\u00ebl<a href=\"http:\/\/instagram.com\/p\/CmlWK9DNfeJ\/\" target=\"_blank\" rel=\"noreferrer noopener\"> en fer forg\u00e9<\/a>. Le sapin en fer est une tr\u00e8s belle alternative au sapin traditionnel, en \u00e9vitant le (mauvais) sapin artificiel en plastique ou le traditionnel arbre (mort). Illumin\u00e9 par une guirlande \u00e9lectrique et branch\u00e9 sur secteur, nos sapin en fer peuvent \u00eatre plac\u00e9 \u00e0 l&rsquo;int\u00e9rieur comme \u00e0 l&rsquo;ext\u00e9rieur. Le sapin de No\u00ebl en fer \u00e9clairera vos f\u00eates de fin d&rsquo;ann\u00e9e pour de nombreuses ann\u00e9es. C&rsquo;est donc aussi un sapin de no<\/p>\n\n\n\n<p>Fabriqu\u00e9 sur-mesure et \u00e0 la demande, Fer en Provence vous propose des sapins en fer forg\u00e9 personnalisables en taille et en couleur. N&rsquo;attendez plus et composez le votre sans attendre et r\u00e9utilisez le \u00e0 de nombreuses reprises !<\/p>\n\n\n\n<p><\/p>\n\n\n\n<h2>De la ferronnerie d&rsquo;art dans votre cr\u00e8che Proven\u00e7ale<\/h2>\n\n\n\n<p>Fer en Provence r\u00e9alise \u00e0 la demande et sur-mesure de nombreuses ferronneries d&rsquo;art pour votre cr\u00e8che proven\u00e7ale. Mini portail, mini tonnelle, mini kiosque, mini lampadaire, mini gu\u00e9ridon, mini cl\u00f4ture, la limite de nos r\u00e9alisations est votre imagination ! La ferronnerie d&rsquo;art apportera r\u00e9alisme et charme \u00e0 votre cr\u00e8che proven\u00e7ale. Nous vous invitons \u00e0 nous contacter pour toutes demandes de r\u00e9alisations. Nous nous ferons un plaisir d&rsquo;\u00e9tudier votre demande de mini ferronnerie d&rsquo;art proven\u00e7ale.<\/p>\n","protected":false},"excerpt":{"rendered":"<p>une option \u00e9cologique &amp; durable Pr\u00e9parez les f\u00eates avec un sapin de no\u00ebl en fer Personnalisez votre cr\u00e8che de no\u00ebl avec des cr\u00e9ations uniques Sapin de no\u00ebl en fer Et si vous n&rsquo;achetiez plus de sapin traditionnel ann\u00e9e apr\u00e8s ann\u00e9e ? Mais que vous passiez \u00e0 la place des f\u00eates de fin d&rsquo;ann\u00e9e \u00e9cologique gr\u00e2ce &hellip; <\/p>\n<p class=\"link-more\"><a href=\"https:\/\/ferenprovence.com\/index.php\/sapin-de-noel-en-fer\/\" class=\"more-link\">Continuer la lecture <span class=\"screen-reader-text\"> \u00ab\u00a0No\u00ebl\u00a0\u00bb<\/span><\/a><\/p>\n","protected":false},"author":1,"featured_media":0,"parent":0,"menu_order":0,"comment_status":"closed","ping_status":"closed","template":"","meta":[],"yoast_head":"<!-- This site is optimized with the Yoast SEO plugin v19.4 - https:\/\/yoast.com\/wordpress\/plugins\/seo\/ -->\n<title>No\u00ebl - Fer en Provence % sapin de noel en fer<\/title>\n<meta name=\"description\" content=\"Pr\u00e9parez les f\u00eates de fin d&#039;ann\u00e9e en optant pour un sapin de no\u00ebl en fer et sur-mesure, lumineux \u00e9cologique et r\u00e9utilisable.\" \/>\n<meta name=\"robots\" content=\"index, follow, max-snippet:-1, max-image-preview:large, max-video-preview:-1\" \/>\n<link rel=\"canonical\" href=\"https:\/\/ferenprovence.com\/index.php\/sapin-de-noel-en-fer\/\" \/>\n<meta property=\"og:locale\" content=\"fr_FR\" \/>\n<meta property=\"og:type\" content=\"article\" \/>\n<meta property=\"og:title\" content=\"No\u00ebl - Fer en Provence % sapin de noel en fer\" \/>\n<meta property=\"og:description\" content=\"Pr\u00e9parez les f\u00eates de fin d&#039;ann\u00e9e en optant pour un sapin de no\u00ebl en fer et sur-mesure, lumineux \u00e9cologique et r\u00e9utilisable.\" \/>\n<meta property=\"og:url\" content=\"https:\/\/ferenprovence.com\/index.php\/sapin-de-noel-en-fer\/\" \/>\n<meta property=\"og:site_name\" content=\"Fer en Provence\" \/>\n<meta property=\"article:publisher\" content=\"https:\/\/www.facebook.com\/ferenprovence\" \/>\n<meta property=\"article:modified_time\" content=\"2025-09-02T21:28:56+00:00\" \/>\n<meta property=\"og:image\" content=\"https:\/\/ferenprovence.com\/wp-content\/uploads\/2021\/11\/fer-en-provence-18-1024x1024.jpg\" \/>\n<meta name=\"twitter:card\" content=\"summary_large_image\" \/>\n<meta name=\"twitter:label1\" content=\"Dur\u00e9e de lecture estim\u00e9e\" \/>\n\t<meta name=\"twitter:data1\" content=\"1 minute\" \/>\n<script type=\"application\/ld+json\" class=\"yoast-schema-graph\">{\"@context\":\"https:\/\/schema.org\",\"@graph\":[{\"@type\":\"Organization\",\"@id\":\"https:\/\/ferenprovence.com\/#organization\",\"name\":\"Fer en Provence\",\"url\":\"https:\/\/ferenprovence.com\/\",\"sameAs\":[\"https:\/\/www.instagram.com\/ferenprovence\",\"https:\/\/www.pinterest.fr\/ferenprovence\",\"https:\/\/www.facebook.com\/ferenprovence\"],\"logo\":{\"@type\":\"ImageObject\",\"inLanguage\":\"fr-FR\",\"@id\":\"https:\/\/ferenprovence.com\/#\/schema\/logo\/image\/\",\"url\":\"https:\/\/ferenprovence.com\/wp-content\/uploads\/2021\/11\/cropped-Sans-titre.jpg\",\"contentUrl\":\"https:\/\/ferenprovence.com\/wp-content\/uploads\/2021\/11\/cropped-Sans-titre.jpg\",\"width\":250,\"height\":250,\"caption\":\"Fer en Provence\"},\"image\":{\"@id\":\"https:\/\/ferenprovence.com\/#\/schema\/logo\/image\/\"}},{\"@type\":\"WebSite\",\"@id\":\"https:\/\/ferenprovence.com\/#website\",\"url\":\"https:\/\/ferenprovence.com\/\",\"name\":\"Fer en Provence\",\"description\":\"Ferronnerie d&#039;art au coeur du Luberon\",\"publisher\":{\"@id\":\"https:\/\/ferenprovence.com\/#organization\"},\"potentialAction\":[{\"@type\":\"SearchAction\",\"target\":{\"@type\":\"EntryPoint\",\"urlTemplate\":\"https:\/\/ferenprovence.com\/?s={search_term_string}\"},\"query-input\":\"required name=search_term_string\"}],\"inLanguage\":\"fr-FR\"},{\"@type\":\"WebPage\",\"@id\":\"https:\/\/ferenprovence.com\/index.php\/sapin-de-noel-en-fer\/\",\"url\":\"https:\/\/ferenprovence.com\/index.php\/sapin-de-noel-en-fer\/\",\"name\":\"No\u00ebl - Fer en Provence % sapin de noel en fer\",\"isPartOf\":{\"@id\":\"https:\/\/ferenprovence.com\/#website\"},\"datePublished\":\"2021-11-05T20:11:15+00:00\",\"dateModified\":\"2025-09-02T21:28:56+00:00\",\"description\":\"Pr\u00e9parez les f\u00eates de fin d'ann\u00e9e en optant pour un sapin de no\u00ebl en fer et sur-mesure, lumineux \u00e9cologique et r\u00e9utilisable.\",\"breadcrumb\":{\"@id\":\"https:\/\/ferenprovence.com\/index.php\/sapin-de-noel-en-fer\/#breadcrumb\"},\"inLanguage\":\"fr-FR\",\"potentialAction\":[{\"@type\":\"ReadAction\",\"target\":[\"https:\/\/ferenprovence.com\/index.php\/sapin-de-noel-en-fer\/\"]}]},{\"@type\":\"BreadcrumbList\",\"@id\":\"https:\/\/ferenprovence.com\/index.php\/sapin-de-noel-en-fer\/#breadcrumb\",\"itemListElement\":[{\"@type\":\"ListItem\",\"position\":1,\"name\":\"Accueil\",\"item\":\"https:\/\/ferenprovence.com\/\"},{\"@type\":\"ListItem\",\"position\":2,\"name\":\"No\u00ebl\"}]}]}<\/script>\n<!-- \/ Yoast SEO plugin. -->","yoast_head_json":{"title":"No\u00ebl - Fer en Provence % sapin de noel en fer","description":"Pr\u00e9parez les f\u00eates de fin d'ann\u00e9e en optant pour un sapin de no\u00ebl en fer et sur-mesure, lumineux \u00e9cologique et r\u00e9utilisable.","robots":{"index":"index","follow":"follow","max-snippet":"max-snippet:-1","max-image-preview":"max-image-preview:large","max-video-preview":"max-video-preview:-1"},"canonical":"https:\/\/ferenprovence.com\/index.php\/sapin-de-noel-en-fer\/","og_locale":"fr_FR","og_type":"article","og_title":"No\u00ebl - Fer en Provence % sapin de noel en fer","og_description":"Pr\u00e9parez les f\u00eates de fin d'ann\u00e9e en optant pour un sapin de no\u00ebl en fer et sur-mesure, lumineux \u00e9cologique et r\u00e9utilisable.","og_url":"https:\/\/ferenprovence.com\/index.php\/sapin-de-noel-en-fer\/","og_site_name":"Fer en Provence","article_publisher":"https:\/\/www.facebook.com\/ferenprovence","article_modified_time":"2025-09-02T21:28:56+00:00","og_image":[{"url":"https:\/\/ferenprovence.com\/wp-content\/uploads\/2021\/11\/fer-en-provence-18-1024x1024.jpg"}],"twitter_card":"summary_large_image","twitter_misc":{"Dur\u00e9e de lecture estim\u00e9e":"1 minute"},"schema":{"@context":"https:\/\/schema.org","@graph":[{"@type":"Organization","@id":"https:\/\/ferenprovence.com\/#organization","name":"Fer en Provence","url":"https:\/\/ferenprovence.com\/","sameAs":["https:\/\/www.instagram.com\/ferenprovence","https:\/\/www.pinterest.fr\/ferenprovence","https:\/\/www.facebook.com\/ferenprovence"],"logo":{"@type":"ImageObject","inLanguage":"fr-FR","@id":"https:\/\/ferenprovence.com\/#\/schema\/logo\/image\/","url":"https:\/\/ferenprovence.com\/wp-content\/uploads\/2021\/11\/cropped-Sans-titre.jpg","contentUrl":"https:\/\/ferenprovence.com\/wp-content\/uploads\/2021\/11\/cropped-Sans-titre.jpg","width":250,"height":250,"caption":"Fer en Provence"},"image":{"@id":"https:\/\/ferenprovence.com\/#\/schema\/logo\/image\/"}},{"@type":"WebSite","@id":"https:\/\/ferenprovence.com\/#website","url":"https:\/\/ferenprovence.com\/","name":"Fer en Provence","description":"Ferronnerie d&#039;art au coeur du Luberon","publisher":{"@id":"https:\/\/ferenprovence.com\/#organization"},"potentialAction":[{"@type":"SearchAction","target":{"@type":"EntryPoint","urlTemplate":"https:\/\/ferenprovence.com\/?s={search_term_string}"},"query-input":"required name=search_term_string"}],"inLanguage":"fr-FR"},{"@type":"WebPage","@id":"https:\/\/ferenprovence.com\/index.php\/sapin-de-noel-en-fer\/","url":"https:\/\/ferenprovence.com\/index.php\/sapin-de-noel-en-fer\/","name":"No\u00ebl - Fer en Provence % sapin de noel en fer","isPartOf":{"@id":"https:\/\/ferenprovence.com\/#website"},"datePublished":"2021-11-05T20:11:15+00:00","dateModified":"2025-09-02T21:28:56+00:00","description":"Pr\u00e9parez les f\u00eates de fin d'ann\u00e9e en optant pour un sapin de no\u00ebl en fer et sur-mesure, lumineux \u00e9cologique et r\u00e9utilisable.","breadcrumb":{"@id":"https:\/\/ferenprovence.com\/index.php\/sapin-de-noel-en-fer\/#breadcrumb"},"inLanguage":"fr-FR","potentialAction":[{"@type":"ReadAction","target":["https:\/\/ferenprovence.com\/index.php\/sapin-de-noel-en-fer\/"]}]},{"@type":"BreadcrumbList","@id":"https:\/\/ferenprovence.com\/index.php\/sapin-de-noel-en-fer\/#breadcrumb","itemListElement":[{"@type":"ListItem","position":1,"name":"Accueil","item":"https:\/\/ferenprovence.com\/"},{"@type":"ListItem","position":2,"name":"No\u00ebl"}]}]}},"_links":{"self":[{"href":"https:\/\/ferenprovence.com\/index.php\/wp-json\/wp\/v2\/pages\/367"}],"collection":[{"href":"https:\/\/ferenprovence.com\/index.php\/wp-json\/wp\/v2\/pages"}],"about":[{"href":"https:\/\/ferenprovence.com\/index.php\/wp-json\/wp\/v2\/types\/page"}],"author":[{"embeddable":true,"href":"https:\/\/ferenprovence.com\/index.php\/wp-json\/wp\/v2\/users\/1"}],"replies":[{"embeddable":true,"href":"https:\/\/ferenprovence.com\/index.php\/wp-json\/wp\/v2\/comments?post=367"}],"version-history":[{"count":49,"href":"https:\/\/ferenprovence.com\/index.php\/wp-json\/wp\/v2\/pages\/367\/revisions"}],"predecessor-version":[{"id":2246,"href":"https:\/\/ferenprovence.com\/index.php\/wp-json\/wp\/v2\/pages\/367\/revisions\/2246"}],"wp:attachment":[{"href":"https:\/\/ferenprovence.com\/index.php\/wp-json\/wp\/v2\/media?parent=367"}],"curies":[{"name":"wp","href":"https:\/\/api.w.org\/{rel}","templated":true}]}}