{"id":581,"date":"2021-11-07T12:37:59","date_gmt":"2021-11-07T11:37:59","guid":{"rendered":"https:\/\/ferenprovence.com\/?page_id=581"},"modified":"2023-05-22T00:09:16","modified_gmt":"2023-05-21T22:09:16","slug":"poignees-en-fer","status":"publish","type":"page","link":"https:\/\/ferenprovence.com\/index.php\/portes-fenetres-fer-forge\/poignees-en-fer\/","title":{"rendered":"Poign\u00e9es"},"content":{"rendered":"\n<figure class=\"wp-block-pullquote alignwide\"><blockquote><p>Que serait une porte sans poign\u00e9e ?<\/p><\/blockquote><\/figure>\n\n\n\n<div class=\"wp-block-media-text alignwide has-media-on-the-right is-stacked-on-mobile\" style=\"grid-template-columns:auto 60%\"><figure class=\"wp-block-media-text__media\"><img loading=\"lazy\" width=\"1024\" height=\"1024\" src=\"https:\/\/ferenprovence.com\/wp-content\/uploads\/2021\/11\/43-1024x1024.jpg\" alt=\"\" class=\"wp-image-584 size-full\" srcset=\"https:\/\/ferenprovence.com\/wp-content\/uploads\/2021\/11\/43-1024x1024.jpg 1024w, https:\/\/ferenprovence.com\/wp-content\/uploads\/2021\/11\/43-300x300.jpg 300w, https:\/\/ferenprovence.com\/wp-content\/uploads\/2021\/11\/43-150x150.jpg 150w, https:\/\/ferenprovence.com\/wp-content\/uploads\/2021\/11\/43-768x768.jpg 768w, https:\/\/ferenprovence.com\/wp-content\/uploads\/2021\/11\/43.jpg 1080w\" sizes=\"(max-width: 1024px) 100vw, 1024px\" \/><\/figure><div class=\"wp-block-media-text__content\">\n<p class=\"has-large-font-size\">Nos poign\u00e9es en fer coup de coeur pour les portes d&rsquo;entr\u00e9es ? <\/p>\n\n\n\n<p class=\"has-large-font-size\">Le B\u00e2ton de Mar\u00e9chal, \u00e0 dessinez sur-mesure.  <\/p>\n<\/div><\/div>\n\n\n\n<div class=\"wp-block-media-text alignwide is-stacked-on-mobile\" style=\"grid-template-columns:60% auto\"><figure class=\"wp-block-media-text__media\"><img loading=\"lazy\" width=\"1024\" height=\"1024\" src=\"https:\/\/ferenprovence.com\/wp-content\/uploads\/2021\/11\/41-1024x1024.jpg\" alt=\"\" class=\"wp-image-583 size-full\" srcset=\"https:\/\/ferenprovence.com\/wp-content\/uploads\/2021\/11\/41-1024x1024.jpg 1024w, https:\/\/ferenprovence.com\/wp-content\/uploads\/2021\/11\/41-300x300.jpg 300w, https:\/\/ferenprovence.com\/wp-content\/uploads\/2021\/11\/41-150x150.jpg 150w, https:\/\/ferenprovence.com\/wp-content\/uploads\/2021\/11\/41-768x768.jpg 768w, https:\/\/ferenprovence.com\/wp-content\/uploads\/2021\/11\/41.jpg 1080w\" sizes=\"(max-width: 1024px) 100vw, 1024px\" \/><\/figure><div class=\"wp-block-media-text__content\">\n<p class=\"has-large-font-size\">Sur demande, nos ouvertures sont habill\u00e9es de notre poign\u00e9e signature, moderne &amp; intemporelle.<\/p>\n<\/div><\/div>\n\n\n\n<div class=\"wp-block-columns alignwide\">\n<div class=\"wp-block-column\"><\/div>\n\n\n\n<div class=\"wp-block-column\"><\/div>\n\n\n\n<div class=\"wp-block-column\">\n<figure class=\"wp-block-image size-large is-resized\"><a href=\"https:\/\/ferenprovence.com\/\"><img loading=\"lazy\" src=\"https:\/\/ferenprovence.com\/wp-content\/uploads\/2021\/11\/fer-en-provence-13-1024x1024.jpg\" alt=\"retour a l'accueil\" class=\"wp-image-666\" width=\"245\" height=\"245\" srcset=\"https:\/\/ferenprovence.com\/wp-content\/uploads\/2021\/11\/fer-en-provence-13-1024x1024.jpg 1024w, https:\/\/ferenprovence.com\/wp-content\/uploads\/2021\/11\/fer-en-provence-13-300x300.jpg 300w, https:\/\/ferenprovence.com\/wp-content\/uploads\/2021\/11\/fer-en-provence-13-150x150.jpg 150w, https:\/\/ferenprovence.com\/wp-content\/uploads\/2021\/11\/fer-en-provence-13-768x768.jpg 768w, https:\/\/ferenprovence.com\/wp-content\/uploads\/2021\/11\/fer-en-provence-13.jpg 1080w\" sizes=\"(max-width: 245px) 100vw, 245px\" \/><\/a><\/figure>\n<\/div>\n<\/div>\n\n\n\n<h3>Nos Poign\u00e9es en Fer<\/h3>\n\n\n\n<p>Nous fabriquons \u00e0 la demande des poign\u00e9es sur-mesures pour individualiser vos portes. Les poign\u00e9es r\u00e9alis\u00e9s dans nos ateliers de Provence apporte une singularit\u00e9 \u00e0 vos ouvertures.<\/p>\n\n\n\n<p>Pour les portes d&rsquo;entr\u00e9es, nous recommandons la poign\u00e9e de style <a href=\"https:\/\/www.instagram.com\/p\/CgPSEyqNDjA\/\">b\u00e2ton de Mar\u00e9chal. <\/a><\/p>\n\n\n\n<p>Pour les verri\u00e8re int\u00e9rieures, nous aimons la simplicit\u00e9 d&rsquo;une <a href=\"https:\/\/www.instagram.com\/p\/CfwGSPmtjr-\/\">barre droite<\/a>, tout en discr\u00e9tion et en finesse. La fermeture de la verri\u00e8re int\u00e9rieure se fera gr\u00e2ce \u00e0 un ruban d&rsquo;aimant.<\/p>\n\n\n\n<p>Pour les portes dites classique, nous recommandons le mod\u00e8le signature Fer en Provence, simple et efficace, moderne et intemporelle.<\/p>\n\n\n\n<p>Lors de la r\u00e9alisations de votre portes, nous vous invitons \u00e0 pr\u00e9ciser le mod\u00e8le de poign\u00e9e en fer souhait\u00e9e. <\/p>\n\n\n\n<p>Nous vous proposons \u00e9galement de r\u00e9aliser votre poign\u00e9e, si vous avez un mod\u00e8le de poign\u00e9e pr\u00e9cis souhait\u00e9. Nous nous ferons un plaisir de la fabriquer pour vous dans nos ateliers de Provence.<\/p>\n\n\n\n<p>Il est aussi tout \u00e0 fait possible de commander une poign\u00e9e signature sans nous commander de portes. Nous nous ferons un plaisir de vous l&rsquo;envoyer par la poste.<\/p>\n","protected":false},"excerpt":{"rendered":"<p>Que serait une porte sans poign\u00e9e ? Nos poign\u00e9es en fer coup de coeur pour les portes d&rsquo;entr\u00e9es ? Le B\u00e2ton de Mar\u00e9chal, \u00e0 dessinez sur-mesure. Sur demande, nos ouvertures sont habill\u00e9es de notre poign\u00e9e signature, moderne &amp; intemporelle. Nos Poign\u00e9es en Fer Nous fabriquons \u00e0 la demande des poign\u00e9es sur-mesures pour individualiser vos portes. &hellip; <\/p>\n<p class=\"link-more\"><a href=\"https:\/\/ferenprovence.com\/index.php\/portes-fenetres-fer-forge\/poignees-en-fer\/\" class=\"more-link\">Continuer la lecture <span class=\"screen-reader-text\"> \u00ab\u00a0Poign\u00e9es\u00a0\u00bb<\/span><\/a><\/p>\n","protected":false},"author":1,"featured_media":0,"parent":113,"menu_order":0,"comment_status":"closed","ping_status":"closed","template":"","meta":[],"yoast_head":"<!-- This site is optimized with the Yoast SEO plugin v19.4 - https:\/\/yoast.com\/wordpress\/plugins\/seo\/ -->\n<title>Poign\u00e9es - Fer en Provence<\/title>\n<meta name=\"description\" content=\"Habillez vos portes de poign\u00e9es modernes et intemporelles en Fer r\u00e9alis\u00e9es en France par et faites \u00e0 la mains par Fer en Provence.\" \/>\n<meta name=\"robots\" content=\"index, follow, max-snippet:-1, max-image-preview:large, max-video-preview:-1\" \/>\n<link rel=\"canonical\" href=\"https:\/\/ferenprovence.com\/index.php\/portes-fenetres-fer-forge\/poignees-en-fer\/\" \/>\n<meta property=\"og:locale\" content=\"fr_FR\" \/>\n<meta property=\"og:type\" content=\"article\" \/>\n<meta property=\"og:title\" content=\"Poign\u00e9es - Fer en Provence\" \/>\n<meta property=\"og:description\" content=\"Habillez vos portes de poign\u00e9es modernes et intemporelles en Fer r\u00e9alis\u00e9es en France par et faites \u00e0 la mains par Fer en Provence.\" \/>\n<meta property=\"og:url\" content=\"https:\/\/ferenprovence.com\/index.php\/portes-fenetres-fer-forge\/poignees-en-fer\/\" \/>\n<meta property=\"og:site_name\" content=\"Fer en Provence\" \/>\n<meta property=\"article:publisher\" content=\"https:\/\/www.facebook.com\/ferenprovence\" \/>\n<meta property=\"article:modified_time\" content=\"2023-05-21T22:09:16+00:00\" \/>\n<meta property=\"og:image\" content=\"https:\/\/ferenprovence.com\/wp-content\/uploads\/2021\/11\/43-1024x1024.jpg\" \/>\n<meta name=\"twitter:card\" content=\"summary_large_image\" \/>\n<meta name=\"twitter:label1\" content=\"Dur\u00e9e de lecture estim\u00e9e\" \/>\n\t<meta name=\"twitter:data1\" content=\"1 minute\" \/>\n<script type=\"application\/ld+json\" class=\"yoast-schema-graph\">{\"@context\":\"https:\/\/schema.org\",\"@graph\":[{\"@type\":\"Organization\",\"@id\":\"https:\/\/ferenprovence.com\/#organization\",\"name\":\"Fer en Provence\",\"url\":\"https:\/\/ferenprovence.com\/\",\"sameAs\":[\"https:\/\/www.instagram.com\/ferenprovence\",\"https:\/\/www.pinterest.fr\/ferenprovence\",\"https:\/\/www.facebook.com\/ferenprovence\"],\"logo\":{\"@type\":\"ImageObject\",\"inLanguage\":\"fr-FR\",\"@id\":\"https:\/\/ferenprovence.com\/#\/schema\/logo\/image\/\",\"url\":\"https:\/\/ferenprovence.com\/wp-content\/uploads\/2021\/11\/cropped-Sans-titre.jpg\",\"contentUrl\":\"https:\/\/ferenprovence.com\/wp-content\/uploads\/2021\/11\/cropped-Sans-titre.jpg\",\"width\":250,\"height\":250,\"caption\":\"Fer en Provence\"},\"image\":{\"@id\":\"https:\/\/ferenprovence.com\/#\/schema\/logo\/image\/\"}},{\"@type\":\"WebSite\",\"@id\":\"https:\/\/ferenprovence.com\/#website\",\"url\":\"https:\/\/ferenprovence.com\/\",\"name\":\"Fer en Provence\",\"description\":\"Ferronnerie d&#039;art au coeur du Luberon\",\"publisher\":{\"@id\":\"https:\/\/ferenprovence.com\/#organization\"},\"potentialAction\":[{\"@type\":\"SearchAction\",\"target\":{\"@type\":\"EntryPoint\",\"urlTemplate\":\"https:\/\/ferenprovence.com\/?s={search_term_string}\"},\"query-input\":\"required name=search_term_string\"}],\"inLanguage\":\"fr-FR\"},{\"@type\":\"WebPage\",\"@id\":\"https:\/\/ferenprovence.com\/index.php\/portes-fenetres-fer-forge\/poignees-en-fer\/\",\"url\":\"https:\/\/ferenprovence.com\/index.php\/portes-fenetres-fer-forge\/poignees-en-fer\/\",\"name\":\"Poign\u00e9es - Fer en Provence\",\"isPartOf\":{\"@id\":\"https:\/\/ferenprovence.com\/#website\"},\"datePublished\":\"2021-11-07T11:37:59+00:00\",\"dateModified\":\"2023-05-21T22:09:16+00:00\",\"description\":\"Habillez vos portes de poign\u00e9es modernes et intemporelles en Fer r\u00e9alis\u00e9es en France par et faites \u00e0 la mains par Fer en Provence.\",\"breadcrumb\":{\"@id\":\"https:\/\/ferenprovence.com\/index.php\/portes-fenetres-fer-forge\/poignees-en-fer\/#breadcrumb\"},\"inLanguage\":\"fr-FR\",\"potentialAction\":[{\"@type\":\"ReadAction\",\"target\":[\"https:\/\/ferenprovence.com\/index.php\/portes-fenetres-fer-forge\/poignees-en-fer\/\"]}]},{\"@type\":\"BreadcrumbList\",\"@id\":\"https:\/\/ferenprovence.com\/index.php\/portes-fenetres-fer-forge\/poignees-en-fer\/#breadcrumb\",\"itemListElement\":[{\"@type\":\"ListItem\",\"position\":1,\"name\":\"Accueil\",\"item\":\"https:\/\/ferenprovence.com\/\"},{\"@type\":\"ListItem\",\"position\":2,\"name\":\"Portes &#038; Fen\u00eatres\",\"item\":\"https:\/\/ferenprovence.com\/index.php\/portes-fenetres-fer-forge\/\"},{\"@type\":\"ListItem\",\"position\":3,\"name\":\"Poign\u00e9es\"}]}]}<\/script>\n<!-- \/ Yoast SEO plugin. -->","yoast_head_json":{"title":"Poign\u00e9es - Fer en Provence","description":"Habillez vos portes de poign\u00e9es modernes et intemporelles en Fer r\u00e9alis\u00e9es en France par et faites \u00e0 la mains par Fer en Provence.","robots":{"index":"index","follow":"follow","max-snippet":"max-snippet:-1","max-image-preview":"max-image-preview:large","max-video-preview":"max-video-preview:-1"},"canonical":"https:\/\/ferenprovence.com\/index.php\/portes-fenetres-fer-forge\/poignees-en-fer\/","og_locale":"fr_FR","og_type":"article","og_title":"Poign\u00e9es - Fer en Provence","og_description":"Habillez vos portes de poign\u00e9es modernes et intemporelles en Fer r\u00e9alis\u00e9es en France par et faites \u00e0 la mains par Fer en Provence.","og_url":"https:\/\/ferenprovence.com\/index.php\/portes-fenetres-fer-forge\/poignees-en-fer\/","og_site_name":"Fer en Provence","article_publisher":"https:\/\/www.facebook.com\/ferenprovence","article_modified_time":"2023-05-21T22:09:16+00:00","og_image":[{"url":"https:\/\/ferenprovence.com\/wp-content\/uploads\/2021\/11\/43-1024x1024.jpg"}],"twitter_card":"summary_large_image","twitter_misc":{"Dur\u00e9e de lecture estim\u00e9e":"1 minute"},"schema":{"@context":"https:\/\/schema.org","@graph":[{"@type":"Organization","@id":"https:\/\/ferenprovence.com\/#organization","name":"Fer en Provence","url":"https:\/\/ferenprovence.com\/","sameAs":["https:\/\/www.instagram.com\/ferenprovence","https:\/\/www.pinterest.fr\/ferenprovence","https:\/\/www.facebook.com\/ferenprovence"],"logo":{"@type":"ImageObject","inLanguage":"fr-FR","@id":"https:\/\/ferenprovence.com\/#\/schema\/logo\/image\/","url":"https:\/\/ferenprovence.com\/wp-content\/uploads\/2021\/11\/cropped-Sans-titre.jpg","contentUrl":"https:\/\/ferenprovence.com\/wp-content\/uploads\/2021\/11\/cropped-Sans-titre.jpg","width":250,"height":250,"caption":"Fer en Provence"},"image":{"@id":"https:\/\/ferenprovence.com\/#\/schema\/logo\/image\/"}},{"@type":"WebSite","@id":"https:\/\/ferenprovence.com\/#website","url":"https:\/\/ferenprovence.com\/","name":"Fer en Provence","description":"Ferronnerie d&#039;art au coeur du Luberon","publisher":{"@id":"https:\/\/ferenprovence.com\/#organization"},"potentialAction":[{"@type":"SearchAction","target":{"@type":"EntryPoint","urlTemplate":"https:\/\/ferenprovence.com\/?s={search_term_string}"},"query-input":"required name=search_term_string"}],"inLanguage":"fr-FR"},{"@type":"WebPage","@id":"https:\/\/ferenprovence.com\/index.php\/portes-fenetres-fer-forge\/poignees-en-fer\/","url":"https:\/\/ferenprovence.com\/index.php\/portes-fenetres-fer-forge\/poignees-en-fer\/","name":"Poign\u00e9es - Fer en Provence","isPartOf":{"@id":"https:\/\/ferenprovence.com\/#website"},"datePublished":"2021-11-07T11:37:59+00:00","dateModified":"2023-05-21T22:09:16+00:00","description":"Habillez vos portes de poign\u00e9es modernes et intemporelles en Fer r\u00e9alis\u00e9es en France par et faites \u00e0 la mains par Fer en Provence.","breadcrumb":{"@id":"https:\/\/ferenprovence.com\/index.php\/portes-fenetres-fer-forge\/poignees-en-fer\/#breadcrumb"},"inLanguage":"fr-FR","potentialAction":[{"@type":"ReadAction","target":["https:\/\/ferenprovence.com\/index.php\/portes-fenetres-fer-forge\/poignees-en-fer\/"]}]},{"@type":"BreadcrumbList","@id":"https:\/\/ferenprovence.com\/index.php\/portes-fenetres-fer-forge\/poignees-en-fer\/#breadcrumb","itemListElement":[{"@type":"ListItem","position":1,"name":"Accueil","item":"https:\/\/ferenprovence.com\/"},{"@type":"ListItem","position":2,"name":"Portes &#038; Fen\u00eatres","item":"https:\/\/ferenprovence.com\/index.php\/portes-fenetres-fer-forge\/"},{"@type":"ListItem","position":3,"name":"Poign\u00e9es"}]}]}},"_links":{"self":[{"href":"https:\/\/ferenprovence.com\/index.php\/wp-json\/wp\/v2\/pages\/581"}],"collection":[{"href":"https:\/\/ferenprovence.com\/index.php\/wp-json\/wp\/v2\/pages"}],"about":[{"href":"https:\/\/ferenprovence.com\/index.php\/wp-json\/wp\/v2\/types\/page"}],"author":[{"embeddable":true,"href":"https:\/\/ferenprovence.com\/index.php\/wp-json\/wp\/v2\/users\/1"}],"replies":[{"embeddable":true,"href":"https:\/\/ferenprovence.com\/index.php\/wp-json\/wp\/v2\/comments?post=581"}],"version-history":[{"count":25,"href":"https:\/\/ferenprovence.com\/index.php\/wp-json\/wp\/v2\/pages\/581\/revisions"}],"predecessor-version":[{"id":1469,"href":"https:\/\/ferenprovence.com\/index.php\/wp-json\/wp\/v2\/pages\/581\/revisions\/1469"}],"up":[{"embeddable":true,"href":"https:\/\/ferenprovence.com\/index.php\/wp-json\/wp\/v2\/pages\/113"}],"wp:attachment":[{"href":"https:\/\/ferenprovence.com\/index.php\/wp-json\/wp\/v2\/media?parent=581"}],"curies":[{"name":"wp","href":"https:\/\/api.w.org\/{rel}","templated":true}]}}